{"id":989,"date":"2023-04-27T10:24:29","date_gmt":"2023-04-27T10:24:29","guid":{"rendered":"https:\/\/prestamos.premm.es\/?page_id=989"},"modified":"2023-07-19T09:26:04","modified_gmt":"2023-07-19T09:26:04","slug":"linia-financament-general-de-livf","status":"publish","type":"page","link":"https:\/\/prestamosivf.premm.es\/va\/prestecs\/linia-financament-general-de-livf","title":{"rendered":"L\u00ednia Finan\u00e7ament GENERAL DE L&#8217;IVF"},"content":{"rendered":"\t\t<div data-elementor-type=\"wp-page\" data-elementor-id=\"989\" class=\"elementor elementor-989\">\n\t\t\t\t\t\t\t\t\t<section class=\"elementor-section elementor-top-section elementor-element elementor-element-3321343d elementor-section-height-min-height elementor-section-stretched cabecera-top elementor-section-boxed elementor-section-height-default elementor-section-items-middle\" data-id=\"3321343d\" data-element_type=\"section\" data-settings=\"{&quot;stretch_section&quot;:&quot;section-stretched&quot;,&quot;background_background&quot;:&quot;classic&quot;}\">\n\t\t\t\t\t\t\t<div class=\"elementor-background-overlay\"><\/div>\n\t\t\t\t\t\t\t<div class=\"elementor-container elementor-column-gap-default\">\n\t\t\t\t\t<div class=\"elementor-column elementor-col-50 elementor-top-column elementor-element elementor-element-4ea1eb14\" data-id=\"4ea1eb14\" data-element_type=\"column\">\n\t\t\t<div class=\"elementor-widget-wrap elementor-element-populated\">\n\t\t\t\t\t\t\t\t<div class=\"elementor-element elementor-element-5e55105b hola elementor-widget elementor-widget-heading\" data-id=\"5e55105b\" data-element_type=\"widget\" data-widget_type=\"heading.default\">\n\t\t\t\t<div class=\"elementor-widget-container\">\n\t\t\t<style>\/*! elementor - v3.14.0 - 26-06-2023 *\/\n.elementor-heading-title{padding:0;margin:0;line-height:1}.elementor-widget-heading .elementor-heading-title[class*=elementor-size-]>a{color:inherit;font-size:inherit;line-height:inherit}.elementor-widget-heading .elementor-heading-title.elementor-size-small{font-size:15px}.elementor-widget-heading .elementor-heading-title.elementor-size-medium{font-size:19px}.elementor-widget-heading .elementor-heading-title.elementor-size-large{font-size:29px}.elementor-widget-heading .elementor-heading-title.elementor-size-xl{font-size:39px}.elementor-widget-heading .elementor-heading-title.elementor-size-xxl{font-size:59px}<\/style><h1 class=\"elementor-heading-title elementor-size-default\">L\u00ednia Finan\u00e7ament GENERAL DE L'IVF<\/h1>\t\t<\/div>\n\t\t\t\t<\/div>\n\t\t\t\t<div class=\"elementor-element elementor-element-4f67172 elementor-widget elementor-widget-heading\" data-id=\"4f67172\" data-element_type=\"widget\" data-widget_type=\"heading.default\">\n\t\t\t\t<div class=\"elementor-widget-container\">\n\t\t\t<h4 class=\"elementor-heading-title elementor-size-default\">Pr\u00e9stecs d'entre 20.000 i 10.000.000 euros, amb trams espec\u00edfics per a la ind\u00fastria cer\u00e0mica, i opci\u00f3 de retornar el capital al venciment.<\/h4>\t\t<\/div>\n\t\t\t\t<\/div>\n\t\t\t\t<section class=\"elementor-section elementor-inner-section elementor-element elementor-element-f2a48e8 elementor-section-boxed elementor-section-height-default elementor-section-height-default\" data-id=\"f2a48e8\" data-element_type=\"section\">\n\t\t\t\t\t\t<div class=\"elementor-container elementor-column-gap-default\">\n\t\t\t\t\t<div class=\"elementor-column elementor-col-50 elementor-inner-column elementor-element elementor-element-89b030a\" data-id=\"89b030a\" data-element_type=\"column\">\n\t\t\t<div class=\"elementor-widget-wrap elementor-element-populated\">\n\t\t\t\t\t\t\t\t<div class=\"elementor-element elementor-element-581f0af elementor-widget__width-initial elementor-widget-mobile__width-initial elementor-widget elementor-widget-button\" data-id=\"581f0af\" data-element_type=\"widget\" data-widget_type=\"button.default\">\n\t\t\t\t<div class=\"elementor-widget-container\">\n\t\t\t\t\t<div class=\"elementor-button-wrapper\">\n\t\t\t<a class=\"elementor-button elementor-button-link elementor-size-sm\" href=\"\/wp-content\/uploads\/2023\/06\/LINIA_GENERAL_20221128_vlc.pdf\" target=\"_blank\">\n\t\t\t\t\t\t<span class=\"elementor-button-content-wrapper\">\n\t\t\t\t\t\t<span class=\"elementor-button-text\">BASES CONVOCAT\u00d2RIA<\/span>\n\t\t<\/span>\n\t\t\t\t\t<\/a>\n\t\t<\/div>\n\t\t\t\t<\/div>\n\t\t\t\t<\/div>\n\t\t\t\t\t<\/div>\n\t\t<\/div>\n\t\t\t\t<div class=\"elementor-column elementor-col-50 elementor-inner-column elementor-element elementor-element-6bbfd3f\" data-id=\"6bbfd3f\" data-element_type=\"column\">\n\t\t\t<div class=\"elementor-widget-wrap elementor-element-populated\">\n\t\t\t\t\t\t\t\t<div class=\"elementor-element elementor-element-829039f elementor-widget__width-initial elementor-widget elementor-widget-button\" data-id=\"829039f\" data-element_type=\"widget\" data-widget_type=\"button.default\">\n\t\t\t\t<div class=\"elementor-widget-container\">\n\t\t\t\t\t<div class=\"elementor-button-wrapper\">\n\t\t\t<a class=\"elementor-button elementor-button-link elementor-size-sm\" href=\"https:\/\/sede.ivf.es\/procedures\/842327f6-0a0e-4234-a33d-a767bae5665a?action=online\" target=\"_blank\">\n\t\t\t\t\t\t<span class=\"elementor-button-content-wrapper\">\n\t\t\t\t\t\t<span class=\"elementor-button-text\">SOL\u00b7ICITAR<\/span>\n\t\t<\/span>\n\t\t\t\t\t<\/a>\n\t\t<\/div>\n\t\t\t\t<\/div>\n\t\t\t\t<\/div>\n\t\t\t\t\t<\/div>\n\t\t<\/div>\n\t\t\t\t\t\t\t<\/div>\n\t\t<\/section>\n\t\t\t\t\t<\/div>\n\t\t<\/div>\n\t\t\t\t<div class=\"elementor-column elementor-col-50 elementor-top-column elementor-element elementor-element-2785e6c\" data-id=\"2785e6c\" data-element_type=\"column\">\n\t\t\t<div class=\"elementor-widget-wrap elementor-element-populated\">\n\t\t\t\t\t\t\t\t<section class=\"elementor-section elementor-inner-section elementor-element elementor-element-b195884 elementor-section-boxed elementor-section-height-default elementor-section-height-default\" data-id=\"b195884\" data-element_type=\"section\">\n\t\t\t\t\t\t<div class=\"elementor-container elementor-column-gap-default\">\n\t\t\t\t\t<div class=\"elementor-column elementor-col-100 elementor-inner-column elementor-element elementor-element-ef45a23\" data-id=\"ef45a23\" data-element_type=\"column\">\n\t\t\t<div class=\"elementor-widget-wrap\">\n\t\t\t\t\t\t\t\t\t<\/div>\n\t\t<\/div>\n\t\t\t\t\t\t\t<\/div>\n\t\t<\/section>\n\t\t\t\t\t<\/div>\n\t\t<\/div>\n\t\t\t\t\t\t\t<\/div>\n\t\t<\/section>\n\t\t\t\t<section class=\"elementor-section elementor-top-section elementor-element elementor-element-0c4a25a elementor-section-stretched elementor-section-boxed elementor-section-height-default elementor-section-height-default\" data-id=\"0c4a25a\" data-element_type=\"section\" data-settings=\"{&quot;stretch_section&quot;:&quot;section-stretched&quot;}\">\n\t\t\t\t\t\t<div class=\"elementor-container elementor-column-gap-default\">\n\t\t\t\t\t<div class=\"elementor-column elementor-col-100 elementor-top-column elementor-element elementor-element-130f6ff\" data-id=\"130f6ff\" data-element_type=\"column\">\n\t\t\t<div class=\"elementor-widget-wrap elementor-element-populated\">\n\t\t\t\t\t\t\t\t<div class=\"elementor-element elementor-element-d64932c elementor-widget elementor-widget-eael-adv-tabs\" data-id=\"d64932c\" data-element_type=\"widget\" data-widget_type=\"eael-adv-tabs.default\">\n\t\t\t\t<div class=\"elementor-widget-container\">\n\t\t\t        <div id=\"eael-advance-tabs-d64932c\" class=\"eael-advance-tabs eael-tabs-horizontal eael-tab-auto-active \" data-tabid=\"d64932c\">\n            <div class=\"eael-tabs-nav\">\n                <ul class=\"\">\n                                            <li id=\"beneficiaris\" class=\"active-default eael-tab-item-trigger\" aria-selected=\"true\" data-tab=\"1\" role=\"tab\" tabindex=\"0\" aria-controls=\"beneficiaris-tab\" aria-expanded=\"false\">\n                            \n                            \n                            \n                                                            <span class=\"eael-tab-title  title-after-icon\">Beneficiaris<\/span>                                                    <\/li>\n                                            <li id=\"condicions\" class=\"inactive eael-tab-item-trigger\" aria-selected=\"false\" data-tab=\"2\" role=\"tab\" tabindex=\"-1\" aria-controls=\"condicions-tab\" aria-expanded=\"false\">\n                            \n                            \n                            \n                                                            <span class=\"eael-tab-title  title-after-icon\">Condicions<\/span>                                                    <\/li>\n                                            <li id=\"requisits\" class=\"inactive eael-tab-item-trigger\" aria-selected=\"false\" data-tab=\"3\" role=\"tab\" tabindex=\"-1\" aria-controls=\"requisits-tab\" aria-expanded=\"false\">\n                            \n                            \n                            \n                                                            <span class=\"eael-tab-title  title-after-icon\">Requisits<\/span>                                                    <\/li>\n                                            <li id=\"despeses-finanables-elegibles\" class=\"inactive eael-tab-item-trigger\" aria-selected=\"false\" data-tab=\"4\" role=\"tab\" tabindex=\"-1\" aria-controls=\"despeses-finanables-elegibles-tab\" aria-expanded=\"false\">\n                            \n                            \n                            \n                                                            <span class=\"eael-tab-title  title-after-icon\">Despeses finan\u00e7ables elegibles<\/span>                                                    <\/li>\n                                    <\/ul>\n            <\/div>\n            \n            <div class=\"eael-tabs-content\">\n\t\t        \n                    <div id=\"beneficiaris-tab\" class=\"clearfix eael-tab-content-item active-default\" data-title-link=\"beneficiaris-tab\">\n\t\t\t\t        \t\t\t\t\t        <ul class=\"pesta\u00f1as-linea\">\n \t<li>Persones aut\u00f2nomes i empreses que tinguen, almenys, un establiment, sucursal de producci\u00f3, o sucursal de desenvolupament d\u2019activitat radicat en la Comunitat Valenciana. Aquesta l\u00ednia de finan\u00e7ament compta amb una dotaci\u00f3 pressupost\u00e0ria especial per a empreses que operen en sectors amb codi 2030, 2331 i 2349 de la Classificaci\u00f3 Nacional d\u2019Activitats Econ\u00f2miques.<\/li>\n \t<li>Finalitat dels projectes:<br>\n<span style=\"color: #e21735; font-weight: bold;\">\u2013<\/span>Ampliaci\u00f3 i renovaci\u00f3 de les instal\u00b7lacions, maquin\u00e0ria i equips.<br>\n<span style=\"color: #e21735; font-weight: bold;\">\u2013<\/span>Sosteniment del capital circulant de l\u2019empresa, incloent la contractaci\u00f3 de m\u00e0 d\u2019obra, l\u2019adquisici\u00f3 de b\u00e9ns i serveis lligats al cicle de l\u2019explotaci\u00f3, el finan\u00e7ament de clients, la inversi\u00f3 en exist\u00e8ncies i tresoreria operativa de l\u2019empresa, aix\u00ed com la cancel\u00b7laci\u00f3 del deute a curt termini de naturalesa comercial i financera.<\/li>\n<\/ul>\n<div style=\"text-align: center;\"><img decoding=\"async\" style=\"width: 80%;\" src=\"\/wp-content\/uploads\/2023\/04\/logo01_es.jpg\" \/><\/div>\n* Consultar les bases completes en la convocat\u00f2ria.\t\t\t\t                            <\/div>\n\t\t        \n                    <div id=\"condicions-tab\" class=\"clearfix eael-tab-content-item inactive\" data-title-link=\"condicions-tab\">\n\t\t\t\t        \t\t\t\t\t        <ul class=\"pesta\u00f1as-linea\">\n \t<li>Import m\u00ednim de 20.000 euros i import m\u00e0xim determinat en funci\u00f3 de:\n<br><span style=\"color: #e21735; font-weight: bold;\">\n\u2013<\/span>En operaci\u00f3 d\u2019inversi\u00f3: l\u2019import no podr\u00e0 superar els 200.000 euros si el sol\u00b7licitant \u00e9s un treballador aut\u00f2nom, els 500.000 euros si \u00e9s una microempresa, els 2.000.000 euros si \u00e9s una pime, els 5.000.000 euros si compta amb una plantilla d\u2019entre 250 i 3.000 treballadors i 10.000.000 euros si la plantilla supera els 3.000 treballadors.<br>\n<span style=\"color: #e21735; font-weight: bold;\">\u2013<\/span>En operacions de circulant: l\u2019import no podr\u00e0 ser superior a 50.000 euros si el sol\u00b7licitant \u00e9s un treballador aut\u00f2nom, 200.000 euros si \u00e9s una microempresa, 1.000.000 si \u00e9s una pime, 5.000.000 euros si es tracta d\u2019una gran empresa amb una plantilla d\u2019entre 250 i 3.000 treballadors i 10.000.000 euros si la plantilla supera els 3.000 treballadors.<\/li>\n \t<li>Terminis: Per a operacions de circulant terminis de 2 a 4 anys (sense l\u00edmit de manca i possibilitat de \u201cbullet\u201d); Per a operacions d\u2019inversi\u00f3 terminis de 4 a 10 anys (possibilitat de manca de fins a 2 anys)<\/li>\n \t<li>Tipus d\u2019inter\u00e9s d\u2019Euribor (amb l\u00edmit inferior 0%) m\u00e9s un marge de risc atesa la categoria credit\u00edcia del sol\u00b7licitant*<\/li>\n<\/ul>\n<table>\n<tbody>\n<tr>\n<td style=\"vertical-align: center;\" rowspan=\"2\">Categoria credit\u00edcia<\/td>\n<td colspan=\"3\">Severitat de l\u2019operaci\u00f3 (LGD)<\/td>\n<\/tr>\n<tr>\n<td>LGD &lt;= 30%<\/td>\n<td>30% &lt; LGD &lt; 60%<\/td>\n<td>LGD&gt;=60%<\/td>\n<\/tr>\n<tr>\n<td>BBB<\/td>\n<td>0,75%<\/td>\n<td>1,00%<\/td>\n<td style=\"vertical-align: middle;\" rowspan=\"3\">6,50%<\/td>\n<\/tr>\n<tr>\n<td>BB<\/td>\n<td>1,00%<\/td>\n<td>2,20%<\/td>\n<\/tr>\n<tr>\n<td>B<\/td>\n<td>2,20%<\/td>\n<td>4,00%<\/td>\n<\/tr>\n<\/tbody>\n<\/table>\n<em>* En operacions financeres amb aval de AFIN-SGR pel 100% dels interessos ordinaris i el valor nominal del pr\u00e9stec, el marge sobre l\u2019EURIBOR a un any se situar\u00e0 en el 1,5%.<\/em>\n<ul class=\"pesta\u00f1as-linea\">\n \t<li>Comissions: Es podr\u00e0 aplicar una comissi\u00f3 d\u2019obertura de fins a l\u20191%.<\/li>\n \t<li>L\u2019IVF podr\u00e0 concedir operacions de finan\u00e7ament amb pacte de subordinaci\u00f3 i grau de severitat (LGD) superior al 60%, sempre que quede degudament acreditat el car\u00e0cter estrat\u00e8gic de l\u2019operaci\u00f3 per a l\u2019economia valenciana i pr\u00e8via autoritzaci\u00f3 del Consell General de l\u2019IVF.<\/li>\n<\/ul>\n* Consultar las bases completas en la convocatoria\t\t\t\t                            <\/div>\n\t\t        \n                    <div id=\"requisits-tab\" class=\"clearfix eael-tab-content-item inactive\" data-title-link=\"requisits-tab\">\n\t\t\t\t        \t\t\t\t\t        <div class=\"grve-element grve-text\">\n\nEls beneficiaris han de complir els seg\u00fcents requisits, entre altres *:\n\n<\/div>\n<div class=\"grve-element grve-list grve-list-check \">\n<ul class=\"pesta\u00f1as-linea\">\n \t<li>Tener, al menos, un establecimiento, sucursal de producci\u00f3n, o sucursal de desarrollo de actividad radicado en la Comunitat Valenciana.<\/li>\n \t<li>Estar al corriente de cumplimiento de las obligaciones tributarias ante el Estado, la Generalitat y la Seguridad Social.<\/li>\n \t<li>Si el solicitante es una sociedad mercantil, deber\u00e1 contar como m\u00ednimo con un empleado o un trabajador aut\u00f3nomo societario.<\/li>\n<\/ul>\n* Consultar las bases completas en la convocatoria\n\n<\/div>\t\t\t\t                            <\/div>\n\t\t        \n                    <div id=\"despeses-finanables-elegibles-tab\" class=\"clearfix eael-tab-content-item inactive\" data-title-link=\"despeses-finanables-elegibles-tab\">\n\t\t\t\t        \t\t\t\t\t        <div class=\"grve-element grve-text\"><p>Seran despeses finan\u00e7ables com a actius fixos:<\/p><\/div><div class=\"grve-element grve-list grve-list-check \"><ul class=\"pesta\u00f1as-linea\"><li>Adquisici\u00f3 i condicionament de terrenys per a la seua utilitzaci\u00f3 en la producci\u00f3 dels b\u00e9ns i serveis que constitueixen l\u2019activitat principal de l\u2019empresa.<\/li><li>Adquisici\u00f3 i construcci\u00f3 de naus, locals comercials i altres immobles, aix\u00ed com d\u2019instal\u00b7lacions t\u00e8cniques per al desenvolupament de l\u2019activitat principal de l\u2019empresa.<\/li><li>Construcci\u00f3 d\u2019instal\u00b7lacions d\u2019energia renovable, tant si el seu dest\u00ed \u00e9s l\u2019autoconsum com l\u2019abocament a xarxa, sempre que els projectes no superen una pot\u00e8ncia de 30 *MWp.<\/li><li>Adquisici\u00f3 d\u2019equipament vinculat a les tecnologies de la informaci\u00f3 i la comunicaci\u00f3.<\/li><li>Maquin\u00e0ria, eines, motles o utillatge.<\/li><li>Mobiliari.<\/li><li>Vehicles industrials i elements de transport afectes a l\u2019explotaci\u00f3, fins a un m\u00e0xim de 35.000 euros per vehicle. Referent a aix\u00f2, l\u2019adquisici\u00f3 de vehicles de transport de mercaderies per carretera no es considerar\u00e0 en cap cas com a despesa finan\u00e7able elegible.<\/li><li>Actius intangibles, com les despeses de recerca i desenvolupament, la propietat industrial, els drets de trasp\u00e0s o les aplicacions inform\u00e0tiques.<\/li><li>Adquisici\u00f3 de participacions empresarials a fi d\u2019ampliar la capacitat productiva de l\u2019empresa, millorar les condicions d\u2019acc\u00e9s al finan\u00e7ament, o assegurar el subministrament d\u2019inputs clau per al proc\u00e9s productiu de l\u2019empresa.<\/li><\/ul><\/div><div class=\"grve-element grve-text\"><p>Ser\u00e0 considerada despesa finan\u00e7able en capital circulant tot increment del fons de maniobra, definit com la difer\u00e8ncia entre l\u2019actiu i el passiu corrent del balan\u00e7. No es consideraran despeses finan\u00e7ables els increments del fons de maniobra atribu\u00efbles a l\u2019augment de cr\u00e8dits no comercials a curt termini i les inversions financeres temporals, aix\u00ed com els atribu\u00efbles a la disminuci\u00f3 de passius no comercials amb empreses del grup.<\/p><p>Per a empreses exportadores a R\u00fassia i Ucra\u00efna, i \u00fanicament en les sol\u00b7licituds de finan\u00e7ament registrades en 2022, es considerar\u00e0 finan\u00e7able com a inversi\u00f3 en capital circulant l\u2019import de les comandes d\u2019importadors russos i ucra\u00efnesos rebuts, com a m\u00e0xim, sis mesos abans del 24 de febrer de 2022, i cancel\u00b7lats a causa del conflicte b\u00e8l\u00b7lic.<\/p><p>Per a empreses exportadores a Alg\u00e8ria, i \u00fanicament en les sol\u00b7licituds de finan\u00e7ament registrades en 2022, es considerar\u00e0 finan\u00e7able com a inversi\u00f3 en capital circulant l\u2019import de les comandes d\u2019importadors algerians, com a m\u00e0xim, sis mesos abans del 8 de juny de 2022, i cancel\u00b7lats a causa del conflicte diplom\u00e0tic amb Espanya.<\/p><p>*Consultar les bases completes en la convocat\u00f2ria<\/p><\/div>\t\t\t\t                            <\/div>\n\t\t                    <\/div>\n        <\/div>\n\t\t<\/div>\n\t\t\t\t<\/div>\n\t\t\t\t\t<\/div>\n\t\t<\/div>\n\t\t\t\t\t\t\t<\/div>\n\t\t<\/section>\n\t\t\t\t\t\t\t<\/div>\n\t\t","protected":false},"excerpt":{"rendered":"<p>L\u00ednia Finan\u00e7ament GENERAL DE L&#8217;IVF Pr\u00e9stecs d&#8217;entre 20.000 i 10.000.000 euros, amb trams espec\u00edfics per a la ind\u00fastria cer\u00e0mica, i opci\u00f3 de retornar el capital&hellip;<\/p>\n","protected":false},"author":1,"featured_media":0,"parent":986,"menu_order":0,"comment_status":"closed","ping_status":"closed","template":"","meta":{"footnotes":""},"yoast_head":"<!-- This site is optimized with the Yoast SEO plugin v18.0 - https:\/\/yoast.com\/wordpress\/plugins\/seo\/ -->\n<title>L\u00ednia Finan\u00e7ament GENERAL DE L&#039;IVF - IVF<\/title>\n<meta name=\"robots\" content=\"noindex, follow, max-snippet:-1, max-image-preview:large, max-video-preview:-1\" \/>\n<meta property=\"og:locale\" content=\"en_US\" \/>\n<meta property=\"og:type\" content=\"article\" \/>\n<meta property=\"og:title\" content=\"L\u00ednia Finan\u00e7ament GENERAL DE L&#039;IVF - IVF\" \/>\n<meta property=\"og:description\" content=\"L\u00ednia Finan\u00e7ament GENERAL DE L&#8217;IVF Pr\u00e9stecs d&#8217;entre 20.000 i 10.000.000 euros, amb trams espec\u00edfics per a la ind\u00fastria cer\u00e0mica, i opci\u00f3 de retornar el capital&hellip;\" \/>\n<meta property=\"og:url\" content=\"https:\/\/prestamosivf.premm.es\/va\/prestecs\/linia-financament-general-de-livf\" \/>\n<meta property=\"og:site_name\" content=\"IVF\" \/>\n<meta property=\"article:modified_time\" content=\"2023-07-19T09:26:04+00:00\" \/>\n<meta property=\"og:image\" content=\"https:\/\/prestamosivf.premm.es\/wp-content\/uploads\/2023\/04\/logo01_es.jpg\" \/>\n<meta name=\"twitter:card\" content=\"summary_large_image\" \/>\n<meta name=\"twitter:label1\" content=\"Est. reading time\" \/>\n\t<meta name=\"twitter:data1\" content=\"5 minutes\" \/>\n<script type=\"application\/ld+json\" class=\"yoast-schema-graph\">{\"@context\":\"https:\/\/schema.org\",\"@graph\":[{\"@type\":\"WebSite\",\"@id\":\"https:\/\/prestamosivf.premm.es\/va#website\",\"url\":\"https:\/\/prestamosivf.premm.es\/va\",\"name\":\"IVF\",\"description\":\"IVF, Nuestro \u00fanico inter\u00e9s eres t\u00fa\",\"potentialAction\":[{\"@type\":\"SearchAction\",\"target\":{\"@type\":\"EntryPoint\",\"urlTemplate\":\"https:\/\/prestamosivf.premm.es\/va?s={search_term_string}\"},\"query-input\":\"required name=search_term_string\"}],\"inLanguage\":\"va-ES\"},{\"@type\":\"ImageObject\",\"@id\":\"https:\/\/prestamosivf.premm.es\/va\/prestecs\/linia-financament-general-de-livf#primaryimage\",\"inLanguage\":\"va-ES\",\"url\":\"\/wp-content\/uploads\/2023\/04\/logo01_es.jpg\",\"contentUrl\":\"\/wp-content\/uploads\/2023\/04\/logo01_es.jpg\"},{\"@type\":\"WebPage\",\"@id\":\"https:\/\/prestamosivf.premm.es\/va\/prestecs\/linia-financament-general-de-livf#webpage\",\"url\":\"https:\/\/prestamosivf.premm.es\/va\/prestecs\/linia-financament-general-de-livf\",\"name\":\"L\u00ednia Finan\u00e7ament GENERAL DE L'IVF - IVF\",\"isPartOf\":{\"@id\":\"https:\/\/prestamosivf.premm.es\/va#website\"},\"primaryImageOfPage\":{\"@id\":\"https:\/\/prestamosivf.premm.es\/va\/prestecs\/linia-financament-general-de-livf#primaryimage\"},\"datePublished\":\"2023-04-27T10:24:29+00:00\",\"dateModified\":\"2023-07-19T09:26:04+00:00\",\"breadcrumb\":{\"@id\":\"https:\/\/prestamosivf.premm.es\/va\/prestecs\/linia-financament-general-de-livf#breadcrumb\"},\"inLanguage\":\"va-ES\",\"potentialAction\":[{\"@type\":\"ReadAction\",\"target\":[\"https:\/\/prestamosivf.premm.es\/va\/prestecs\/linia-financament-general-de-livf\"]}]},{\"@type\":\"BreadcrumbList\",\"@id\":\"https:\/\/prestamosivf.premm.es\/va\/prestecs\/linia-financament-general-de-livf#breadcrumb\",\"itemListElement\":[{\"@type\":\"ListItem\",\"position\":1,\"name\":\"Portada\",\"item\":\"https:\/\/prestamosivf.premm.es\/va\"},{\"@type\":\"ListItem\",\"position\":2,\"name\":\"Pr\u00e9stecs\",\"item\":\"https:\/\/prestamosivf.premm.es\/va\/prestamos\"},{\"@type\":\"ListItem\",\"position\":3,\"name\":\"L\u00ednia Finan\u00e7ament GENERAL DE L&#8217;IVF\"}]}]}<\/script>\n<!-- \/ Yoast SEO plugin. -->","yoast_head_json":{"title":"L\u00ednia Finan\u00e7ament GENERAL DE L'IVF - IVF","robots":{"index":"noindex","follow":"follow","max-snippet":"max-snippet:-1","max-image-preview":"max-image-preview:large","max-video-preview":"max-video-preview:-1"},"og_locale":"en_US","og_type":"article","og_title":"L\u00ednia Finan\u00e7ament GENERAL DE L'IVF - IVF","og_description":"L\u00ednia Finan\u00e7ament GENERAL DE L&#8217;IVF Pr\u00e9stecs d&#8217;entre 20.000 i 10.000.000 euros, amb trams espec\u00edfics per a la ind\u00fastria cer\u00e0mica, i opci\u00f3 de retornar el capital&hellip;","og_url":"https:\/\/prestamosivf.premm.es\/va\/prestecs\/linia-financament-general-de-livf","og_site_name":"IVF","article_modified_time":"2023-07-19T09:26:04+00:00","og_image":[{"url":"https:\/\/prestamosivf.premm.es\/wp-content\/uploads\/2023\/04\/logo01_es.jpg"}],"twitter_card":"summary_large_image","twitter_misc":{"Est. reading time":"5 minutes"},"schema":{"@context":"https:\/\/schema.org","@graph":[{"@type":"WebSite","@id":"https:\/\/prestamosivf.premm.es\/va#website","url":"https:\/\/prestamosivf.premm.es\/va","name":"IVF","description":"IVF, Nuestro \u00fanico inter\u00e9s eres t\u00fa","potentialAction":[{"@type":"SearchAction","target":{"@type":"EntryPoint","urlTemplate":"https:\/\/prestamosivf.premm.es\/va?s={search_term_string}"},"query-input":"required name=search_term_string"}],"inLanguage":"va-ES"},{"@type":"ImageObject","@id":"https:\/\/prestamosivf.premm.es\/va\/prestecs\/linia-financament-general-de-livf#primaryimage","inLanguage":"va-ES","url":"\/wp-content\/uploads\/2023\/04\/logo01_es.jpg","contentUrl":"\/wp-content\/uploads\/2023\/04\/logo01_es.jpg"},{"@type":"WebPage","@id":"https:\/\/prestamosivf.premm.es\/va\/prestecs\/linia-financament-general-de-livf#webpage","url":"https:\/\/prestamosivf.premm.es\/va\/prestecs\/linia-financament-general-de-livf","name":"L\u00ednia Finan\u00e7ament GENERAL DE L'IVF - IVF","isPartOf":{"@id":"https:\/\/prestamosivf.premm.es\/va#website"},"primaryImageOfPage":{"@id":"https:\/\/prestamosivf.premm.es\/va\/prestecs\/linia-financament-general-de-livf#primaryimage"},"datePublished":"2023-04-27T10:24:29+00:00","dateModified":"2023-07-19T09:26:04+00:00","breadcrumb":{"@id":"https:\/\/prestamosivf.premm.es\/va\/prestecs\/linia-financament-general-de-livf#breadcrumb"},"inLanguage":"va-ES","potentialAction":[{"@type":"ReadAction","target":["https:\/\/prestamosivf.premm.es\/va\/prestecs\/linia-financament-general-de-livf"]}]},{"@type":"BreadcrumbList","@id":"https:\/\/prestamosivf.premm.es\/va\/prestecs\/linia-financament-general-de-livf#breadcrumb","itemListElement":[{"@type":"ListItem","position":1,"name":"Portada","item":"https:\/\/prestamosivf.premm.es\/va"},{"@type":"ListItem","position":2,"name":"Pr\u00e9stecs","item":"https:\/\/prestamosivf.premm.es\/va\/prestamos"},{"@type":"ListItem","position":3,"name":"L\u00ednia Finan\u00e7ament GENERAL DE L&#8217;IVF"}]}]}},"_links":{"self":[{"href":"https:\/\/prestamosivf.premm.es\/va\/wp-json\/wp\/v2\/pages\/989"}],"collection":[{"href":"https:\/\/prestamosivf.premm.es\/va\/wp-json\/wp\/v2\/pages"}],"about":[{"href":"https:\/\/prestamosivf.premm.es\/va\/wp-json\/wp\/v2\/types\/page"}],"author":[{"embeddable":true,"href":"https:\/\/prestamosivf.premm.es\/va\/wp-json\/wp\/v2\/users\/1"}],"replies":[{"embeddable":true,"href":"https:\/\/prestamosivf.premm.es\/va\/wp-json\/wp\/v2\/comments?post=989"}],"version-history":[{"count":46,"href":"https:\/\/prestamosivf.premm.es\/va\/wp-json\/wp\/v2\/pages\/989\/revisions"}],"predecessor-version":[{"id":2476,"href":"https:\/\/prestamosivf.premm.es\/va\/wp-json\/wp\/v2\/pages\/989\/revisions\/2476"}],"up":[{"embeddable":true,"href":"https:\/\/prestamosivf.premm.es\/va\/wp-json\/wp\/v2\/pages\/986"}],"wp:attachment":[{"href":"https:\/\/prestamosivf.premm.es\/va\/wp-json\/wp\/v2\/media?parent=989"}],"curies":[{"name":"wp","href":"https:\/\/api.w.org\/{rel}","templated":true}]}}