{"id":865,"date":"2023-03-22T10:47:24","date_gmt":"2023-03-22T10:47:24","guid":{"rendered":"https:\/\/prestamos.premm.es\/?page_id=865"},"modified":"2023-07-19T10:40:53","modified_gmt":"2023-07-19T10:40:53","slug":"descarregues","status":"publish","type":"page","link":"https:\/\/prestamosivf.premm.es\/va\/descarregues","title":{"rendered":"Desc\u00e0rregues"},"content":{"rendered":"\t\t<div data-elementor-type=\"wp-page\" data-elementor-id=\"865\" class=\"elementor elementor-865\">\n\t\t\t\t\t\t\t\t\t<section class=\"elementor-section elementor-top-section elementor-element elementor-element-c904e41 elementor-section-full_width elementor-section-height-min-height elementor-section-stretched cabecera-top elementor-section-height-default elementor-section-items-middle\" data-id=\"c904e41\" data-element_type=\"section\" data-settings=\"{&quot;stretch_section&quot;:&quot;section-stretched&quot;,&quot;background_background&quot;:&quot;classic&quot;}\">\n\t\t\t\t\t\t\t<div class=\"elementor-background-overlay\"><\/div>\n\t\t\t\t\t\t\t<div class=\"elementor-container elementor-column-gap-default\">\n\t\t\t\t\t<div class=\"elementor-column elementor-col-100 elementor-top-column elementor-element elementor-element-7ec69b9\" data-id=\"7ec69b9\" data-element_type=\"column\">\n\t\t\t<div class=\"elementor-widget-wrap elementor-element-populated\">\n\t\t\t\t\t\t\t\t<div class=\"elementor-element elementor-element-010ec16 hola elementor-widget elementor-widget-heading\" data-id=\"010ec16\" data-element_type=\"widget\" data-widget_type=\"heading.default\">\n\t\t\t\t<div class=\"elementor-widget-container\">\n\t\t\t<style>\/*! elementor - v3.14.0 - 26-06-2023 *\/\n.elementor-heading-title{padding:0;margin:0;line-height:1}.elementor-widget-heading .elementor-heading-title[class*=elementor-size-]>a{color:inherit;font-size:inherit;line-height:inherit}.elementor-widget-heading .elementor-heading-title.elementor-size-small{font-size:15px}.elementor-widget-heading .elementor-heading-title.elementor-size-medium{font-size:19px}.elementor-widget-heading .elementor-heading-title.elementor-size-large{font-size:29px}.elementor-widget-heading .elementor-heading-title.elementor-size-xl{font-size:39px}.elementor-widget-heading .elementor-heading-title.elementor-size-xxl{font-size:59px}<\/style><h1 class=\"elementor-heading-title elementor-size-default\">Desc\u00e0rregues<\/h1>\t\t<\/div>\n\t\t\t\t<\/div>\n\t\t\t\t\t<\/div>\n\t\t<\/div>\n\t\t\t\t\t\t\t<\/div>\n\t\t<\/section>\n\t\t\t\t<section class=\"elementor-section elementor-top-section elementor-element elementor-element-02792bf elementor-section-stretched elementor-section-boxed elementor-section-height-default elementor-section-height-default\" data-id=\"02792bf\" data-element_type=\"section\" data-settings=\"{&quot;stretch_section&quot;:&quot;section-stretched&quot;}\">\n\t\t\t\t\t\t<div class=\"elementor-container elementor-column-gap-default\">\n\t\t\t\t\t<div class=\"elementor-column elementor-col-100 elementor-top-column elementor-element elementor-element-cab8c59\" data-id=\"cab8c59\" data-element_type=\"column\">\n\t\t\t<div class=\"elementor-widget-wrap elementor-element-populated\">\n\t\t\t\t\t\t\t\t<div class=\"elementor-element elementor-element-e89c92f elementor-widget__width-inherit elementor-widget elementor-widget-eael-adv-tabs\" data-id=\"e89c92f\" data-element_type=\"widget\" data-widget_type=\"eael-adv-tabs.default\">\n\t\t\t\t<div class=\"elementor-widget-container\">\n\t\t\t        <div id=\"eael-advance-tabs-e89c92f\" class=\"eael-advance-tabs eael-tabs-horizontal eael-tab-auto-active \" data-tabid=\"e89c92f\">\n            <div class=\"eael-tabs-nav\">\n                <ul class=\"\">\n                                            <li id=\"annexos\" class=\"active-default eael-tab-item-trigger\" aria-selected=\"true\" data-tab=\"1\" role=\"tab\" tabindex=\"0\" aria-controls=\"annexos-tab\" aria-expanded=\"false\">\n                            \n                            \n                            \n                                                            <span class=\"eael-tab-title  title-after-icon\">Annexos<\/span>                                                    <\/li>\n                                            <li id=\"models-de-documents-formalitzaci-i-desembossament\" class=\"inactive eael-tab-item-trigger\" aria-selected=\"false\" data-tab=\"2\" role=\"tab\" tabindex=\"-1\" aria-controls=\"models-de-documents-formalitzaci-i-desembossament-tab\" aria-expanded=\"false\">\n                            \n                            \n                            \n                                                            <span class=\"eael-tab-title  title-after-icon\">Models de documents formalitzaci\u00f3 i desembossament<\/span>                                                    <\/li>\n                                            <li id=\"convocatries-dogv-modificacions-i-tancament-de-les-lnies\" class=\"inactive eael-tab-item-trigger\" aria-selected=\"false\" data-tab=\"3\" role=\"tab\" tabindex=\"-1\" aria-controls=\"convocatries-dogv-modificacions-i-tancament-de-les-lnies-tab\" aria-expanded=\"false\">\n                            \n                            \n                            \n                                                            <span class=\"eael-tab-title  title-after-icon\">Convocat\u00f2ries DOGV, modificacions i tancament de les L\u00ednies<\/span>                                                    <\/li>\n                                    <\/ul>\n            <\/div>\n            \n            <div class=\"eael-tabs-content\">\n\t\t        \n                    <div id=\"annexos-tab\" class=\"clearfix eael-tab-content-item active-default\" data-title-link=\"annexos-tab\">\n\t\t\t\t        \t\t\t\t\t        <p><span style=\"color: #e21735; font-weight: bold;\">\u2013<\/span><a href=\"\/wp-content\/uploads\/2023\/06\/Linia_Financament_REACTIVA_FEDER_descarregues_v7.zip\" target=\"_blank\" rel=\"noopener\"> L\u00ednia Finan\u00e7ament REACTIVA FEDER (6 MB)<\/a><br \/><span style=\"color: #e21735; font-weight: bold;\">\u2013<\/span><a href=\"\/wp-content\/uploads\/2023\/06\/linea_general_ivf_downloads_v8-1.zip\" target=\"_blank\" rel=\"noopener\"> L\u00ednia Finan\u00e7ament GENERAL DE L\u2019IVF (3MB)<\/a><a href=\"https:\/\/prestamos.ivf.es\/wp-content\/uploads\/2023\/05\/linea_general_ivf_downloads_v7.zip\" target=\"_blank\" rel=\"noopener\"><br \/><span style=\"color: #e21735; font-weight: bold;\">\u2013 <\/span><\/a><a href=\"\/wp-content\/uploads\/2023\/06\/Linea-Inverteix-Gran-Empresa-Industrial_v6.zip\" target=\"_blank\" rel=\"noopener\">L\u00ednia bonificada IVF Inverteix Gran Empresa Industrial (7 MB)<\/a><a href=\"https:\/\/prestamos.ivf.es\/wp-content\/uploads\/2023\/05\/linea_general_ivf_downloads_v7.zip\" target=\"_blank\" rel=\"noopener\"><br \/><span style=\"color: #e21735; font-weight: bold;\">\u2013 <\/span><\/a><a href=\"\/wp-content\/uploads\/2023\/06\/LINEA-IVF-LIQUIDEZ-ENTIDADES-SOCIALES_VALv9.zip\" target=\"_blank\" rel=\"noopener\">L\u00ednia IVF Liquiditat Entitats Socials (1 MB)<\/a><a href=\"https:\/\/prestamos.ivf.es\/wp-content\/uploads\/2023\/05\/linea_general_ivf_downloads_v7.zip\" target=\"_blank\" rel=\"noopener\"><br \/><span style=\"color: #e21735; font-weight: bold;\">\u2013 <\/span><\/a><a href=\"\/wp-content\/uploads\/2023\/06\/Prestamos_Participativos-IVF-en-coinversion-1.zip\" target=\"_blank\" rel=\"noopener\">L\u00ednia Pr\u00e9stecs Participatius IVF en coinversi\u00f3 (1 MB)<\/a><\/p>\t\t\t\t                            <\/div>\n\t\t        \n                    <div id=\"models-de-documents-formalitzaci-i-desembossament-tab\" class=\"clearfix eael-tab-content-item inactive\" data-title-link=\"models-de-documents-formalitzaci-i-desembossament-tab\">\n\t\t\t\t        \t\t\t\t\t        <p><span style=\"color: #e21735; font-weight: bold;\">\u2013<\/span><a href=\"\/wp-content\/uploads\/2023\/06\/model-certificat-bancari-compte-iban.doc\" target=\"_blank\" rel=\"noopener\"> Model Certificat bancari compte IBAN (25 KB)<\/a><br \/><span style=\"color: #e21735; font-weight: bold;\">\u2013<\/span><a href=\"\/wp-content\/uploads\/2023\/06\/07564-ORDEN-DOMICILIACION-SEPA.pdf\" target=\"_blank\" rel=\"noopener\"> Ordre domiciliaci\u00f3 SEPA (59 KB)<\/a><br \/><span style=\"color: #e21735; font-weight: bold;\">\u2013<\/span><a href=\"https:\/\/solicitudes.ivf.es\/documentacion\/cuadro-justificacion-para-desembolsos.xls\" target=\"_blank\" rel=\"noopener\"> Quadre justificaci\u00f3 per a desemborssaments (42 KB)<\/a><br \/><span style=\"color: #e21735; font-weight: bold;\">\u2013<\/span><a href=\"\/wp-content\/uploads\/2023\/06\/modelo-solicitud-desembolso_ivf_val.docx\" target=\"_blank\" rel=\"noopener\"> Model sol\u00b7licitud desemborssament IVF (12 KB)<\/a><\/p>\t\t\t\t                            <\/div>\n\t\t        \n                    <div id=\"convocatries-dogv-modificacions-i-tancament-de-les-lnies-tab\" class=\"clearfix eael-tab-content-item inactive\" data-title-link=\"convocatries-dogv-modificacions-i-tancament-de-les-lnies-tab\">\n\t\t\t\t        \t\t\t\t\t        <p><span style=\"color: #e21735; font-weight: bold;\">\u2013<\/span><a href=\"https:\/\/prestamos.ivf.es\/wp-content\/uploads\/2023\/06\/docs_reactiva_FEDER_v4_va.zip\" target=\"_blank\" rel=\"noopener\"> L\u00ednia Finan\u00e7ament REACTIVA FEDER (6MB)<\/a><br \/><span style=\"color: #e21735; font-weight: bold;\">\u2013<\/span><a href=\"\/wp-content\/uploads\/2023\/06\/doc_linea_generalIVF-1.zip\" target=\"_blank\" rel=\"noopener\"> L\u00ednia Finan\u00e7ament GENERAL DE L\u2019IVF (3MB)<\/a><br \/><span style=\"color: #e21735; font-weight: bold;\">\u2013<\/span><a href=\"\/wp-content\/uploads\/2023\/06\/docs_IVF_Inverteix_GranEmpresa_Industrial03-3.zip\" target=\"_blank\" rel=\"noopener\"> L\u00ednia bonificada IVF Inverteix Gran Empresa Industrial (6MB)<\/a><br \/><span style=\"color: #e21735; font-weight: bold;\">\u2013<\/span><a href=\"\/wp-content\/uploads\/2023\/06\/docs_IVF_Grandes_Distribuidores_Productos_Agricolas01-1.zip\" target=\"_blank\" rel=\"noopener\"> L\u00ednia bonificada IVF Grans Distribu\u00efdors de productes agr\u00edcoles (6MB) <\/a>\u2013 TANCADA<br \/><span style=\"color: #e21735; font-weight: bold;\">\u2013<\/span><a href=\"\/wp-content\/uploads\/2023\/06\/docs_Linea_IVF_Liquidez_Entidades_Sociales-1.zip\" target=\"_blank\" rel=\"noopener\"> L\u00ednia IVF Liquiditat Entitats Socials (4MB)<\/a><br \/><span style=\"color: #e21735; font-weight: bold;\">\u2013<\/span><a href=\"https:\/\/prestamos.ivf.es\/wp-content\/uploads\/2022\/10\/docs_reactiva_IVF.zip\" target=\"_blank\" rel=\"noopener\"> L\u00ednia Finan\u00e7ament REACTIVA IVF (2MB)<\/a> \u2013 TANCADA<br \/><span style=\"color: #e21735; font-weight: bold;\">\u2013<\/span><a href=\"https:\/\/prestamos.ivf.es\/wp-content\/uploads\/2022\/09\/docs_IVF_Invierte_Pyme_ReactEUFEDER01.zip\" target=\"_blank\" rel=\"noopener\"> L\u00ednia bonificada IVF Inverteix Pime React-EU FEDER (1MB)<\/a> \u2013 TANCADA<br \/><span style=\"color: #e21735; font-weight: bold;\">\u2013<\/span><a href=\"https:\/\/prestamos.ivf.es\/wp-content\/uploads\/2023\/01\/docs_IVF_AFIN_Liquidez_Pyme_Autonomo02.zip\" target=\"_blank\" rel=\"noopener\"> L\u00ednia bonificada IVF AFI \u2013 Liquiditat Pime &amp; Aut\u00f2nom (7MB)<\/a> \u2013 TANCADA<br \/><span style=\"color: #e21735; font-weight: bold;\">\u2013<\/span><a href=\"https:\/\/prestamos.ivf.es\/wp-content\/uploads\/2022\/09\/docs_IVF_AFIN_Invierte_Gran_Empresa_Turistica01.zip\" target=\"_blank\" rel=\"noopener\"> L\u00ednia bonificada IVF-AFI Inverteix Gran Empresa Tur\u00edstica (6MB)<\/a> \u2013 TANCADA<br \/><span style=\"color: #e21735; font-weight: bold;\">\u2013<\/span><a href=\"https:\/\/prestamos.ivf.es\/wp-content\/uploads\/2022\/05\/docs_IVF_RESISTIR_ReactEU_FEDER_v2.zip\" target=\"_blank\" rel=\"noopener\"> L\u00ednia finan\u00e7ament bonificat IVF Resistir \u2013 ReactEU FEDER (9MB)<\/a> \u2013 TANCADA<br \/><span style=\"color: #e21735; font-weight: bold;\">\u2013<\/span><a href=\"https:\/\/prestamos.ivf.es\/wp-content\/uploads\/2022\/05\/docs_IVF_Resistir_v2.zip\" target=\"_blank\" rel=\"noopener\"> L\u00ednia finan\u00e7ament bonificat IVF Resistir (5MB)<\/a> \u2013 TANCADA<br \/><span style=\"color: #e21735; font-weight: bold;\">\u2013<\/span><a href=\"https:\/\/prestamos.ivf.es\/wp-content\/uploads\/2022\/05\/docs_IVF_Renaixer_v2.zip\" target=\"_blank\" rel=\"noopener\"> L\u00ednia finan\u00e7ament bonificat IVF Ren\u00e0ixer (8MB)<\/a> \u2013 TANCADA<br \/><span style=\"color: #e21735; font-weight: bold;\">\u2013<\/span><a href=\"https:\/\/prestamos.ivf.es\/wp-content\/uploads\/2022\/03\/docs_IVF_Covid19.zip\" target=\"_blank\" rel=\"noopener\"> L\u00ednia finan\u00e7ament bonificat IVF COVID-19 (2MB)<\/a> \u2013 TANCADA<br \/><span style=\"color: #e21735; font-weight: bold;\">\u2013<\/span><a href=\"https:\/\/prestamos.ivf.es\/wp-content\/uploads\/2022\/05\/Publicacion_DOGV_20220523.pdf\" target=\"_blank\" rel=\"noopener\"> L\u00ednia Finan\u00e7ament Bonificat IVF AFI Productes Energ\u00e9tics (2MB)<\/a> \u2013 TANCADA<\/p>\t\t\t\t                            <\/div>\n\t\t                    <\/div>\n        <\/div>\n\t\t<\/div>\n\t\t\t\t<\/div>\n\t\t\t\t\t<\/div>\n\t\t<\/div>\n\t\t\t\t\t\t\t<\/div>\n\t\t<\/section>\n\t\t\t\t\t\t\t<\/div>\n\t\t","protected":false},"excerpt":{"rendered":"<p>Desc\u00e0rregues Annexos Models de documents formalitzaci\u00f3 i desembossament Convocat\u00f2ries DOGV, modificacions i tancament de les L\u00ednies \u2013 L\u00ednia Finan\u00e7ament REACTIVA FEDER (6 MB)\u2013 L\u00ednia Finan\u00e7ament&hellip;<\/p>\n","protected":false},"author":1,"featured_media":0,"parent":0,"menu_order":0,"comment_status":"closed","ping_status":"closed","template":"","meta":{"footnotes":""},"yoast_head":"<!-- This site is optimized with the Yoast SEO plugin v18.0 - https:\/\/yoast.com\/wordpress\/plugins\/seo\/ -->\n<title>Desc\u00e0rregues - IVF<\/title>\n<meta name=\"robots\" content=\"noindex, follow, max-snippet:-1, max-image-preview:large, max-video-preview:-1\" \/>\n<meta property=\"og:locale\" content=\"en_US\" \/>\n<meta property=\"og:type\" content=\"article\" \/>\n<meta property=\"og:title\" content=\"Desc\u00e0rregues - IVF\" \/>\n<meta property=\"og:description\" content=\"Desc\u00e0rregues Annexos Models de documents formalitzaci\u00f3 i desembossament Convocat\u00f2ries DOGV, modificacions i tancament de les L\u00ednies \u2013 L\u00ednia Finan\u00e7ament REACTIVA FEDER (6 MB)\u2013 L\u00ednia Finan\u00e7ament&hellip;\" \/>\n<meta property=\"og:url\" content=\"https:\/\/prestamosivf.premm.es\/va\/descarregues\" \/>\n<meta property=\"og:site_name\" content=\"IVF\" \/>\n<meta property=\"article:modified_time\" content=\"2023-07-19T10:40:53+00:00\" \/>\n<meta name=\"twitter:card\" content=\"summary_large_image\" \/>\n<meta name=\"twitter:label1\" content=\"Est. reading time\" \/>\n\t<meta name=\"twitter:data1\" content=\"1 minute\" \/>\n<script type=\"application\/ld+json\" class=\"yoast-schema-graph\">{\"@context\":\"https:\/\/schema.org\",\"@graph\":[{\"@type\":\"WebSite\",\"@id\":\"https:\/\/prestamosivf.premm.es\/va#website\",\"url\":\"https:\/\/prestamosivf.premm.es\/va\",\"name\":\"IVF\",\"description\":\"IVF, Nuestro \u00fanico inter\u00e9s eres t\u00fa\",\"potentialAction\":[{\"@type\":\"SearchAction\",\"target\":{\"@type\":\"EntryPoint\",\"urlTemplate\":\"https:\/\/prestamosivf.premm.es\/va?s={search_term_string}\"},\"query-input\":\"required name=search_term_string\"}],\"inLanguage\":\"va-ES\"},{\"@type\":\"WebPage\",\"@id\":\"https:\/\/prestamosivf.premm.es\/va\/descarregues#webpage\",\"url\":\"https:\/\/prestamosivf.premm.es\/va\/descarregues\",\"name\":\"Desc\u00e0rregues - IVF\",\"isPartOf\":{\"@id\":\"https:\/\/prestamosivf.premm.es\/va#website\"},\"datePublished\":\"2023-03-22T10:47:24+00:00\",\"dateModified\":\"2023-07-19T10:40:53+00:00\",\"breadcrumb\":{\"@id\":\"https:\/\/prestamosivf.premm.es\/va\/descarregues#breadcrumb\"},\"inLanguage\":\"va-ES\",\"potentialAction\":[{\"@type\":\"ReadAction\",\"target\":[\"https:\/\/prestamosivf.premm.es\/va\/descarregues\"]}]},{\"@type\":\"BreadcrumbList\",\"@id\":\"https:\/\/prestamosivf.premm.es\/va\/descarregues#breadcrumb\",\"itemListElement\":[{\"@type\":\"ListItem\",\"position\":1,\"name\":\"Portada\",\"item\":\"https:\/\/prestamosivf.premm.es\/va\"},{\"@type\":\"ListItem\",\"position\":2,\"name\":\"Desc\u00e0rregues\"}]}]}<\/script>\n<!-- \/ Yoast SEO plugin. -->","yoast_head_json":{"title":"Desc\u00e0rregues - IVF","robots":{"index":"noindex","follow":"follow","max-snippet":"max-snippet:-1","max-image-preview":"max-image-preview:large","max-video-preview":"max-video-preview:-1"},"og_locale":"en_US","og_type":"article","og_title":"Desc\u00e0rregues - IVF","og_description":"Desc\u00e0rregues Annexos Models de documents formalitzaci\u00f3 i desembossament Convocat\u00f2ries DOGV, modificacions i tancament de les L\u00ednies \u2013 L\u00ednia Finan\u00e7ament REACTIVA FEDER (6 MB)\u2013 L\u00ednia Finan\u00e7ament&hellip;","og_url":"https:\/\/prestamosivf.premm.es\/va\/descarregues","og_site_name":"IVF","article_modified_time":"2023-07-19T10:40:53+00:00","twitter_card":"summary_large_image","twitter_misc":{"Est. reading time":"1 minute"},"schema":{"@context":"https:\/\/schema.org","@graph":[{"@type":"WebSite","@id":"https:\/\/prestamosivf.premm.es\/va#website","url":"https:\/\/prestamosivf.premm.es\/va","name":"IVF","description":"IVF, Nuestro \u00fanico inter\u00e9s eres t\u00fa","potentialAction":[{"@type":"SearchAction","target":{"@type":"EntryPoint","urlTemplate":"https:\/\/prestamosivf.premm.es\/va?s={search_term_string}"},"query-input":"required name=search_term_string"}],"inLanguage":"va-ES"},{"@type":"WebPage","@id":"https:\/\/prestamosivf.premm.es\/va\/descarregues#webpage","url":"https:\/\/prestamosivf.premm.es\/va\/descarregues","name":"Desc\u00e0rregues - IVF","isPartOf":{"@id":"https:\/\/prestamosivf.premm.es\/va#website"},"datePublished":"2023-03-22T10:47:24+00:00","dateModified":"2023-07-19T10:40:53+00:00","breadcrumb":{"@id":"https:\/\/prestamosivf.premm.es\/va\/descarregues#breadcrumb"},"inLanguage":"va-ES","potentialAction":[{"@type":"ReadAction","target":["https:\/\/prestamosivf.premm.es\/va\/descarregues"]}]},{"@type":"BreadcrumbList","@id":"https:\/\/prestamosivf.premm.es\/va\/descarregues#breadcrumb","itemListElement":[{"@type":"ListItem","position":1,"name":"Portada","item":"https:\/\/prestamosivf.premm.es\/va"},{"@type":"ListItem","position":2,"name":"Desc\u00e0rregues"}]}]}},"_links":{"self":[{"href":"https:\/\/prestamosivf.premm.es\/va\/wp-json\/wp\/v2\/pages\/865"}],"collection":[{"href":"https:\/\/prestamosivf.premm.es\/va\/wp-json\/wp\/v2\/pages"}],"about":[{"href":"https:\/\/prestamosivf.premm.es\/va\/wp-json\/wp\/v2\/types\/page"}],"author":[{"embeddable":true,"href":"https:\/\/prestamosivf.premm.es\/va\/wp-json\/wp\/v2\/users\/1"}],"replies":[{"embeddable":true,"href":"https:\/\/prestamosivf.premm.es\/va\/wp-json\/wp\/v2\/comments?post=865"}],"version-history":[{"count":50,"href":"https:\/\/prestamosivf.premm.es\/va\/wp-json\/wp\/v2\/pages\/865\/revisions"}],"predecessor-version":[{"id":2547,"href":"https:\/\/prestamosivf.premm.es\/va\/wp-json\/wp\/v2\/pages\/865\/revisions\/2547"}],"wp:attachment":[{"href":"https:\/\/prestamosivf.premm.es\/va\/wp-json\/wp\/v2\/media?parent=865"}],"curies":[{"name":"wp","href":"https:\/\/api.w.org\/{rel}","templated":true}]}}