{"id":848,"date":"2023-03-22T10:46:06","date_gmt":"2023-03-22T10:46:06","guid":{"rendered":"https:\/\/prestamos.premm.es\/?page_id=848"},"modified":"2023-07-19T08:56:49","modified_gmt":"2023-07-19T08:56:49","slug":"som-ivf","status":"publish","type":"page","link":"https:\/\/prestamosivf.premm.es\/va\/som-ivf","title":{"rendered":"Som IVF"},"content":{"rendered":"\t\t<div data-elementor-type=\"wp-page\" data-elementor-id=\"848\" class=\"elementor elementor-848\">\n\t\t\t\t\t\t\t\t\t<section class=\"elementor-section elementor-top-section elementor-element elementor-element-113ad20 elementor-section-full_width elementor-section-height-min-height elementor-section-stretched cabecera-top elementor-section-height-default elementor-section-items-middle\" data-id=\"113ad20\" data-element_type=\"section\" data-settings=\"{&quot;stretch_section&quot;:&quot;section-stretched&quot;,&quot;background_background&quot;:&quot;classic&quot;}\">\n\t\t\t\t\t\t\t<div class=\"elementor-background-overlay\"><\/div>\n\t\t\t\t\t\t\t<div class=\"elementor-container elementor-column-gap-default\">\n\t\t\t\t\t<div class=\"elementor-column elementor-col-100 elementor-top-column elementor-element elementor-element-673d956\" data-id=\"673d956\" data-element_type=\"column\">\n\t\t\t<div class=\"elementor-widget-wrap elementor-element-populated\">\n\t\t\t\t\t\t\t\t<div class=\"elementor-element elementor-element-332541b2 hola elementor-widget elementor-widget-heading\" data-id=\"332541b2\" data-element_type=\"widget\" data-widget_type=\"heading.default\">\n\t\t\t\t<div class=\"elementor-widget-container\">\n\t\t\t<style>\/*! elementor - v3.14.0 - 26-06-2023 *\/\n.elementor-heading-title{padding:0;margin:0;line-height:1}.elementor-widget-heading .elementor-heading-title[class*=elementor-size-]>a{color:inherit;font-size:inherit;line-height:inherit}.elementor-widget-heading .elementor-heading-title.elementor-size-small{font-size:15px}.elementor-widget-heading .elementor-heading-title.elementor-size-medium{font-size:19px}.elementor-widget-heading .elementor-heading-title.elementor-size-large{font-size:29px}.elementor-widget-heading .elementor-heading-title.elementor-size-xl{font-size:39px}.elementor-widget-heading .elementor-heading-title.elementor-size-xxl{font-size:59px}<\/style><h1 class=\"elementor-heading-title elementor-size-default\">Som IVF<\/h1>\t\t<\/div>\n\t\t\t\t<\/div>\n\t\t\t\t\t<\/div>\n\t\t<\/div>\n\t\t\t\t\t\t\t<\/div>\n\t\t<\/section>\n\t\t\t\t<section class=\"elementor-section elementor-top-section elementor-element elementor-element-f55f5fb elementor-section-stretched elementor-section-boxed elementor-section-height-default elementor-section-height-default\" data-id=\"f55f5fb\" data-element_type=\"section\" data-settings=\"{&quot;stretch_section&quot;:&quot;section-stretched&quot;}\">\n\t\t\t\t\t\t<div class=\"elementor-container elementor-column-gap-default\">\n\t\t\t\t\t<div class=\"elementor-column elementor-col-66 elementor-top-column elementor-element elementor-element-f0d6de6\" data-id=\"f0d6de6\" data-element_type=\"column\">\n\t\t\t<div class=\"elementor-widget-wrap elementor-element-populated\">\n\t\t\t\t\t\t\t\t<div class=\"elementor-element elementor-element-4be0f5c elementor-widget elementor-widget-heading\" data-id=\"4be0f5c\" data-element_type=\"widget\" data-widget_type=\"heading.default\">\n\t\t\t\t<div class=\"elementor-widget-container\">\n\t\t\t<h2 class=\"elementor-heading-title elementor-size-default\">Institut Valenci\u00e0 de Finances<\/h2>\t\t<\/div>\n\t\t\t\t<\/div>\n\t\t\t\t<div class=\"elementor-element elementor-element-84f7098 elementor-widget elementor-widget-text-editor\" data-id=\"84f7098\" data-element_type=\"widget\" data-widget_type=\"text-editor.default\">\n\t\t\t\t<div class=\"elementor-widget-container\">\n\t\t\t<style>\/*! elementor - v3.14.0 - 26-06-2023 *\/\n.elementor-widget-text-editor.elementor-drop-cap-view-stacked .elementor-drop-cap{background-color:#69727d;color:#fff}.elementor-widget-text-editor.elementor-drop-cap-view-framed .elementor-drop-cap{color:#69727d;border:3px solid;background-color:transparent}.elementor-widget-text-editor:not(.elementor-drop-cap-view-default) .elementor-drop-cap{margin-top:8px}.elementor-widget-text-editor:not(.elementor-drop-cap-view-default) .elementor-drop-cap-letter{width:1em;height:1em}.elementor-widget-text-editor .elementor-drop-cap{float:left;text-align:center;line-height:1;font-size:50px}.elementor-widget-text-editor .elementor-drop-cap-letter{display:inline-block}<\/style>\t\t\t\t<div class=\"grve-element grve-text\"><p>L\u2019Institut Valenci\u00e0 de Finances es converteix en un banc p\u00fablic de foment empresarial que canalitzar\u00e0 l\u2019oferta p\u00fablica de finan\u00e7ament de distints organismes (<a href=\"http:\/\/europa.eu\/about-eu\/institutions-bodies\/eib\/index_es.htm\" target=\"_blank\" rel=\"noopener\">BEI<\/a>,\u00a0<a href=\"https:\/\/www.ico.es\/web\/ico\/lineas-ico\" target=\"_blank\" rel=\"noopener\">ICO<\/a>\u00a0 i el mateix\u00a0<a href=\"http:\/\/www.ivf.gva.es\/es\/inicio\" target=\"_blank\" rel=\"noopener\">IVF<\/a>) cap a projectes d\u2019inversi\u00f3 estrat\u00e8gics per a l\u2019economia valenciana.<\/p><p>Hem refor\u00e7at les iniciatives per a modernitzar el sector tur\u00edstic, donem suport al sector agroalimentari, facilitem el creixement i la internacionalitzaci\u00f3 de projectes empresarials, i afavorim l\u2019emprenedoria innovadora dels joves valencians.<\/p><p>L\u2019IVF ser\u00e0 un banc p\u00fablic amb un marcat car\u00e0cter social. Hem dotat l\u00ednies de finan\u00e7ament per a cooperatives i entitats de naturalesa social, i implementat una l\u00ednia per a aut\u00f2noms i microempreses.<\/p><p>Apostem per la utilitzaci\u00f3 del cr\u00e8dit com a ferramenta per al desenvolupament de la pol\u00edtica econ\u00f2mica i social del Consell. L\u2019IVF desenvolupar\u00e0 acords de col\u00b7laboraci\u00f3 amb les distintes conselleries de cara a fixar els criteris per a triar els pr\u00e9stecs i les garanties a constituir a favor de tercers.<\/p><p>Assumint un paper transversal, l\u2019IVF comptar\u00e0 amb un ampli ventall de l\u00ednies de cr\u00e8dit de naturalesa sectorial.<\/p><\/div>\t\t\t\t\t\t<\/div>\n\t\t\t\t<\/div>\n\t\t\t\t\t<\/div>\n\t\t<\/div>\n\t\t\t\t<div class=\"elementor-column elementor-col-33 elementor-top-column elementor-element elementor-element-23981d9\" data-id=\"23981d9\" data-element_type=\"column\">\n\t\t\t<div class=\"elementor-widget-wrap elementor-element-populated\">\n\t\t\t\t\t\t\t\t<div class=\"elementor-element elementor-element-e5eca0a elementor-widget elementor-widget-heading\" data-id=\"e5eca0a\" data-element_type=\"widget\" data-widget_type=\"heading.default\">\n\t\t\t\t<div class=\"elementor-widget-container\">\n\t\t\t<h3 class=\"elementor-heading-title elementor-size-default\">Informaci\u00f3 corporativa IVF<\/h3>\t\t<\/div>\n\t\t\t\t<\/div>\n\t\t\t\t<div class=\"elementor-element elementor-element-d3f754f elementor-align-center elementor-widget elementor-widget-button\" data-id=\"d3f754f\" data-element_type=\"widget\" data-widget_type=\"button.default\">\n\t\t\t\t<div class=\"elementor-widget-container\">\n\t\t\t\t\t<div class=\"elementor-button-wrapper\">\n\t\t\t<a class=\"elementor-button elementor-button-link elementor-size-sm\" href=\"http:\/\/www.ivf.gva.es\/es\/\" target=\"_blank\">\n\t\t\t\t\t\t<span class=\"elementor-button-content-wrapper\">\n\t\t\t\t\t\t<span class=\"elementor-button-text\">Coneix-nos<\/span>\n\t\t<\/span>\n\t\t\t\t\t<\/a>\n\t\t<\/div>\n\t\t\t\t<\/div>\n\t\t\t\t<\/div>\n\t\t\t\t<div class=\"elementor-element elementor-element-8a8c55d elementor-widget elementor-widget-heading\" data-id=\"8a8c55d\" data-element_type=\"widget\" data-widget_type=\"heading.default\">\n\t\t\t\t<div class=\"elementor-widget-container\">\n\t\t\t<h3 class=\"elementor-heading-title elementor-size-default\">Descobreix quina \u00e9s la teua l\u00ednia de finan\u00e7ament<\/h3>\t\t<\/div>\n\t\t\t\t<\/div>\n\t\t\t\t<div class=\"elementor-element elementor-element-8929348 elementor-align-center elementor-widget elementor-widget-button\" data-id=\"8929348\" data-element_type=\"widget\" data-widget_type=\"button.default\">\n\t\t\t\t<div class=\"elementor-widget-container\">\n\t\t\t\t\t<div class=\"elementor-button-wrapper\">\n\t\t\t<a class=\"elementor-button elementor-button-link elementor-size-sm\" href=\"https:\/\/prestamos.premm.es\/prestamos\">\n\t\t\t\t\t\t<span class=\"elementor-button-content-wrapper\">\n\t\t\t\t\t\t<span class=\"elementor-button-text\">Vegeu l\u00ednies<\/span>\n\t\t<\/span>\n\t\t\t\t\t<\/a>\n\t\t<\/div>\n\t\t\t\t<\/div>\n\t\t\t\t<\/div>\n\t\t\t\t\t<\/div>\n\t\t<\/div>\n\t\t\t\t\t\t\t<\/div>\n\t\t<\/section>\n\t\t\t\t<section class=\"elementor-section elementor-top-section elementor-element elementor-element-c017506 elementor-section-stretched elementor-section-content-middle elementor-section-boxed elementor-section-height-default elementor-section-height-default\" data-id=\"c017506\" data-element_type=\"section\" data-settings=\"{&quot;stretch_section&quot;:&quot;section-stretched&quot;}\">\n\t\t\t\t\t\t<div class=\"elementor-container elementor-column-gap-default\">\n\t\t\t\t\t<div class=\"elementor-column elementor-col-33 elementor-top-column elementor-element elementor-element-5e3c075\" data-id=\"5e3c075\" data-element_type=\"column\">\n\t\t\t<div class=\"elementor-widget-wrap elementor-element-populated\">\n\t\t\t\t\t\t\t\t<div class=\"elementor-element elementor-element-185c139 elementor-widget elementor-widget-image\" data-id=\"185c139\" data-element_type=\"widget\" data-widget_type=\"image.default\">\n\t\t\t\t<div class=\"elementor-widget-container\">\n\t\t\t<style>\/*! elementor - v3.14.0 - 26-06-2023 *\/\n.elementor-widget-image{text-align:center}.elementor-widget-image a{display:inline-block}.elementor-widget-image a img[src$=\".svg\"]{width:48px}.elementor-widget-image img{vertical-align:middle;display:inline-block}<\/style>\t\t\t\t\t\t\t\t\t\t\t\t<img loading=\"lazy\" decoding=\"async\" width=\"768\" height=\"1024\" src=\"https:\/\/prestamosivf.premm.es\/wp-content\/uploads\/2023\/05\/sede-768x1024.jpg\" class=\"attachment-large size-large wp-image-823\" alt=\"\" srcset=\"https:\/\/prestamosivf.premm.es\/wp-content\/uploads\/2023\/05\/sede-768x1024.jpg 768w, https:\/\/prestamosivf.premm.es\/wp-content\/uploads\/2023\/05\/sede-225x300.jpg 225w, https:\/\/prestamosivf.premm.es\/wp-content\/uploads\/2023\/05\/sede-1152x1536.jpg 1152w, https:\/\/prestamosivf.premm.es\/wp-content\/uploads\/2023\/05\/sede.jpg 1200w\" sizes=\"(max-width: 768px) 100vw, 768px\" \/>\t\t\t\t\t\t\t\t\t\t\t\t\t\t\t<\/div>\n\t\t\t\t<\/div>\n\t\t\t\t\t<\/div>\n\t\t<\/div>\n\t\t\t\t<div class=\"elementor-column elementor-col-66 elementor-top-column elementor-element elementor-element-bf98f20\" data-id=\"bf98f20\" data-element_type=\"column\">\n\t\t\t<div class=\"elementor-widget-wrap elementor-element-populated\">\n\t\t\t\t\t\t\t\t<div class=\"elementor-element elementor-element-4d8f8c6 elementor-widget elementor-widget-heading\" data-id=\"4d8f8c6\" data-element_type=\"widget\" data-widget_type=\"heading.default\">\n\t\t\t\t<div class=\"elementor-widget-container\">\n\t\t\t<h2 class=\"elementor-heading-title elementor-size-default\">La nostra seu\n<\/h2>\t\t<\/div>\n\t\t\t\t<\/div>\n\t\t\t\t<div class=\"elementor-element elementor-element-bc3f349 elementor-widget elementor-widget-text-editor\" data-id=\"bc3f349\" data-element_type=\"widget\" data-widget_type=\"text-editor.default\">\n\t\t\t\t<div class=\"elementor-widget-container\">\n\t\t\t\t\t\t\t<div class=\"grve-element grve-text\">\n<p style=\"text-align: right;\">El\u00a0<strong>Palau de los Bo\u00efl d\u00b4Aren\u00f3s<\/strong>\u00a0va pert\u00e0nyer en origen a la fam\u00edlia Bo\u00efl i Vives de Ca\u00f1am\u00e1s, barons de B\u00e9tera, com demostra l\u2019escut d\u2019armes de la porta. Al llarg de la seua hist\u00f2ria ha experimentat nombroses reformes. La primera reforma significativa, en el segle XVIII, va al\u00e7ar la fa\u00e7ana i va estructurar l\u2019immoble en les tradicionals quatre altures. Altres posteriors van introduir modificacions en la seua estructura i van transformar la fa\u00e7ana principal per a homogene\u00eftzar-la. En 1854 va passar a ser propietat de Vicente Das\u00ed i Lluesma, marqu\u00e9s de Dos Aig\u00fces. En 1976 la Comissi\u00f3 del Patrimoni Art\u00edstic de Val\u00e8ncia va impedir la seua demolici\u00f3, declarant-se a l\u2019any seg\u00fcent monument art\u00edstic. Despr\u00e9s de la seua rehabilitaci\u00f3 en 1980 i la signatura d\u2019un acord de cessi\u00f3, l\u2019immoble va passar a albergar la Borsa de Val\u00e8ncia, entitat que es va traslladar al setembre de 2021 quan la Generalitat recupera novament aquest edifici per a convertir-lo en la nova seu de l\u2019Institut Valenci\u00e0 de Finances<\/p>\n\n<\/div>\t\t\t\t\t\t<\/div>\n\t\t\t\t<\/div>\n\t\t\t\t\t<\/div>\n\t\t<\/div>\n\t\t\t\t\t\t\t<\/div>\n\t\t<\/section>\n\t\t\t\t\t\t\t<\/div>\n\t\t","protected":false},"excerpt":{"rendered":"<p>Som IVF Institut Valenci\u00e0 de Finances L\u2019Institut Valenci\u00e0 de Finances es converteix en un banc p\u00fablic de foment empresarial que canalitzar\u00e0 l\u2019oferta p\u00fablica de finan\u00e7ament&hellip;<\/p>\n","protected":false},"author":1,"featured_media":0,"parent":0,"menu_order":0,"comment_status":"closed","ping_status":"closed","template":"","meta":{"footnotes":""},"yoast_head":"<!-- This site is optimized with the Yoast SEO plugin v18.0 - https:\/\/yoast.com\/wordpress\/plugins\/seo\/ -->\n<title>Som IVF - IVF<\/title>\n<meta name=\"robots\" content=\"noindex, follow, max-snippet:-1, max-image-preview:large, max-video-preview:-1\" \/>\n<meta property=\"og:locale\" content=\"en_US\" \/>\n<meta property=\"og:type\" content=\"article\" \/>\n<meta property=\"og:title\" content=\"Som IVF - IVF\" \/>\n<meta property=\"og:description\" content=\"Som IVF Institut Valenci\u00e0 de Finances L\u2019Institut Valenci\u00e0 de Finances es converteix en un banc p\u00fablic de foment empresarial que canalitzar\u00e0 l\u2019oferta p\u00fablica de finan\u00e7ament&hellip;\" \/>\n<meta property=\"og:url\" content=\"https:\/\/prestamosivf.premm.es\/va\/som-ivf\" \/>\n<meta property=\"og:site_name\" content=\"IVF\" \/>\n<meta property=\"article:modified_time\" content=\"2023-07-19T08:56:49+00:00\" \/>\n<meta property=\"og:image\" content=\"https:\/\/prestamosivf.premm.es\/wp-content\/uploads\/2023\/05\/sede-768x1024.jpg\" \/>\n<meta name=\"twitter:card\" content=\"summary_large_image\" \/>\n<meta name=\"twitter:label1\" content=\"Est. reading time\" \/>\n\t<meta name=\"twitter:data1\" content=\"2 minutes\" \/>\n<script type=\"application\/ld+json\" class=\"yoast-schema-graph\">{\"@context\":\"https:\/\/schema.org\",\"@graph\":[{\"@type\":\"WebSite\",\"@id\":\"https:\/\/prestamosivf.premm.es\/va#website\",\"url\":\"https:\/\/prestamosivf.premm.es\/va\",\"name\":\"IVF\",\"description\":\"IVF, Nuestro \u00fanico inter\u00e9s eres t\u00fa\",\"potentialAction\":[{\"@type\":\"SearchAction\",\"target\":{\"@type\":\"EntryPoint\",\"urlTemplate\":\"https:\/\/prestamosivf.premm.es\/va?s={search_term_string}\"},\"query-input\":\"required name=search_term_string\"}],\"inLanguage\":\"va-ES\"},{\"@type\":\"ImageObject\",\"@id\":\"https:\/\/prestamosivf.premm.es\/va\/som-ivf#primaryimage\",\"inLanguage\":\"va-ES\",\"url\":\"https:\/\/prestamosivf.premm.es\/wp-content\/uploads\/2023\/05\/sede.jpg\",\"contentUrl\":\"https:\/\/prestamosivf.premm.es\/wp-content\/uploads\/2023\/05\/sede.jpg\",\"width\":1200,\"height\":1600},{\"@type\":\"WebPage\",\"@id\":\"https:\/\/prestamosivf.premm.es\/va\/som-ivf#webpage\",\"url\":\"https:\/\/prestamosivf.premm.es\/va\/som-ivf\",\"name\":\"Som IVF - IVF\",\"isPartOf\":{\"@id\":\"https:\/\/prestamosivf.premm.es\/va#website\"},\"primaryImageOfPage\":{\"@id\":\"https:\/\/prestamosivf.premm.es\/va\/som-ivf#primaryimage\"},\"datePublished\":\"2023-03-22T10:46:06+00:00\",\"dateModified\":\"2023-07-19T08:56:49+00:00\",\"breadcrumb\":{\"@id\":\"https:\/\/prestamosivf.premm.es\/va\/som-ivf#breadcrumb\"},\"inLanguage\":\"va-ES\",\"potentialAction\":[{\"@type\":\"ReadAction\",\"target\":[\"https:\/\/prestamosivf.premm.es\/va\/som-ivf\"]}]},{\"@type\":\"BreadcrumbList\",\"@id\":\"https:\/\/prestamosivf.premm.es\/va\/som-ivf#breadcrumb\",\"itemListElement\":[{\"@type\":\"ListItem\",\"position\":1,\"name\":\"Portada\",\"item\":\"https:\/\/prestamosivf.premm.es\/va\"},{\"@type\":\"ListItem\",\"position\":2,\"name\":\"Som IVF\"}]}]}<\/script>\n<!-- \/ Yoast SEO plugin. -->","yoast_head_json":{"title":"Som IVF - IVF","robots":{"index":"noindex","follow":"follow","max-snippet":"max-snippet:-1","max-image-preview":"max-image-preview:large","max-video-preview":"max-video-preview:-1"},"og_locale":"en_US","og_type":"article","og_title":"Som IVF - IVF","og_description":"Som IVF Institut Valenci\u00e0 de Finances L\u2019Institut Valenci\u00e0 de Finances es converteix en un banc p\u00fablic de foment empresarial que canalitzar\u00e0 l\u2019oferta p\u00fablica de finan\u00e7ament&hellip;","og_url":"https:\/\/prestamosivf.premm.es\/va\/som-ivf","og_site_name":"IVF","article_modified_time":"2023-07-19T08:56:49+00:00","og_image":[{"url":"https:\/\/prestamosivf.premm.es\/wp-content\/uploads\/2023\/05\/sede-768x1024.jpg"}],"twitter_card":"summary_large_image","twitter_misc":{"Est. reading time":"2 minutes"},"schema":{"@context":"https:\/\/schema.org","@graph":[{"@type":"WebSite","@id":"https:\/\/prestamosivf.premm.es\/va#website","url":"https:\/\/prestamosivf.premm.es\/va","name":"IVF","description":"IVF, Nuestro \u00fanico inter\u00e9s eres t\u00fa","potentialAction":[{"@type":"SearchAction","target":{"@type":"EntryPoint","urlTemplate":"https:\/\/prestamosivf.premm.es\/va?s={search_term_string}"},"query-input":"required name=search_term_string"}],"inLanguage":"va-ES"},{"@type":"ImageObject","@id":"https:\/\/prestamosivf.premm.es\/va\/som-ivf#primaryimage","inLanguage":"va-ES","url":"https:\/\/prestamosivf.premm.es\/wp-content\/uploads\/2023\/05\/sede.jpg","contentUrl":"https:\/\/prestamosivf.premm.es\/wp-content\/uploads\/2023\/05\/sede.jpg","width":1200,"height":1600},{"@type":"WebPage","@id":"https:\/\/prestamosivf.premm.es\/va\/som-ivf#webpage","url":"https:\/\/prestamosivf.premm.es\/va\/som-ivf","name":"Som IVF - IVF","isPartOf":{"@id":"https:\/\/prestamosivf.premm.es\/va#website"},"primaryImageOfPage":{"@id":"https:\/\/prestamosivf.premm.es\/va\/som-ivf#primaryimage"},"datePublished":"2023-03-22T10:46:06+00:00","dateModified":"2023-07-19T08:56:49+00:00","breadcrumb":{"@id":"https:\/\/prestamosivf.premm.es\/va\/som-ivf#breadcrumb"},"inLanguage":"va-ES","potentialAction":[{"@type":"ReadAction","target":["https:\/\/prestamosivf.premm.es\/va\/som-ivf"]}]},{"@type":"BreadcrumbList","@id":"https:\/\/prestamosivf.premm.es\/va\/som-ivf#breadcrumb","itemListElement":[{"@type":"ListItem","position":1,"name":"Portada","item":"https:\/\/prestamosivf.premm.es\/va"},{"@type":"ListItem","position":2,"name":"Som IVF"}]}]}},"_links":{"self":[{"href":"https:\/\/prestamosivf.premm.es\/va\/wp-json\/wp\/v2\/pages\/848"}],"collection":[{"href":"https:\/\/prestamosivf.premm.es\/va\/wp-json\/wp\/v2\/pages"}],"about":[{"href":"https:\/\/prestamosivf.premm.es\/va\/wp-json\/wp\/v2\/types\/page"}],"author":[{"embeddable":true,"href":"https:\/\/prestamosivf.premm.es\/va\/wp-json\/wp\/v2\/users\/1"}],"replies":[{"embeddable":true,"href":"https:\/\/prestamosivf.premm.es\/va\/wp-json\/wp\/v2\/comments?post=848"}],"version-history":[{"count":30,"href":"https:\/\/prestamosivf.premm.es\/va\/wp-json\/wp\/v2\/pages\/848\/revisions"}],"predecessor-version":[{"id":2418,"href":"https:\/\/prestamosivf.premm.es\/va\/wp-json\/wp\/v2\/pages\/848\/revisions\/2418"}],"wp:attachment":[{"href":"https:\/\/prestamosivf.premm.es\/va\/wp-json\/wp\/v2\/media?parent=848"}],"curies":[{"name":"wp","href":"https:\/\/api.w.org\/{rel}","templated":true}]}}