{"id":1178,"date":"2023-04-27T12:10:05","date_gmt":"2023-04-27T12:10:05","guid":{"rendered":"https:\/\/prestamos.premm.es\/?page_id=1178"},"modified":"2023-07-19T09:33:58","modified_gmt":"2023-07-19T09:33:58","slug":"linia-ivf-liquiditat-entitats-socials-2023","status":"publish","type":"page","link":"https:\/\/prestamosivf.premm.es\/va\/prestecs\/linia-ivf-liquiditat-entitats-socials-2023","title":{"rendered":"L\u00ednia IVF Liquiditat Entitats Socials 2023"},"content":{"rendered":"\t\t<div data-elementor-type=\"wp-page\" data-elementor-id=\"1178\" class=\"elementor elementor-1178\">\n\t\t\t\t\t\t\t\t\t<section class=\"elementor-section elementor-top-section elementor-element elementor-element-3321343d elementor-section-height-min-height elementor-section-stretched cabecera-top elementor-section-boxed elementor-section-height-default elementor-section-items-middle\" data-id=\"3321343d\" data-element_type=\"section\" data-settings=\"{&quot;stretch_section&quot;:&quot;section-stretched&quot;,&quot;background_background&quot;:&quot;classic&quot;}\">\n\t\t\t\t\t\t\t<div class=\"elementor-background-overlay\"><\/div>\n\t\t\t\t\t\t\t<div class=\"elementor-container elementor-column-gap-default\">\n\t\t\t\t\t<div class=\"elementor-column elementor-col-50 elementor-top-column elementor-element elementor-element-4ea1eb14\" data-id=\"4ea1eb14\" data-element_type=\"column\">\n\t\t\t<div class=\"elementor-widget-wrap elementor-element-populated\">\n\t\t\t\t\t\t\t\t<div class=\"elementor-element elementor-element-5e55105b hola elementor-widget elementor-widget-heading\" data-id=\"5e55105b\" data-element_type=\"widget\" data-widget_type=\"heading.default\">\n\t\t\t\t<div class=\"elementor-widget-container\">\n\t\t\t<style>\/*! elementor - v3.14.0 - 26-06-2023 *\/\n.elementor-heading-title{padding:0;margin:0;line-height:1}.elementor-widget-heading .elementor-heading-title[class*=elementor-size-]>a{color:inherit;font-size:inherit;line-height:inherit}.elementor-widget-heading .elementor-heading-title.elementor-size-small{font-size:15px}.elementor-widget-heading .elementor-heading-title.elementor-size-medium{font-size:19px}.elementor-widget-heading .elementor-heading-title.elementor-size-large{font-size:29px}.elementor-widget-heading .elementor-heading-title.elementor-size-xl{font-size:39px}.elementor-widget-heading .elementor-heading-title.elementor-size-xxl{font-size:59px}<\/style><h1 class=\"elementor-heading-title elementor-size-default\">L\u00ednia IVF Liquiditat Entitats Socials 2023\n<\/h1>\t\t<\/div>\n\t\t\t\t<\/div>\n\t\t\t\t<div class=\"elementor-element elementor-element-4f67172 elementor-widget elementor-widget-heading\" data-id=\"4f67172\" data-element_type=\"widget\" data-widget_type=\"heading.default\">\n\t\t\t\t<div class=\"elementor-widget-container\">\n\t\t\t<h4 class=\"elementor-heading-title elementor-size-default\">Permet finan\u00e7ar necessitats operatives de fons d'un conjunt ampli d'entitats socials\n<\/h4>\t\t<\/div>\n\t\t\t\t<\/div>\n\t\t\t\t<section class=\"elementor-section elementor-inner-section elementor-element elementor-element-f2a48e8 elementor-section-boxed elementor-section-height-default elementor-section-height-default\" data-id=\"f2a48e8\" data-element_type=\"section\">\n\t\t\t\t\t\t<div class=\"elementor-container elementor-column-gap-default\">\n\t\t\t\t\t<div class=\"elementor-column elementor-col-50 elementor-inner-column elementor-element elementor-element-89b030a\" data-id=\"89b030a\" data-element_type=\"column\">\n\t\t\t<div class=\"elementor-widget-wrap elementor-element-populated\">\n\t\t\t\t\t\t\t\t<div class=\"elementor-element elementor-element-581f0af elementor-widget__width-initial elementor-widget elementor-widget-button\" data-id=\"581f0af\" data-element_type=\"widget\" data-widget_type=\"button.default\">\n\t\t\t\t<div class=\"elementor-widget-container\">\n\t\t\t\t\t<div class=\"elementor-button-wrapper\">\n\t\t\t<a class=\"elementor-button elementor-button-link elementor-size-sm\" href=\"\/wp-content\/uploads\/2023\/06\/2023_4058-1.pdf\" target=\"_blank\">\n\t\t\t\t\t\t<span class=\"elementor-button-content-wrapper\">\n\t\t\t\t\t\t<span class=\"elementor-button-text\">BASES CONVOCAT\u00d2RIA<\/span>\n\t\t<\/span>\n\t\t\t\t\t<\/a>\n\t\t<\/div>\n\t\t\t\t<\/div>\n\t\t\t\t<\/div>\n\t\t\t\t\t<\/div>\n\t\t<\/div>\n\t\t\t\t<div class=\"elementor-column elementor-col-50 elementor-inner-column elementor-element elementor-element-b3d4290\" data-id=\"b3d4290\" data-element_type=\"column\">\n\t\t\t<div class=\"elementor-widget-wrap elementor-element-populated\">\n\t\t\t\t\t\t\t\t<div class=\"elementor-element elementor-element-a7138dd elementor-widget__width-initial elementor-widget elementor-widget-button\" data-id=\"a7138dd\" data-element_type=\"widget\" data-widget_type=\"button.default\">\n\t\t\t\t<div class=\"elementor-widget-container\">\n\t\t\t\t\t<div class=\"elementor-button-wrapper\">\n\t\t\t<a class=\"elementor-button elementor-button-link elementor-size-sm\" href=\"https:\/\/www.gva.es\/va\/inicio\/procedimientos?id_proc=G24178\" target=\"_blank\">\n\t\t\t\t\t\t<span class=\"elementor-button-content-wrapper\">\n\t\t\t\t\t\t<span class=\"elementor-button-text\">SOL\u00b7LICITAR<\/span>\n\t\t<\/span>\n\t\t\t\t\t<\/a>\n\t\t<\/div>\n\t\t\t\t<\/div>\n\t\t\t\t<\/div>\n\t\t\t\t\t<\/div>\n\t\t<\/div>\n\t\t\t\t\t\t\t<\/div>\n\t\t<\/section>\n\t\t\t\t\t<\/div>\n\t\t<\/div>\n\t\t\t\t<div class=\"elementor-column elementor-col-50 elementor-top-column elementor-element elementor-element-fc45022\" data-id=\"fc45022\" data-element_type=\"column\">\n\t\t\t<div class=\"elementor-widget-wrap elementor-element-populated\">\n\t\t\t\t\t\t\t\t<section class=\"elementor-section elementor-inner-section elementor-element elementor-element-47935b7 elementor-section-boxed elementor-section-height-default elementor-section-height-default\" data-id=\"47935b7\" data-element_type=\"section\">\n\t\t\t\t\t\t<div class=\"elementor-container elementor-column-gap-default\">\n\t\t\t\t\t<div class=\"elementor-column elementor-col-100 elementor-inner-column elementor-element elementor-element-7c74791\" data-id=\"7c74791\" data-element_type=\"column\">\n\t\t\t<div class=\"elementor-widget-wrap\">\n\t\t\t\t\t\t\t\t\t<\/div>\n\t\t<\/div>\n\t\t\t\t\t\t\t<\/div>\n\t\t<\/section>\n\t\t\t\t\t<\/div>\n\t\t<\/div>\n\t\t\t\t\t\t\t<\/div>\n\t\t<\/section>\n\t\t\t\t<section class=\"elementor-section elementor-top-section elementor-element elementor-element-0c4a25a elementor-section-stretched elementor-section-boxed elementor-section-height-default elementor-section-height-default\" data-id=\"0c4a25a\" data-element_type=\"section\" data-settings=\"{&quot;stretch_section&quot;:&quot;section-stretched&quot;}\">\n\t\t\t\t\t\t<div class=\"elementor-container elementor-column-gap-default\">\n\t\t\t\t\t<div class=\"elementor-column elementor-col-100 elementor-top-column elementor-element elementor-element-130f6ff\" data-id=\"130f6ff\" data-element_type=\"column\">\n\t\t\t<div class=\"elementor-widget-wrap elementor-element-populated\">\n\t\t\t\t\t\t\t\t<div class=\"elementor-element elementor-element-d64932c elementor-widget elementor-widget-eael-adv-tabs\" data-id=\"d64932c\" data-element_type=\"widget\" data-widget_type=\"eael-adv-tabs.default\">\n\t\t\t\t<div class=\"elementor-widget-container\">\n\t\t\t        <div id=\"eael-advance-tabs-d64932c\" class=\"eael-advance-tabs eael-tabs-horizontal eael-tab-auto-active \" data-tabid=\"d64932c\">\n            <div class=\"eael-tabs-nav\">\n                <ul class=\"\">\n                                            <li id=\"beneficiaris\" class=\"active-default eael-tab-item-trigger\" aria-selected=\"true\" data-tab=\"1\" role=\"tab\" tabindex=\"0\" aria-controls=\"beneficiaris-tab\" aria-expanded=\"false\">\n                            \n                            \n                            \n                                                            <span class=\"eael-tab-title  title-after-icon\">Beneficiaris<\/span>                                                    <\/li>\n                                            <li id=\"condicions\" class=\"inactive eael-tab-item-trigger\" aria-selected=\"false\" data-tab=\"2\" role=\"tab\" tabindex=\"-1\" aria-controls=\"condicions-tab\" aria-expanded=\"false\">\n                            \n                            \n                            \n                                                            <span class=\"eael-tab-title  title-after-icon\">Condicions<\/span>                                                    <\/li>\n                                            <li id=\"requisits\" class=\"inactive eael-tab-item-trigger\" aria-selected=\"false\" data-tab=\"3\" role=\"tab\" tabindex=\"-1\" aria-controls=\"requisits-tab\" aria-expanded=\"false\">\n                            \n                            \n                            \n                                                            <span class=\"eael-tab-title  title-after-icon\">Requisits<\/span>                                                    <\/li>\n                                            <li id=\"documentaci\" class=\"inactive eael-tab-item-trigger\" aria-selected=\"false\" data-tab=\"4\" role=\"tab\" tabindex=\"-1\" aria-controls=\"documentaci-tab\" aria-expanded=\"false\">\n                            \n                            \n                            \n                                                            <span class=\"eael-tab-title  title-after-icon\">Documentaci\u00f3<\/span>                                                    <\/li>\n                                            <li id=\"desemborsament\" class=\" eael-tab-item-trigger\" aria-selected=\"false\" data-tab=\"5\" role=\"tab\" tabindex=\"-1\" aria-controls=\"desemborsament-tab\" aria-expanded=\"false\">\n                            \n                            \n                            \n                                                            <span class=\"eael-tab-title  title-after-icon\">Desemborsament<\/span>                                                    <\/li>\n                                    <\/ul>\n            <\/div>\n            \n            <div class=\"eael-tabs-content\">\n\t\t        \n                    <div id=\"beneficiaris-tab\" class=\"clearfix eael-tab-content-item active-default\" data-title-link=\"beneficiaris-tab\">\n\t\t\t\t        \t\t\t\t\t        Aquesta Convocat\u00f2ria t\u00e9 per objecte finan\u00e7ar les necessitats operatives de fons d\u2019un conjunt ampli d\u2019entitats socials, anticipant els drets de cr\u00e8dit derivats d\u2019accions concertades i de subvencions atorgades per la Generalitat Valenciana per a l\u2019exercici 2023. En concret, ateses les circumst\u00e0ncies particulars de cada col\u00b7lectiu i a l\u2019origen i naturalesa dels fons a anticipar, aquesta l\u00ednia de finan\u00e7ament planteja cinc modalitats diferents:\n<ul class=\"pesta\u00f1as-linea\">\n \t<li><strong>Diversitat funcional:<\/strong>\u00a0Podran sol\u00b7licitar finan\u00e7ament a l\u2019empara d\u2019aquesta modalitat les entitats d\u2019iniciativa social que siguen titulars de centres d\u2019atenci\u00f3 social a persones amb discapacitat o diversitat funcional i que, durant l\u2019exercici 2023, o b\u00e9 formalitzen un concert social o b\u00e9 prorroguen un ja preexistent, a fi de prestar serveis d\u2019atenci\u00f3 a persones amb diversitat funcional.<\/li>\n \t<li><strong>Inf\u00e0ncia, adolesc\u00e8ncia i persones en situaci\u00f3 de risc d\u2019exclusi\u00f3 social:<\/strong> Podran sol\u00b7licitar finn\u00e7ament a l\u2019empara d\u2019aquesta modalitat entitats d\u2019iniciativa social que:\n<span style=\"color: #e21735; font-weight: bold; margin-left: 10px;\">\u2013<\/span> Actuen en l\u2019\u00e0mbit de la inf\u00e0ncia i l\u2019adolesc\u00e8ncia, o presten serveis a col\u00b7lectius vulnerables amb el risc d\u2019exclusi\u00f3 social.<span style=\"color: #e21735; font-weight: bold; margin-left: 10px;\">\u2013<\/span> En 2023 desenvolupen actuacions per a les quals l\u2019Administraci\u00f3 haja resolt la concessi\u00f3 d\u2019un concert social convocat a l\u2019empara de resolucions aprovades a aquest efecte per la VICIPI, i publicades en el DOGV.<\/li>\n \t<li><strong>Majors:<\/strong>\u00a0Podran sol\u00b7licitar finan\u00e7ament a l\u2019empara de aquesta modalitat, les entitats d\u2019iniciativa social que siguen titulars de centres d\u2019atenci\u00f3 social a persones majors dependents, i que, durant l\u2019exercici 2023, o b\u00e9 formalitzen un concert social, o b\u00e9 prorroguen un ja preexistent, a fi de prestar serveis d\u2019atenci\u00f3 a persones majors dependents.<\/li>\n \t<li><strong>Inversi\u00f3 per a la construcci\u00f3, equipament i adequaci\u00f3 d\u2019infraestructures de serveis socials:<\/strong>\u00a0Podran sol\u00b7licitar finan\u00e7ament a l\u2019empara d\u2019aquesta modalitat, les entitats a les quals se\u2019ls haja concedit subvencions per la Direcci\u00f3 d\u2019Infraestructures de Serveis Socials de la VICIPI en 2023 per a projectes d\u2019inversi\u00f3 en mat\u00e8ria d\u2019equipament, vehicles adaptats, redacci\u00f3 de projectes i obres en l\u2019\u00e0mbit de la Igualtat i Pol\u00edtiques Inclusives.<\/li>\n \t<li><strong>Organitzacions sindicals i empresarials:<\/strong>\u00a0Podran sol\u00b7licitar finan\u00e7ament a l\u2019empara de la modalitat E de la Convocat\u00f2ria, les organitzacions sindicals o empresarials representatives en la Comunitat Valenciana que hagen sigut benefici\u00e0ries en 2023 d\u2019alguna de les ajudes descrites en l\u2019apartat 6 de l\u2019article segon de la Convocat\u00f2ria.<\/li>\n<\/ul>\n<div style=\"text-align: center;\"><img decoding=\"async\" style=\"width: 80%;\" src=\"\/wp-content\/uploads\/2023\/04\/logo01_es.jpg\" \/><\/div>\n*Consultar les bases completes en la convocat\u00f2ria.\t\t\t\t                            <\/div>\n\t\t        \n                    <div id=\"condicions-tab\" class=\"clearfix eael-tab-content-item inactive\" data-title-link=\"condicions-tab\">\n\t\t\t\t        \t\t\t\t\t        <p>El finan\u00e7ament obtingut a l\u2019empara de<\/p><p>\u00a0<strong><u>les modalitats A, B i C<\/u><\/strong>\u00a0s\u2019instrumenta a trav\u00e9s de pr\u00e9stecs ordinaris les condicions principals dels quals s\u00f3n les seg\u00fcents:<\/p><p><strong>IMPORT:<\/strong> Les entitats podran sol\u00b7licitar fins al menor de a) el 100% de les despeses de personal, telefonia i consums energ\u00e8tics realitzats durant l\u2019exercici 2022 pel centre o servei concertat per al qual se sol\u00b7licita la bestreta, i b) el 90,00% de l\u2019import del concert previst o signat per a l\u2019any 2023, a conseq\u00fc\u00e8ncia de la posada a la disposici\u00f3 de la conselleria concertant, del centre o servei concertat per al qual sol\u00b7liciten la bestreta. Si una entitat gestiona diversos centres o \u00e9s adjudicat\u00e0ria de diversos serveis, podr\u00e0 anticipar el cobrament del concert d\u2019un o diversos d\u2019ells (no necess\u00e0riament de tots), per\u00f2 haur\u00e0 de formalitzar el pr\u00e9stec en una \u00fanica p\u00f2lissa.<\/p><p><strong>TERMINI D\u2019AMORTITZACI\u00d3:<\/strong> 12 mesos<\/p><p><strong>GARANT\u00cdA<\/strong>: Penyora sobre els drets de cr\u00e8dit derivats, o que puguen derivar-se, del concert social anticipat, per la prestaci\u00f3 dels serveis concertats en 2023.<\/p><p><strong>AMORTITZACI\u00d3:<\/strong> Els cobraments procedents del concert o de qualsevol altre dret econ\u00f2mic que corresponga al prestatari per la prestaci\u00f3 del servei, s\u2019aplicaran a amortitzar anticipadament l\u2019operaci\u00f3 fins a la seua total cancel\u00b7laci\u00f3.<\/p><p><strong>TIPUS D\u2019INTER\u00c9S:<\/strong>: El pr\u00e9stec reportar\u00e0 un tipus fix anual del 1,5% sobre el risc viu de l\u2019operaci\u00f3 a cada moment.<\/p><p><strong>LIQUIDACI\u00d3:<\/strong>La liquidaci\u00f3 i pagament dels interessos s\u2019efectuar\u00e0 coincidint amb l\u2019amortitzaci\u00f3 del capital disposat. En la data de venciment de l\u2019operaci\u00f3, l\u2019Institut liquidar\u00e0 les difer\u00e8ncies existents, en el seu cas, entre l\u2019import nominal del pr\u00e9stec m\u00e9s l\u2019inter\u00e9s reportat de l\u2019operaci\u00f3 i els imports cobrats per l\u2019IVF pels drets econ\u00f2mics del concert anticipat. No obstant aix\u00f2, en cas de produir-se amortitzacions anticipades, els imports percebuts s\u2019aplicaran, a m\u00e9s del capital, als interessos reportats fins a aqueix moment.<\/p><p><strong>COMISSI\u00d3 D\u2019OBERTURA<\/strong> Sense comissi\u00f3 d\u2019obertura.<\/p><p><strong>COMISSI\u00d3 PER DISPOSICI\u00d3:<\/strong> 0,25% sobre l\u2019import desemborsat del pr\u00e9stec, que es liquidar\u00e0 coincidint amb el lliurament.<\/p><p><strong>COMISSIONS PER NO DISPOSICI\u00d3:<\/strong>No hi ha comissions per no disposici\u00f3 dels imports formalitzats. L\u2019acreditat pot renunciar en qualsevol moment al lliurament del capital pendent de percebre, sense cap penalitzaci\u00f3.<\/p><p><strong>COMISSI\u00d3 DE CANCEL\u00b7LACI\u00d3 ANTICIPADA:<\/strong> Sense comissi\u00f3 de cancel\u00b7laci\u00f3 anticipada.<\/p><p>El finan\u00e7ament obtingut a l\u2019empara de \u00a0<strong><u>la modalitat D<\/u><\/strong>\u00a0s\u2019instrumenta a trav\u00e9s de pr\u00e9stecs ordinaris les condicions principals dels quals s\u00f3n les seg\u00fcents:<\/p><div><p><strong>IMPORT:<\/strong> Les entitats podran sol\u00b7licitar fins al 80,00% de la subvenci\u00f3 concedida; per\u00f2 no s\u2019anticiparan subvencions d\u2019import inferior a 25.000,00 euros.<\/p><p><strong>TERMINI D\u2019AMORTITZACI\u00d3:<\/strong>: 24 mesos.<\/p><p><strong>GARANTIA:<\/strong> Penyora sobre els drets de cr\u00e8dit derivats, o que puguen derivar-se, de les subvencions concedides per la Direcci\u00f3 d\u2019Infraestructures de Serveis Socials de la VICIPI en 2023, a l\u2019empara de convocat\u00f2ries fetes mitjan\u00e7ant Resoluci\u00f3 publicada en el DOGV per a projectes d\u2019inversi\u00f3 en mat\u00e8ria d\u2019equipament, vehicles adaptats, redacci\u00f3 de projectes i obres en l\u2019\u00e0mbit de la Igualtat i Pol\u00edtiques Inclusives.<\/p><p><strong>AMORTITZACI\u00d3:<\/strong>\u00a0Els cobraments procedents de la subvenci\u00f3 o de qualsevol altre dret econ\u00f2mic que corresponga al prestatari per l\u2019execuci\u00f3 del projecte d\u2019inversi\u00f3, s\u2019aplicaran a amortitzar anticipadament l\u2019operaci\u00f3 fins a la seua total cancel\u00b7laci\u00f3.<\/p><p><strong>TIPUS D\u2019INTER\u00c9S:<\/strong> el pr\u00e9stec reportar\u00e0 un tipus fix anual del 1,5% sobre el risc viu de l\u2019operaci\u00f3 a cada moment.<\/p><p><strong>LIQUIDACI\u00d3:<\/strong> La liquidaci\u00f3 i pagament dels interessos s\u2019efectuar\u00e0 coincidint amb l\u2019amortitzaci\u00f3 del capital disposat. En la data de venciment de l\u2019operaci\u00f3, l\u2019Institut liquidar\u00e0 les difer\u00e8ncies existents, en el seu cas, entre l\u2019import nominal del pr\u00e9stec m\u00e9s l\u2019inter\u00e9s reportat de l\u2019operaci\u00f3 i els imports cobrats per l\u2019IVF. No obstant aix\u00f2, en cas de produir-se amortitzacions anticipades, els imports percebuts s\u2019aplicaran, a m\u00e9s del capital, als interessos reportats fins a aqueix moment.<\/p><p><strong>COMISSI\u00d3 D\u2019OBERTURA:<\/strong>: Sense comissi\u00f3 d\u2019obertura ni de cancel\u00b7laci\u00f3 anticipada.<\/p><p><strong>COMISSI\u00d3 PER DISPOSICI\u00d3:<\/strong>: 0,25% sobre l\u2019import desemborsat del pr\u00e9stec, que es liquidar\u00e0 coincidint amb el lliurament.<\/p><p><strong>COMISSIONS PER NO DISPOSICI\u00d3:<\/strong>: No hi ha comissions per no disposici\u00f3 dels imports formalitzats. L\u2019acreditat pot renunciar en qualsevol moment al lliurament del capital pendent de percebre, sense cap penalitzaci\u00f3.<\/p><p><strong>COMISSI\u00d3 DE CANCEL\u00b7LACI\u00d3 ANTICIPADA:<\/strong> Sense comissi\u00f3 de cancel\u00b7laci\u00f3 anticipada.<\/p><\/div><p>El finan\u00e7ament obtingut a l\u2019empara de\u00a0<strong><u>la modalitat E<\/u><\/strong>\u00a0s\u2019instrumenta a trav\u00e9s de pr\u00e9stecs ordinaris les condicions principals dels quals s\u00f3n les seg\u00fcents:<\/p><div><p><strong>IMPORT:<\/strong><\/p><ul><li>Fins al 98% del 50% de l\u2019import concedit en 2023 per a la realitzaci\u00f3 de les activitats per part de les organitzacions empresarials i sindicals en mat\u00e8ries espec\u00edfiques de la Llei 7\/2015, de 2 d\u2019abril, de la Generalitat, de Participaci\u00f3 i Col\u00b7laboraci\u00f3 Institucional de les Organitzacions Sindicals i Empresarials Representatives en la Comunitat Valenciana [l\u00ednies pressupost\u00e0ries S0365000, S8047000, S8048000].<\/li><li>Fins al 95% de les subvencions atorgades l\u2019any 2023 per al suport als sindicats i organitzacions sindicals en funci\u00f3 dels resultats obtinguts en les eleccions sindicals celebrades en l\u2019\u00e0mbit territorial de la Comunitat Valenciana [l\u00ednia pressupost\u00e0ria S0230000], per\u00f2 no s\u2019anticiparan subvencions per un import inferior a 25.000,00 euros.<\/li><\/ul><p><strong>TERMINI D\u2019AMORTITZACI\u00d3:<\/strong>\u00a024 mesos.<\/p><p><strong>GARANTIA:<\/strong>\u00a0Penyora sobre els drets de cr\u00e8dit derivats de les subvencions anticipades.<\/p><p><strong>AMORTITZACI\u00d3:<\/strong> Els cobraments procedents de la subvenci\u00f3, s\u2019aplicaran a amortitzar anticipadament l\u2019operaci\u00f3 fins a la seua total cancel\u00b7laci\u00f3.<\/p><p><strong>TIPUS D\u2019INTER\u00c9S:<\/strong>: el pr\u00e9stec reportar\u00e0 un tipus fix anual del 1,5% sobre el risc viu de l\u2019operaci\u00f3 a cada moment.<\/p><p><strong>LIQUIDACI\u00d3:<\/strong>: La liquidaci\u00f3 i pagament dels interessos s\u2019efectuar\u00e0 coincidint amb l\u2019amortitzaci\u00f3 del capital disposat. En la data de venciment de l\u2019operaci\u00f3, el *Institut liquidar\u00e0 les difer\u00e8ncies existents, en el seu cas, entre l\u2019import nominal del pr\u00e9stec m\u00e9s l\u2019inter\u00e9s reportat de l\u2019operaci\u00f3 i els imports cobrats per l\u2019IVF. No obstant aix\u00f2, en cas de produir-se amortitzacions anticipades, els imports percebuts s\u2019aplicaran, a m\u00e9s del capital, als interessos reportats fins a aqueix moment.<\/p><p><strong>COMISSI\u00d3 D\u2019OBERTURA:<\/strong> Sense comissi\u00f3 d\u2019obertura ni de cancel\u00b7laci\u00f3 anticipada.<\/p><p><strong>COMISSI\u00d3 PER DISPOSICI\u00d3:<\/strong> 0,25% sobre l\u2019import desemborsat del pr\u00e9stec, que es liquidar\u00e0 coincidint amb el lliurament.<\/p><p><strong>COMISSIONS PER NO DISPOSICI\u00d3:<\/strong>: No hi ha comissions per no disposici\u00f3 dels imports formalitzats. L\u2019acreditat pot renunciar en qualsevol moment al lliurament del capital pendent de percebre, sense cap penalitzaci\u00f3.<\/p><p><strong>COMISSI\u00d3 DE CANCEL\u00b7LACI\u00d3 ANTICIPADA:<\/strong>\u00a0Sense comissi\u00f3 de cancel\u00b7laci\u00f3 anticipada.<\/p><\/div><p>* Consultar las bases completas en la convocatoria<\/p>\t\t\t\t                            <\/div>\n\t\t        \n                    <div id=\"requisits-tab\" class=\"clearfix eael-tab-content-item inactive\" data-title-link=\"requisits-tab\">\n\t\t\t\t        \t\t\t\t\t        <div class=\"grve-element grve-text\">\n\nEls beneficiaris han de complir els seg\u00fcents requisits, entre altres*:\n\n\n\n<\/div>\n<div class=\"grve-element grve-list grve-list-check \">\n<ul class=\"pesta\u00f1as-linea\">\n \t<li>Tindre, almenys, un establiment, sucursal de producci\u00f3, o sucursal de desenvolupament d\u2019activitat radicat en la Comunitat Valenciana.<\/li>\n \t<li>Estar al corrent de compliment de les obligacions tribut\u00e0ries davant l\u2019Estat, la Generalitat i la Seguretat Social.\n<\/li>\n \t<li>No estar en situaci\u00f3 d\u2019empresa en crisi.\n<\/li>\n<\/ul>\n* Consultar les bases completes en la convocatoria\n\n\n\n<\/div>\t\t\t\t                            <\/div>\n\t\t        \n                    <div id=\"documentaci-tab\" class=\"clearfix eael-tab-content-item inactive\" data-title-link=\"documentaci-tab\">\n\t\t\t\t        \t\t\t\t\t        <div class=\"grve-element grve-text\"><div class=\"vc_tta-container\" data-vc-action=\"collapse\"><div class=\"vc_general vc_tta vc_tta-tabs vc_tta-o-shape-group vc_tta-tabs-position-top vc_tta-controls-align-left\"><div class=\"vc_tta-panels-container\"><div class=\"vc_tta-panels\"><div id=\"documentacio\" class=\"vc_tta-panel vc_active\" data-vc-content=\".vc_tta-panel-body\"><div class=\"vc_tta-panel-body\"><div class=\"grve-row\"><div class=\"wpb_column grve-column-3-4 panelLinea\"><div class=\"grve-element grve-text\"><p>La sol\u00b7licitud anir\u00e0 acompanyada de la seg\u00fcent documentaci\u00f3:<\/p><\/div><div class=\"grve-element grve-list grve-list-check \"><ul><li>Impr\u00e9s de sol\u00b7licitud.<\/li><li>Identificaci\u00f3 del sol\u00b7licitant: c\u00f2pia del DNI, passaport o targeta de resid\u00e8ncia del representant legal de l\u2019entitat, juntament amb la fotoc\u00f2pia de l\u2019escriptura d\u2019apoderament. A m\u00e9s s\u2019incorporar\u00e0 escriptura de titularitat real i escriptura de constituci\u00f3 de l\u2019entitat.<\/li><li>Si forma part d\u2019un grup s\u2019identificar\u00e0 les empreses del grup en un organigrama que inclour\u00e0 els percentatges de participaci\u00f3 en cada societat.<\/li><li>En cas que el domicili de l\u2019entitat que sol\u00b7licita el finan\u00e7ament estiga situat fora de la Comunitat Valenciana, s\u2019aportar\u00e0 documentaci\u00f3 acreditativa que l\u2019empresa compta amb un establiment de desenvolupament d\u2019activitat en territori valenci\u00e0.<\/li><li>Comptes anuals depositats en el Registre corresponent als exercicis 2020 i 2021, aix\u00ed com comptes anuals formulats relatives a l\u2019exercici 2022, o avan\u00e7 d\u2019aquestes. Si a l\u2019entitat forma part d\u2019un grup d\u2019empreses, definit conforme a l\u2019article 42 del Codi de Comer\u00e7, obligat a elaborar estats financers consolidats, haur\u00e0 d\u2019adjuntar tamb\u00e9 els comptes anuals consolidats del grup corresponents als exercicis 2020 i 2021, aix\u00ed com els comptes anuals formulats relatives a l\u2019exercici 2022, o avan\u00e7 d\u2019aquestes.<\/li><li>Informe actualitzat de riscos em\u00e9s per la Central d\u2019Informaci\u00f3 de Riscos del Banc d\u2019Espanya (CIRBE)<\/li><li>Distribuci\u00f3 per any de venciment de les obligacions financeres, incloses aquelles que resulten de pr\u00e9stecs atorgats per les Administracions P\u00fabliques en el marc de la seua activitat de promoci\u00f3 econ\u00f2mica.<\/li><li>Certificat de titularitat de compte bancari.<\/li><li>Declaraci\u00f3 d\u2019ajudes rebudes.<\/li><\/ul><\/div><div class=\"grve-element grve-text\"><p>Documentaci\u00f3 espec\u00edfica:<\/p><\/div><div class=\"grve-element grve-list grve-list-check \"><ul><li><strong>MModalitat A. Diversitat funcional; Modalitat B. Inf\u00e0ncia, adolesc\u00e8ncia i persones en situaci\u00f3 de risc d\u2019exclusi\u00f3 social; i Modalitat C. Majors<\/strong><br \/>A m\u00e9s, acompanyaran la seua sol\u00b7licitud amb la seg\u00fcent documentaci\u00f3:<ul><li>Declaraci\u00f3 responsable signada en la qual es manifeste, entre altres extrems, que l\u2019entitat \u00e9s titular de l\u2019acci\u00f3 concertada per a l\u2019any 2023 i compleix els requisits exigits en les convocat\u00f2ries d\u2019acci\u00f3 concertada, per a prestar els serveis socials objecte de les convocat\u00f2ries, en els centres i places per als quals sol\u00b7licita la bestreta a l\u2019IVF.<\/li><li>Acreditaci\u00f3 que l\u2019entitat \u00e9s benefici\u00e0ria de l\u2019acci\u00f3 concertada en 2023 mitjan\u00e7ant la fotoc\u00f2pia del document administratiu de formalitzaci\u00f3 del concert social i, en el seu cas, de la seua pr\u00f2rroga.<\/li><li>Relaci\u00f3 detallada de les n\u00f2mines corresponents a l\u2019exercici 2022, detallant com a m\u00ednim per a cada treballador: nom, mes, import brut, import net satisfet i data de pagament.<\/li><li>Relaci\u00f3 de factures i justificants de pagament, d\u2019aquells serveis recurrents prestats i facturats per aut\u00f2noms.<\/li><li>Autoliquidaci\u00f3 i justificant de pagament del Model 111. Retencions i ingressos a compte. Rendiments del treball i d\u2019activitats econ\u00f2miques, premis i determinats guanys patrimonials i imputacions de Renda, relatiu als quatre trimestres de 2022.<\/li><li>Rebut de liquidaci\u00f3 de cotitzacions (RLC), amb el corresponent justificant de pagament, relatiu als dotze mesos de 2022.<\/li><li>Factures acreditatives del consum de telefonia, energia el\u00e8ctrica, gas i aigua relatives a l\u2019exercici 2022.<\/li><li>Detall dels centres per als quals se sol\u00b7licita la bestreta de prestacions<\/li><\/ul><\/li><li><strong>Modalitat D. Inversi\u00f3 per a la construcci\u00f3, equipament i adequaci\u00f3 d\u2019infraestructures de serveis socials.<\/strong><br \/>A m\u00e9s, acompanyaran la seua sol\u00b7licitud amb la seg\u00fcent documentaci\u00f3:<ul><li>Declaraci\u00f3 responsable signada en la qual es manifeste, entre altres extrems, que l\u2019entitat \u00e9s titular d\u2019una subvenci\u00f3 per a l\u2019execuci\u00f3 d\u2019inversions, a l\u2019empara de la convocat\u00f2ria en vigor a la data de la sol\u00b7licitud, i est\u00e0 en disposici\u00f3 d\u2019executar en termini el projecte presentat a la CIPI i de complir els requisits exigits en la convocat\u00f2ria.<\/li><li>Identificaci\u00f3 del DOGV en el qual la sol\u00b7licitant figure com a benefici\u00e0ria de la subvenci\u00f3.<\/li><li>Fotoc\u00f2pia del pressupost detallat del projecte presentat a la VICIPI, que haur\u00e0 de contindre la identificaci\u00f3 individual de cada element, preu unitari, unitats, preu total amb IVA i sense IVA, aix\u00ed com la identificaci\u00f3 del prove\u00efdor o contractista.<\/li><li>Fotoc\u00f2pia de la sol\u00b7licitud tramitada davant la VICIPI per a l\u2019atorgament de la subvenci\u00f3.<\/li><\/ul><\/li><li><strong>Modalitat E. Organitzacions sindicals i empresarials<\/strong><br \/>A m\u00e9s, acompanyaran la seua sol\u00b7licitud amb la seg\u00fcent documentaci\u00f3:<ul><li>Declaraci\u00f3 responsable signada en la qual es manifeste, entre altres extrems, que l\u2019entitat \u00e9s benefici\u00e0ria de la subvenci\u00f3 a anticipar i compleix els requisits exigits per a ser beneficiari.<\/li><li>Resoluci\u00f3 d\u2019adjudicaci\u00f3 de la subvenci\u00f3 per l\u2019\u00f2rgan competent.<\/li><li>Relaci\u00f3 detallada de les n\u00f2mines corresponents a l\u2019exercici 2022, detallant com a m\u00ednim per a cada treballador: nom, mes, import brut, import net satisfet i data de pagament.<\/li><li>Relaci\u00f3 de factures i justificants de pagament, d\u2019aquells serveis recurrents prestats i facturats per aut\u00f2noms.<\/li><li>Autoliquidaci\u00f3 i justificant de pagament del Model 111. Retencions i ingressos a compte. Rendiments del treball i d\u2019activitats econ\u00f2miques, premis i determinats guanys patrimonials i imputacions de Renda, relatiu als quatre trimestres de 2022.<\/li><li>Rebut de liquidaci\u00f3 de cotitzacions (RLC), amb el corresponent justificant de pagament, relatiu als dotze mesos de 2022.<\/li><li>Factures acreditatives del consum de telefonia, energia el\u00e8ctrica, gas i aigua relatives a l\u2019exercici 2022.<\/li><\/ul><\/li><\/ul><\/div><div class=\"grve-element grve-text\"><p>En el cas de presentar-se sol\u00b7licituds que no s\u2019hagen emplenat aportant tota la informaci\u00f3 que es requereix i\/o no hagueren acompanyat tota la documentaci\u00f3 establida en la convocat\u00f2ria, l\u2019IVF requerir\u00e0 a l\u2019interessat perqu\u00e8, en el termini de cinc dies h\u00e0bils des de la notificaci\u00f3, esmene la falta o acompanye els documents preceptius, amb indicaci\u00f3 que, si aix\u00ed no ho fera, se li tindr\u00e0 per desistit en la seua petici\u00f3.<\/p><p>Els requeriments es realitzaran per mitjans electr\u00f2nics.<\/p><p>Sense perjudici del que s\u2019estableix en aquest article, l\u2019IVF podr\u00e0, amb posterioritat a la sol\u00b7licitud, requerir a la sol\u00b7licitant qualssevol altres dades, documents i informes complementaris que resulten necessaris per a la resoluci\u00f3 de l\u2019expedient.<\/p><p>* Consultar les bases completes en la convocat\u00f2ria<\/p><p>** Podr\u00e0 trobar els documents necessaris en l\u2019apartat de desc\u00e0rregues de la web<\/p><\/div><\/div><\/div><\/div><\/div><div id=\"despeses_financables\" class=\"vc_tta-panel\" data-vc-content=\".vc_tta-panel-body\">\u00a0<\/div><\/div><\/div><\/div><\/div><\/div>\t\t\t\t                            <\/div>\n\t\t        \n                    <div id=\"desemborsament-tab\" class=\"clearfix eael-tab-content-item \" data-title-link=\"desemborsament-tab\">\n\t\t\t\t        \t\t\t\t\t        <p>El desemborsament es realitzar\u00e0 a sol\u00b7licitud del prestatari (veure model de sol\u00b7licitud en l\u2019apartat de Desc\u00e0rregues), i es produir\u00e0 d\u2019una sola vegada o en desemborsaments parcials. El nombre m\u00e0xim de disposicions parcials ser\u00e0 l\u2019establit en la resoluci\u00f3 d\u2019aprovaci\u00f3 del finan\u00e7ament i es traslladar\u00e0 sense modificaci\u00f3 al Contracte de Pr\u00e9stec.<\/p><p>L\u2019IVF requerir\u00e0 la presentaci\u00f3 de factures, informes d\u2019auditoria o altres documents de valor probatori equivalent que justifiquen l\u2019actuaci\u00f3 realitzada. En aportar la documentaci\u00f3 del projecte, l\u2019acreditat certificar\u00e0 amb la seua signatura electr\u00f2nica que les c\u00f2pies dels documents aportats com a justificants constitueixen una c\u00f2pia fidel dels documents originals. El sol\u00b7licitant haur\u00e0 d\u2019aportar aquests documents amb posterioritat al desemborsament, conforme al que es disposa en la Resoluci\u00f3 de Concessi\u00f3 del finan\u00e7ament i en el contracte de pr\u00e9stec, sent causa de venciment anticipat, total o parcial, del pr\u00e9stec l\u2019incompliment d\u2019aquesta obligaci\u00f3, conforme al que es preveu en l\u2019article 23.2.c de la Convocat\u00f2ria.<\/p><p>Transcorregut el termini m\u00e0xim de disposici\u00f3 sense que es dispose de la totalitat dels fons, l\u2019import del pr\u00e9stec quedar\u00e0 fixat en la quantia efectivament disposada. En aquest sup\u00f2sit, l\u2019IVF emetr\u00e0 una resoluci\u00f3 modificant l\u2019acord d\u2019atorgament del finan\u00e7ament bonificat i anul\u00b7lant el comprom\u00eds per la part no disposada. Aix\u00ed mateix, es revisar\u00e0 l\u2019estimaci\u00f3 de l\u2019ajuda conforme al que es disposa en l\u2019article 14 de la Convocat\u00f2ria.<\/p><p>* Consultar les bases completes en la convocat\u00f2ria<\/p>\t\t\t\t                            <\/div>\n\t\t                    <\/div>\n        <\/div>\n\t\t<\/div>\n\t\t\t\t<\/div>\n\t\t\t\t\t<\/div>\n\t\t<\/div>\n\t\t\t\t\t\t\t<\/div>\n\t\t<\/section>\n\t\t\t\t\t\t\t<\/div>\n\t\t","protected":false},"excerpt":{"rendered":"<p>L\u00ednia IVF Liquiditat Entitats Socials 2023 Permet finan\u00e7ar necessitats operatives de fons d&#8217;un conjunt ampli d&#8217;entitats socials BASES CONVOCAT\u00d2RIA SOL\u00b7LICITAR Beneficiaris Condicions Requisits Documentaci\u00f3 Desemborsament&hellip;<\/p>\n","protected":false},"author":1,"featured_media":0,"parent":986,"menu_order":0,"comment_status":"closed","ping_status":"closed","template":"","meta":{"footnotes":""},"yoast_head":"<!-- This site is optimized with the Yoast SEO plugin v18.0 - https:\/\/yoast.com\/wordpress\/plugins\/seo\/ -->\n<title>L\u00ednia IVF Liquiditat Entitats Socials 2023 - IVF<\/title>\n<meta name=\"robots\" content=\"noindex, follow, max-snippet:-1, max-image-preview:large, max-video-preview:-1\" \/>\n<meta property=\"og:locale\" content=\"en_US\" \/>\n<meta property=\"og:type\" content=\"article\" \/>\n<meta property=\"og:title\" content=\"L\u00ednia IVF Liquiditat Entitats Socials 2023 - IVF\" \/>\n<meta property=\"og:description\" content=\"L\u00ednia IVF Liquiditat Entitats Socials 2023 Permet finan\u00e7ar necessitats operatives de fons d&#8217;un conjunt ampli d&#8217;entitats socials BASES CONVOCAT\u00d2RIA SOL\u00b7LICITAR Beneficiaris Condicions Requisits Documentaci\u00f3 Desemborsament&hellip;\" \/>\n<meta property=\"og:url\" content=\"https:\/\/prestamosivf.premm.es\/va\/prestecs\/linia-ivf-liquiditat-entitats-socials-2023\" \/>\n<meta property=\"og:site_name\" content=\"IVF\" \/>\n<meta property=\"article:modified_time\" content=\"2023-07-19T09:33:58+00:00\" \/>\n<meta property=\"og:image\" content=\"https:\/\/prestamosivf.premm.es\/wp-content\/uploads\/2023\/04\/logo01_es.jpg\" \/>\n<meta name=\"twitter:card\" content=\"summary_large_image\" \/>\n<meta name=\"twitter:label1\" content=\"Est. reading time\" \/>\n\t<meta name=\"twitter:data1\" content=\"12 minutes\" \/>\n<script type=\"application\/ld+json\" class=\"yoast-schema-graph\">{\"@context\":\"https:\/\/schema.org\",\"@graph\":[{\"@type\":\"WebSite\",\"@id\":\"https:\/\/prestamosivf.premm.es\/va#website\",\"url\":\"https:\/\/prestamosivf.premm.es\/va\",\"name\":\"IVF\",\"description\":\"IVF, Nuestro \u00fanico inter\u00e9s eres t\u00fa\",\"potentialAction\":[{\"@type\":\"SearchAction\",\"target\":{\"@type\":\"EntryPoint\",\"urlTemplate\":\"https:\/\/prestamosivf.premm.es\/va?s={search_term_string}\"},\"query-input\":\"required name=search_term_string\"}],\"inLanguage\":\"va-ES\"},{\"@type\":\"ImageObject\",\"@id\":\"https:\/\/prestamosivf.premm.es\/va\/prestecs\/linia-ivf-liquiditat-entitats-socials-2023#primaryimage\",\"inLanguage\":\"va-ES\",\"url\":\"\/wp-content\/uploads\/2023\/04\/logo01_es.jpg\",\"contentUrl\":\"\/wp-content\/uploads\/2023\/04\/logo01_es.jpg\"},{\"@type\":\"WebPage\",\"@id\":\"https:\/\/prestamosivf.premm.es\/va\/prestecs\/linia-ivf-liquiditat-entitats-socials-2023#webpage\",\"url\":\"https:\/\/prestamosivf.premm.es\/va\/prestecs\/linia-ivf-liquiditat-entitats-socials-2023\",\"name\":\"L\u00ednia IVF Liquiditat Entitats Socials 2023 - IVF\",\"isPartOf\":{\"@id\":\"https:\/\/prestamosivf.premm.es\/va#website\"},\"primaryImageOfPage\":{\"@id\":\"https:\/\/prestamosivf.premm.es\/va\/prestecs\/linia-ivf-liquiditat-entitats-socials-2023#primaryimage\"},\"datePublished\":\"2023-04-27T12:10:05+00:00\",\"dateModified\":\"2023-07-19T09:33:58+00:00\",\"breadcrumb\":{\"@id\":\"https:\/\/prestamosivf.premm.es\/va\/prestecs\/linia-ivf-liquiditat-entitats-socials-2023#breadcrumb\"},\"inLanguage\":\"va-ES\",\"potentialAction\":[{\"@type\":\"ReadAction\",\"target\":[\"https:\/\/prestamosivf.premm.es\/va\/prestecs\/linia-ivf-liquiditat-entitats-socials-2023\"]}]},{\"@type\":\"BreadcrumbList\",\"@id\":\"https:\/\/prestamosivf.premm.es\/va\/prestecs\/linia-ivf-liquiditat-entitats-socials-2023#breadcrumb\",\"itemListElement\":[{\"@type\":\"ListItem\",\"position\":1,\"name\":\"Portada\",\"item\":\"https:\/\/prestamosivf.premm.es\/va\"},{\"@type\":\"ListItem\",\"position\":2,\"name\":\"Pr\u00e9stecs\",\"item\":\"https:\/\/prestamosivf.premm.es\/va\/prestamos\"},{\"@type\":\"ListItem\",\"position\":3,\"name\":\"L\u00ednia IVF Liquiditat Entitats Socials 2023\"}]}]}<\/script>\n<!-- \/ Yoast SEO plugin. -->","yoast_head_json":{"title":"L\u00ednia IVF Liquiditat Entitats Socials 2023 - IVF","robots":{"index":"noindex","follow":"follow","max-snippet":"max-snippet:-1","max-image-preview":"max-image-preview:large","max-video-preview":"max-video-preview:-1"},"og_locale":"en_US","og_type":"article","og_title":"L\u00ednia IVF Liquiditat Entitats Socials 2023 - IVF","og_description":"L\u00ednia IVF Liquiditat Entitats Socials 2023 Permet finan\u00e7ar necessitats operatives de fons d&#8217;un conjunt ampli d&#8217;entitats socials BASES CONVOCAT\u00d2RIA SOL\u00b7LICITAR Beneficiaris Condicions Requisits Documentaci\u00f3 Desemborsament&hellip;","og_url":"https:\/\/prestamosivf.premm.es\/va\/prestecs\/linia-ivf-liquiditat-entitats-socials-2023","og_site_name":"IVF","article_modified_time":"2023-07-19T09:33:58+00:00","og_image":[{"url":"https:\/\/prestamosivf.premm.es\/wp-content\/uploads\/2023\/04\/logo01_es.jpg"}],"twitter_card":"summary_large_image","twitter_misc":{"Est. reading time":"12 minutes"},"schema":{"@context":"https:\/\/schema.org","@graph":[{"@type":"WebSite","@id":"https:\/\/prestamosivf.premm.es\/va#website","url":"https:\/\/prestamosivf.premm.es\/va","name":"IVF","description":"IVF, Nuestro \u00fanico inter\u00e9s eres t\u00fa","potentialAction":[{"@type":"SearchAction","target":{"@type":"EntryPoint","urlTemplate":"https:\/\/prestamosivf.premm.es\/va?s={search_term_string}"},"query-input":"required name=search_term_string"}],"inLanguage":"va-ES"},{"@type":"ImageObject","@id":"https:\/\/prestamosivf.premm.es\/va\/prestecs\/linia-ivf-liquiditat-entitats-socials-2023#primaryimage","inLanguage":"va-ES","url":"\/wp-content\/uploads\/2023\/04\/logo01_es.jpg","contentUrl":"\/wp-content\/uploads\/2023\/04\/logo01_es.jpg"},{"@type":"WebPage","@id":"https:\/\/prestamosivf.premm.es\/va\/prestecs\/linia-ivf-liquiditat-entitats-socials-2023#webpage","url":"https:\/\/prestamosivf.premm.es\/va\/prestecs\/linia-ivf-liquiditat-entitats-socials-2023","name":"L\u00ednia IVF Liquiditat Entitats Socials 2023 - IVF","isPartOf":{"@id":"https:\/\/prestamosivf.premm.es\/va#website"},"primaryImageOfPage":{"@id":"https:\/\/prestamosivf.premm.es\/va\/prestecs\/linia-ivf-liquiditat-entitats-socials-2023#primaryimage"},"datePublished":"2023-04-27T12:10:05+00:00","dateModified":"2023-07-19T09:33:58+00:00","breadcrumb":{"@id":"https:\/\/prestamosivf.premm.es\/va\/prestecs\/linia-ivf-liquiditat-entitats-socials-2023#breadcrumb"},"inLanguage":"va-ES","potentialAction":[{"@type":"ReadAction","target":["https:\/\/prestamosivf.premm.es\/va\/prestecs\/linia-ivf-liquiditat-entitats-socials-2023"]}]},{"@type":"BreadcrumbList","@id":"https:\/\/prestamosivf.premm.es\/va\/prestecs\/linia-ivf-liquiditat-entitats-socials-2023#breadcrumb","itemListElement":[{"@type":"ListItem","position":1,"name":"Portada","item":"https:\/\/prestamosivf.premm.es\/va"},{"@type":"ListItem","position":2,"name":"Pr\u00e9stecs","item":"https:\/\/prestamosivf.premm.es\/va\/prestamos"},{"@type":"ListItem","position":3,"name":"L\u00ednia IVF Liquiditat Entitats Socials 2023"}]}]}},"_links":{"self":[{"href":"https:\/\/prestamosivf.premm.es\/va\/wp-json\/wp\/v2\/pages\/1178"}],"collection":[{"href":"https:\/\/prestamosivf.premm.es\/va\/wp-json\/wp\/v2\/pages"}],"about":[{"href":"https:\/\/prestamosivf.premm.es\/va\/wp-json\/wp\/v2\/types\/page"}],"author":[{"embeddable":true,"href":"https:\/\/prestamosivf.premm.es\/va\/wp-json\/wp\/v2\/users\/1"}],"replies":[{"embeddable":true,"href":"https:\/\/prestamosivf.premm.es\/va\/wp-json\/wp\/v2\/comments?post=1178"}],"version-history":[{"count":51,"href":"https:\/\/prestamosivf.premm.es\/va\/wp-json\/wp\/v2\/pages\/1178\/revisions"}],"predecessor-version":[{"id":2501,"href":"https:\/\/prestamosivf.premm.es\/va\/wp-json\/wp\/v2\/pages\/1178\/revisions\/2501"}],"up":[{"embeddable":true,"href":"https:\/\/prestamosivf.premm.es\/va\/wp-json\/wp\/v2\/pages\/986"}],"wp:attachment":[{"href":"https:\/\/prestamosivf.premm.es\/va\/wp-json\/wp\/v2\/media?parent=1178"}],"curies":[{"name":"wp","href":"https:\/\/api.w.org\/{rel}","templated":true}]}}