{"id":1155,"date":"2023-05-03T14:09:12","date_gmt":"2023-05-03T14:09:12","guid":{"rendered":"https:\/\/prestamos.premm.es\/?page_id=1155"},"modified":"2023-07-19T09:31:48","modified_gmt":"2023-07-19T09:31:48","slug":"linia-prestecs-participatius-ivf-en-coinversio","status":"publish","type":"page","link":"https:\/\/prestamosivf.premm.es\/va\/prestecs\/linia-prestecs-participatius-ivf-en-coinversio","title":{"rendered":"L\u00ednia Pr\u00e9stecs Participatius IVF en coinversi\u00f3"},"content":{"rendered":"\t\t<div data-elementor-type=\"wp-page\" data-elementor-id=\"1155\" class=\"elementor elementor-1155\">\n\t\t\t\t\t\t\t\t\t<section class=\"elementor-section elementor-top-section elementor-element elementor-element-3321343d elementor-section-height-min-height elementor-section-stretched cabecera-top elementor-section-boxed elementor-section-height-default elementor-section-items-middle\" data-id=\"3321343d\" data-element_type=\"section\" data-settings=\"{&quot;stretch_section&quot;:&quot;section-stretched&quot;,&quot;background_background&quot;:&quot;classic&quot;}\">\n\t\t\t\t\t\t\t<div class=\"elementor-background-overlay\"><\/div>\n\t\t\t\t\t\t\t<div class=\"elementor-container elementor-column-gap-default\">\n\t\t\t\t\t<div class=\"elementor-column elementor-col-50 elementor-top-column elementor-element elementor-element-4ea1eb14\" data-id=\"4ea1eb14\" data-element_type=\"column\">\n\t\t\t<div class=\"elementor-widget-wrap elementor-element-populated\">\n\t\t\t\t\t\t\t\t<div class=\"elementor-element elementor-element-5e55105b hola elementor-widget elementor-widget-heading\" data-id=\"5e55105b\" data-element_type=\"widget\" data-widget_type=\"heading.default\">\n\t\t\t\t<div class=\"elementor-widget-container\">\n\t\t\t<style>\/*! elementor - v3.14.0 - 26-06-2023 *\/\n.elementor-heading-title{padding:0;margin:0;line-height:1}.elementor-widget-heading .elementor-heading-title[class*=elementor-size-]>a{color:inherit;font-size:inherit;line-height:inherit}.elementor-widget-heading .elementor-heading-title.elementor-size-small{font-size:15px}.elementor-widget-heading .elementor-heading-title.elementor-size-medium{font-size:19px}.elementor-widget-heading .elementor-heading-title.elementor-size-large{font-size:29px}.elementor-widget-heading .elementor-heading-title.elementor-size-xl{font-size:39px}.elementor-widget-heading .elementor-heading-title.elementor-size-xxl{font-size:59px}<\/style><h1 class=\"elementor-heading-title elementor-size-default\">L\u00ednia Pr\u00e9stecs Participatius IVF en coinversi\u00f3\n<\/h1>\t\t<\/div>\n\t\t\t\t<\/div>\n\t\t\t\t<div class=\"elementor-element elementor-element-4f67172 elementor-widget elementor-widget-heading\" data-id=\"4f67172\" data-element_type=\"widget\" data-widget_type=\"heading.default\">\n\t\t\t\t<div class=\"elementor-widget-container\">\n\t\t\t<h4 class=\"elementor-heading-title elementor-size-default\">Impulsem el creixement d'empreses de recent creaci\u00f3, fomentant la inversi\u00f3 d'inversors privats en projectes innovadors per a la Comunitat Valenciana\n<\/h4>\t\t<\/div>\n\t\t\t\t<\/div>\n\t\t\t\t<section class=\"elementor-section elementor-inner-section elementor-element elementor-element-f2a48e8 elementor-section-boxed elementor-section-height-default elementor-section-height-default\" data-id=\"f2a48e8\" data-element_type=\"section\">\n\t\t\t\t\t\t<div class=\"elementor-container elementor-column-gap-default\">\n\t\t\t\t\t<div class=\"elementor-column elementor-col-50 elementor-inner-column elementor-element elementor-element-89b030a\" data-id=\"89b030a\" data-element_type=\"column\">\n\t\t\t<div class=\"elementor-widget-wrap elementor-element-populated\">\n\t\t\t\t\t\t\t\t<div class=\"elementor-element elementor-element-581f0af elementor-widget__width-initial elementor-widget elementor-widget-button\" data-id=\"581f0af\" data-element_type=\"widget\" data-widget_type=\"button.default\">\n\t\t\t\t<div class=\"elementor-widget-container\">\n\t\t\t\t\t<div class=\"elementor-button-wrapper\">\n\t\t\t<a class=\"elementor-button elementor-button-link elementor-size-sm\" href=\"https:\/\/prestamos.ivf.es\/wp-content\/uploads\/2023\/06\/Convocatoria_en_DOGV_20220720-1.pdf\" target=\"_blank\">\n\t\t\t\t\t\t<span class=\"elementor-button-content-wrapper\">\n\t\t\t\t\t\t<span class=\"elementor-button-text\">BASES CONVOCAT\u00d2RIA<\/span>\n\t\t<\/span>\n\t\t\t\t\t<\/a>\n\t\t<\/div>\n\t\t\t\t<\/div>\n\t\t\t\t<\/div>\n\t\t\t\t\t<\/div>\n\t\t<\/div>\n\t\t\t\t<div class=\"elementor-column elementor-col-50 elementor-inner-column elementor-element elementor-element-2ab8683\" data-id=\"2ab8683\" data-element_type=\"column\">\n\t\t\t<div class=\"elementor-widget-wrap elementor-element-populated\">\n\t\t\t\t\t\t\t\t<div class=\"elementor-element elementor-element-f521ba4 elementor-widget__width-initial elementor-widget elementor-widget-button\" data-id=\"f521ba4\" data-element_type=\"widget\" data-widget_type=\"button.default\">\n\t\t\t\t<div class=\"elementor-widget-container\">\n\t\t\t\t\t<div class=\"elementor-button-wrapper\">\n\t\t\t<a class=\"elementor-button elementor-button-link elementor-size-sm\" href=\"https:\/\/www.gva.es\/va\/inicio\/procedimientos?id_proc=20302&#038;version=amp\" target=\"_blank\">\n\t\t\t\t\t\t<span class=\"elementor-button-content-wrapper\">\n\t\t\t\t\t\t<span class=\"elementor-button-text\">SOL\u00b7LICITAR<\/span>\n\t\t<\/span>\n\t\t\t\t\t<\/a>\n\t\t<\/div>\n\t\t\t\t<\/div>\n\t\t\t\t<\/div>\n\t\t\t\t\t<\/div>\n\t\t<\/div>\n\t\t\t\t\t\t\t<\/div>\n\t\t<\/section>\n\t\t\t\t\t<\/div>\n\t\t<\/div>\n\t\t\t\t<div class=\"elementor-column elementor-col-50 elementor-top-column elementor-element elementor-element-4f7d7d8\" data-id=\"4f7d7d8\" data-element_type=\"column\">\n\t\t\t<div class=\"elementor-widget-wrap elementor-element-populated\">\n\t\t\t\t\t\t\t\t<section class=\"elementor-section elementor-inner-section elementor-element elementor-element-5420549 elementor-section-boxed elementor-section-height-default elementor-section-height-default\" data-id=\"5420549\" data-element_type=\"section\">\n\t\t\t\t\t\t<div class=\"elementor-container elementor-column-gap-default\">\n\t\t\t\t\t<div class=\"elementor-column elementor-col-100 elementor-inner-column elementor-element elementor-element-746f5a8\" data-id=\"746f5a8\" data-element_type=\"column\">\n\t\t\t<div class=\"elementor-widget-wrap\">\n\t\t\t\t\t\t\t\t\t<\/div>\n\t\t<\/div>\n\t\t\t\t\t\t\t<\/div>\n\t\t<\/section>\n\t\t\t\t\t<\/div>\n\t\t<\/div>\n\t\t\t\t\t\t\t<\/div>\n\t\t<\/section>\n\t\t\t\t<section class=\"elementor-section elementor-top-section elementor-element elementor-element-0c4a25a elementor-section-stretched elementor-section-boxed elementor-section-height-default elementor-section-height-default\" data-id=\"0c4a25a\" data-element_type=\"section\" data-settings=\"{&quot;stretch_section&quot;:&quot;section-stretched&quot;}\">\n\t\t\t\t\t\t<div class=\"elementor-container elementor-column-gap-default\">\n\t\t\t\t\t<div class=\"elementor-column elementor-col-100 elementor-top-column elementor-element elementor-element-130f6ff\" data-id=\"130f6ff\" data-element_type=\"column\">\n\t\t\t<div class=\"elementor-widget-wrap elementor-element-populated\">\n\t\t\t\t\t\t\t\t<div class=\"elementor-element elementor-element-d64932c elementor-widget elementor-widget-eael-adv-tabs\" data-id=\"d64932c\" data-element_type=\"widget\" data-widget_type=\"eael-adv-tabs.default\">\n\t\t\t\t<div class=\"elementor-widget-container\">\n\t\t\t        <div id=\"eael-advance-tabs-d64932c\" class=\"eael-advance-tabs eael-tabs-horizontal eael-tab-auto-active \" data-tabid=\"d64932c\">\n            <div class=\"eael-tabs-nav\">\n                <ul class=\"\">\n                                            <li id=\"objectiu\" class=\"active-default eael-tab-item-trigger\" aria-selected=\"true\" data-tab=\"1\" role=\"tab\" tabindex=\"0\" aria-controls=\"objectiu-tab\" aria-expanded=\"false\">\n                            \n                            \n                            \n                                                            <span class=\"eael-tab-title  title-after-icon\">Objectiu<\/span>                                                    <\/li>\n                                            <li id=\"projectes\" class=\"inactive eael-tab-item-trigger\" aria-selected=\"false\" data-tab=\"2\" role=\"tab\" tabindex=\"-1\" aria-controls=\"projectes-tab\" aria-expanded=\"false\">\n                            \n                            \n                            \n                                                            <span class=\"eael-tab-title  title-after-icon\">Projectes<\/span>                                                    <\/li>\n                                            <li id=\"condicions\" class=\"inactive eael-tab-item-trigger\" aria-selected=\"false\" data-tab=\"3\" role=\"tab\" tabindex=\"-1\" aria-controls=\"condicions-tab\" aria-expanded=\"false\">\n                            \n                            \n                            \n                                                            <span class=\"eael-tab-title  title-after-icon\">Condicions<\/span>                                                    <\/li>\n                                            <li id=\"requisits\" class=\"inactive eael-tab-item-trigger\" aria-selected=\"false\" data-tab=\"4\" role=\"tab\" tabindex=\"-1\" aria-controls=\"requisits-tab\" aria-expanded=\"false\">\n                            \n                            \n                            \n                                                            <span class=\"eael-tab-title  title-after-icon\">Requisits<\/span>                                                    <\/li>\n                                            <li id=\"intermediaris\" class=\"inactive eael-tab-item-trigger\" aria-selected=\"false\" data-tab=\"5\" role=\"tab\" tabindex=\"-1\" aria-controls=\"intermediaris-tab\" aria-expanded=\"false\">\n                            \n                            \n                            \n                                                            <span class=\"eael-tab-title  title-after-icon\">Intermediaris<\/span>                                                    <\/li>\n                                            <li id=\"obligacions\" class=\"inactive eael-tab-item-trigger\" aria-selected=\"false\" data-tab=\"6\" role=\"tab\" tabindex=\"-1\" aria-controls=\"obligacions-tab\" aria-expanded=\"false\">\n                            \n                            \n                            \n                                                            <span class=\"eael-tab-title  title-after-icon\">Obligacions<\/span>                                                    <\/li>\n                                            <li id=\"documentaci\" class=\"inactive eael-tab-item-trigger\" aria-selected=\"false\" data-tab=\"7\" role=\"tab\" tabindex=\"-1\" aria-controls=\"documentaci-tab\" aria-expanded=\"false\">\n                            \n                            \n                            \n                                                            <span class=\"eael-tab-title  title-after-icon\">Documentaci\u00f3<\/span>                                                    <\/li>\n                                            <li id=\"presentaci\" class=\"inactive eael-tab-item-trigger\" aria-selected=\"false\" data-tab=\"8\" role=\"tab\" tabindex=\"-1\" aria-controls=\"presentaci-tab\" aria-expanded=\"false\">\n                            \n                            \n                            \n                                                            <span class=\"eael-tab-title  title-after-icon\">Presentaci\u00f3<\/span>                                                    <\/li>\n                                            <li id=\"sectors-exclosos\" class=\"inactive eael-tab-item-trigger\" aria-selected=\"false\" data-tab=\"9\" role=\"tab\" tabindex=\"-1\" aria-controls=\"sectors-exclosos-tab\" aria-expanded=\"false\">\n                            \n                            \n                            \n                                                            <span class=\"eael-tab-title  title-after-icon\">Sectors exclosos<\/span>                                                    <\/li>\n                                    <\/ul>\n            <\/div>\n            \n            <div class=\"eael-tabs-content\">\n\t\t        \n                    <div id=\"objectiu-tab\" class=\"clearfix eael-tab-content-item active-default\" data-title-link=\"objectiu-tab\">\n\t\t\t\t        \t\t\t\t\t        <p>Finan\u00e7ar el creixement d\u2019empreses de recent creaci\u00f3, prioritzant la innovaci\u00f3, a trav\u00e9s de la coinversi\u00f3 al costat d\u2019altres inversors privats en projectes desenvolupats per empreses la seu social de les quals, establiment o sucursal de producci\u00f3 o de desenvolupament d\u2019activitat es trobe radicat en la Comunitat Valenciana.<\/p><p>*<em>Consultar les bases completes en la convocat\u00f2ria<\/em><\/p>\t\t\t\t                            <\/div>\n\t\t        \n                    <div id=\"projectes-tab\" class=\"clearfix eael-tab-content-item inactive\" data-title-link=\"projectes-tab\">\n\t\t\t\t        \t\t\t\t\t        <div class=\"grve-element grve-text\"><p>Seran inversions finan\u00e7ables:<\/p><\/div><div class=\"grve-element grve-list grve-list-check \"><ul class=\"pesta\u00f1as-linea\"><li>Contribuci\u00f3 del projecte a la diversificaci\u00f3 del teixit empresarial de la Comunitat Valenciana i al seu posicionament en sectors de mitjana \u2013 alta tecnologia i\/o intensives en coneixement.<\/li><li>Projectes de car\u00e0cter innovador amb alt potencial de creixement i internacionalitzaci\u00f3 dels quals s\u2019espera un impacte econ\u00f2mic futur, que justifique el suport prestat o que impliquen un grau d\u2019innovaci\u00f3 respecte a altres empreses comparables.<\/li><li>Pla financer equilibrat amb l\u2019exist\u00e8ncia de finan\u00e7ament privat, prioritzant els de major efecte multiplicador.<\/li><li>Propostes que contribu\u00efsquen a la creaci\u00f3 d\u2019ocupaci\u00f3 i aquelles que aconseguisquen generar i mantindre \u00fas d\u2019alta qualificaci\u00f3.<\/li><li>Projectes que sorgisquen de la col\u00b7laboraci\u00f3 amb agents generadors de coneixement o que ajuden a aprofundir la col\u00b7laboraci\u00f3 entre els centres de desenvolupament d\u2019I+D+i i les Universitats amb el m\u00f3n empresarial, fomentant la transfer\u00e8ncia de coneixement.<\/li><\/ul><\/div><p>Els projectes no han d\u2019haver sigut executats \u00edntegrament a data de la sol\u00b7licitud de finan\u00e7ament.<\/p><p>*<em>Consultar les bases completes en la convocat\u00f2ria<\/em><\/p>\t\t\t\t                            <\/div>\n\t\t        \n                    <div id=\"condicions-tab\" class=\"clearfix eael-tab-content-item inactive\" data-title-link=\"condicions-tab\">\n\t\t\t\t        \t\t\t\t\t        <div class=\"grve-element grve-text\"><p><strong>IMPORT:<\/strong> entre 75.000 i 300.000 euros per pime finan\u00e7ada, subjecte a l\u2019import de la coinversi\u00f3 per part d\u2019inversors privats. A aquest efecte es tindr\u00e0 en compte l\u2019import de les operacions ja concedides en la L\u00ednia de finan\u00e7ament IVF-FEDER pr\u00e9stecs participatius en coinversi\u00f3 amb inversors privats del PO\u00a02014-2020.<\/p><p><strong>TERMINI:<\/strong> m\u00e0xim de 7 anys.<\/p><p><strong>MANCA PER A L\u2019AMORTITZACI\u00d3 DE CAPITAL:<\/strong> fins a 3 anys.<\/p><p><strong>TIPUS D\u2019INTER\u00c9S:<\/strong> El tipus d\u2019inter\u00e9s nominal de l\u2019operaci\u00f3 s\u2019obt\u00e9 com la suma de a) el tipus d\u2019inter\u00e9s EURIBOR per a dep\u00f2sits a un any, amb un valor m\u00ednim igual 0%, i b) el marge financer de l\u2019exercici, equivalent a la rendibilitat financera registrada pel prestatari durant l\u2019exercici en qu\u00e8 es liquiden els interessos, amb un valor m\u00ednim igual al 3% i un valor m\u00e0xim igual al 9%. A aquest efecte, la rendibilitat financera es defineix com el percentatge que representa el resultat de l\u2019\u00faltim exercici tancat abans d\u2019impostos sobre els fons propis del prestatari.<\/p><p><strong>COMISSI\u00d3 DE CANCEL\u00b7LACI\u00d3 ANTICIPADA:<\/strong> 10% de la quantia amortitzada. El prestatari nom\u00e9s podr\u00e0 amortitzar anticipadament el pr\u00e9stec participatiu si aquesta amortitzaci\u00f3 es compensa amb una ampliaci\u00f3 d\u2019igual quantia dels seus fons propis i sempre que aquesta no provinga de l\u2019actualitzaci\u00f3 d\u2019actius, segons el que es disposa en l\u2019article 20.1 b) del Reial decret llei 7\/1996, de 7 de juny.<\/p><p><strong>GARANTIES:<\/strong> sense garanties addicionals a les quals aporta el propi projecte empresarial. No obstant aix\u00f2, en el cas que l\u2019activitat de la pime destinat\u00e0ria de la inversi\u00f3 estiga lligada de manera significativa amb una altra empresa relacionada accionarialment de manera directa o a trav\u00e9s d\u2019accionistes comuns, o en el cas que la constituci\u00f3 de la pime siga resultat d\u2019una spin off o cessi\u00f3 d\u2019activitat d\u2019una altra empresa amb participaci\u00f3 accionarial majorit\u00e0ria, es podr\u00e0 sol\u00b7licitar l\u2019aval d\u2019aquestes segones per a garantir la bona fi de l\u2019operaci\u00f3. Com a norma general, no es prendran com a garantia fiances personals.<\/p><p><strong>SECTORS:<\/strong> tots, excepte els expressament exclosos en l\u2019apartat de Sectors exclosos.<\/p><p><strong>AMORTITZACIONS:<\/strong> trimestrals, a partir de la finalitzaci\u00f3 de la manca.<\/p><p>*<em>Consultar les bases completes en la convocat\u00f2ria<\/em><\/p><\/div>\t\t\t\t                            <\/div>\n\t\t        \n                    <div id=\"requisits-tab\" class=\"clearfix eael-tab-content-item inactive\" data-title-link=\"requisits-tab\">\n\t\t\t\t        \t\t\t\t\t        <div class=\"grve-element grve-text\">Els beneficiaris hauran de complir, entre altres, els seg\u00fcents requisits:<\/div><div class=\"grve-element grve-list grve-list-check \"><ul class=\"pesta\u00f1as-linea\"><li>Disposar d\u2019un establiment o sucursal de producci\u00f3 o desenvolupament d\u2019activitat en la Comunitat Valenciana.<\/li><li>No estar cotitzada en cap mercat organitzat.<\/li><li>Tindre una antiguitat m\u00ednima de 4 mesos.<\/li><li>Portar operant en qualsevol mercat menys de set anys a partir de la seua primera venda comercial.<\/li><li>Comptar amb almenys un treballador en la Comunitat Valenciana.<\/li><li>Estar al corrent de les seues obligacions amb Seguretat Social i Hisenda.<\/li><li>No estar en situaci\u00f3 d\u2019empresa en crisi.<\/li><li>No estar incurs en cap de les prohibicions assenyalades en els apartats 2 i 3 de l\u2019article 13 de la Llei General de Subvencions.<\/li><li>Comptar amb totes les llic\u00e8ncies i autoritzacions necess\u00e0ries.<\/li><li>Estar al corrent del compliment de la Llei de prevenci\u00f3, qualitat i control ambiental d\u2019activitats en la Comunitat Valenciana, del Reial decret legislatiu pel qual s\u2019aprova el text ref\u00f3s de la Llei general de drets de les persones amb discapacitat i de la seua inclusi\u00f3 social, i de la Llei per a la igualtat entre dones i homes.<\/li><li>No estar subjectes a una ordre de recuperaci\u00f3 pendent, despr\u00e9s d\u2019una decisi\u00f3 de la Comissi\u00f3 Europea declarant una ajuda il\u00b7legal i incompatible amb el mercat com\u00fa.<\/li><\/ul><\/div><p>*<em>Consultar les bases completes en la convocat\u00f2ria<\/em><\/p>\t\t\t\t                            <\/div>\n\t\t        \n                    <div id=\"intermediaris-tab\" class=\"clearfix eael-tab-content-item inactive\" data-title-link=\"intermediaris-tab\">\n\t\t\t\t        \t\t\t\t\t        <div class=\"grve-element grve-list grve-list-check \"><ul class=\"pesta\u00f1as-linea\"><li>L\u2019IVF executa aquesta l\u00ednia de finan\u00e7ament en col\u00b7laboraci\u00f3 amb intermediaris financers seleccionats a aquest efecte d\u2019acord amb la Convocat\u00f2ria de manifestaci\u00f3 d\u2019inter\u00e9s de data 28 de juny de 2018.<\/li><li>Els intermediaris financers seleccionats mantindran la seua condici\u00f3 de col\u00b7laboradors de la l\u00ednia de finan\u00e7ament. Addicionalment l\u2019IVF podr\u00e0 seleccionar nous intermediaris d\u2019acord amb el que s\u2019estableix en la citada Convocat\u00f2ria de manifestaci\u00f3 d\u2019inter\u00e9s, fins al 31 de desembre de 2023.<\/li><li>Correspon als intermediaris financers acreditats la identificaci\u00f3, selecci\u00f3 i presentaci\u00f3 a l\u2019IVF de les inversions objecte de finan\u00e7ament.<\/li><li>Els intermediaris financers acreditats apareixen publicats en p\u00e0gina web de l\u2019IVF.<br \/><a style=\"text-align: center;\" href=\"http:\/\/www.ivf.gva.es\/es\/feder\/intermediarios-financieros\" target=\"_blank\" rel=\"noopener\">http:\/\/www.ivf.gva.es\/es\/feder\/intermediarios-financieros<\/a><\/li><\/ul><\/div><p>*<em>Consultar les bases completes en la convocat\u00f2ria<\/em><\/p>\t\t\t\t                            <\/div>\n\t\t        \n                    <div id=\"obligacions-tab\" class=\"clearfix eael-tab-content-item inactive\" data-title-link=\"obligacions-tab\">\n\t\t\t\t        \t\t\t\t\t        <div class=\"grve-element grve-text\"><p>Els beneficiaris del finan\u00e7ament s\u2019obliguen a:<\/p><\/div><div class=\"grve-element grve-list grve-list-check \"><ul class=\"pesta\u00f1as-linea\"><li>Desenvolupar el projecte amb subjecci\u00f3 al pla de negoci presentat i comunicar la modificaci\u00f3 de qualsevol circumst\u00e0ncia relativa a aquest.<\/li><li>Conservar durant 5 anys, comptats a partir de la data de venciment del pr\u00e9stec, els documents justificatius de l\u2019aplicaci\u00f3 dels fons rebuts, inclosos els documents electr\u00f2nics, en tant que puguen ser objecte de les actuacions de comprovaci\u00f3 i control, d\u2019acord amb la normativa comunit\u00e0ria.<\/li><li>Facilitar a l\u2019IVF, en cas de ser necessari, quanta informaci\u00f3 siga necess\u00e0ria sobre l\u2019empresa i el projecte finan\u00e7at, a l\u2019efecte de la verificaci\u00f3 dels requisits d\u2019exigibilitat.<\/li><li>Autoritzar l\u2019IVF perqu\u00e8 realitze visites de control a les seues instal\u00b7lacions amb la finalitat de verificar les operacions i despeses. Els instruments de supervisi\u00f3 que podr\u00e0 utilitzar l\u2019IVF sobre els destinataris finals podran incloure controls documentals, informes, visites de control i informes d\u2019auditoria, podent acordar qualsevol altre instrument l\u2019aplicaci\u00f3 del qual es considere necess\u00e0ria.<\/li><li>Complir amb la normativa nacional i europea en mat\u00e8ria de medi ambient, accessibilitat, igualtat d\u2019oportunitats i igualtat entre dones i homes.<\/li><li>Complir amb totes les normes aplicables en mat\u00e8ria de Fons Europeus, ajudes d\u2019Estat, en el seu cas, prevenci\u00f3 de blanqueig de capitals, lluita contra el terrorisme i el seu finan\u00e7ament, frau fiscal, i altra normativa auton\u00f2mica, nacional o comunit\u00e0ria que resulte d\u2019aplicaci\u00f3.<\/li><li>Comunicar les ajudes, subvencions, ingressos o recursos p\u00fablics o privats que hagueren obtingut o sol\u00b7licitat per als mateixos costos finan\u00e7ats.<\/li><\/ul><\/div><p>*<em>Consultar les bases completes en la convocat\u00f2ria<\/em><\/p>\t\t\t\t                            <\/div>\n\t\t        \n                    <div id=\"documentaci-tab\" class=\"clearfix eael-tab-content-item inactive\" data-title-link=\"documentaci-tab\">\n\t\t\t\t        \t\t\t\t\t        <div class=\"grve-element grve-list grve-list-check \"><ul class=\"pesta\u00f1as-linea\"><li>Fotocopia DNI, passaport o targeta de resid\u00e8ncia del representant legal de l\u2019empresa sol\u00b7licitant, juntament amb la fotoc\u00f2pia de l\u2019escriptura d\u2019apoderament. A m\u00e9s, s\u2019incorporar\u00e0 a la sol\u00b7licitud la fotoc\u00f2pia de l\u2019escriptura de titularitat real i l\u2019escriptura de constituci\u00f3 de la societat.<\/li><li>Si el sol\u00b7licitant \u00e9s una societat mercantil que forma part d\u2019un grup, s\u2019identificaran les empreses del grup en un organigrama que inclour\u00e0 els percentatges de participaci\u00f3 en cada societat. Per a cada empresa, es reflectir\u00e0 el nombre d\u2019empleats, balan\u00e7 i volum de negoci anual de l\u2019empresa.<\/li><li>Documentaci\u00f3 acreditativa que l\u2019empresa compta amb un establiment o sucursal de producci\u00f3 o de desenvolupament d\u2019activitat radicat en la Comunitat Valenciana.<\/li><li>Declaraci\u00f3 Responsable del compliment dels requisits per a ser beneficiari del finan\u00e7ament i del comprom\u00eds expr\u00e9s del compliment de les obligacions que en cas de resultar beneficiari correspondrien al sol\u00b7licitant, segons consta en l\u2019Annex II.<\/li><li>Declaraci\u00f3 d\u2019altres ajudes per al mateix cost subvencionable conforme al model incl\u00f2s com a Annex III.<\/li><li>Declaraci\u00f3 de tipus i categoria d\u2019empresa conforme al model incl\u00f2s com a Annex IV.<\/li><\/ul><\/div><div class=\"grve-element grve-text\"><p>Informaci\u00f3 econ\u00f2mica requerida:<\/p><\/div><div class=\"grve-element grve-list grve-list-check \"><ul class=\"pesta\u00f1as-linea\"><li>Pla de Negoci i informaci\u00f3 economicofinancera que incloga balan\u00e7, compte de resultats, previsions i detall de l\u2019endeutament. En el Pla de negoci s\u2019haur\u00e0 de descriure i quantificar el projecte amb indicaci\u00f3 de la seua implantaci\u00f3 i vinculaci\u00f3 amb el territori de la Comunitat Valenciana.<\/li><li>En cas de disposar d\u2019elles, comptes anuals dels dos \u00faltims exercicis depositats en el Registre Mercantil i \u00faltim tancament comptable m\u00e9s pr\u00f2xim a la data de sol\u00b7licitud del finan\u00e7ament, amb una antiguitat m\u00e0xima de l\u2019\u00faltim trimestre natural anterior. En aquelles empreses que s\u2019auditen, s\u2019aportaran els informes d\u2019auditoria. Cas contrari, aportar Impost de Societats dels dos \u00faltims exercicis.<\/li><li>Model 036, de declaraci\u00f3 d\u2019alta o baixa en el cens d\u2019empresaris, professionals i retenidors.<\/li><li>\u00daltim Rebut de Liquidaci\u00f3 de Cotitzacions a la Seguretat Social presentat de manera pr\u00e8via a la sol\u00b7licitud de finan\u00e7ament.<\/li><li>En cas que s\u2019haja produ\u00eft l\u2019aportaci\u00f3 de recursos propis per part de l\u2019inversor privat, c\u00f2pia de la inscripci\u00f3 de l\u2019ampliaci\u00f3 de capital en el Registre Mercantil.<\/li><\/ul><\/div><div class=\"grve-element grve-text\"><p>Correspon a l\u2019intermediari financer presentar, a trav\u00e9s de la web de l\u2019IVF (https:\/\/prestamos.ivf.es), les sol\u00b7licituds de finan\u00e7ament que hauran d\u2019estar signades per l\u2019empresa sol\u00b7licitant, i hauran d\u2019anar acompanyades de la documentaci\u00f3 prevista en l\u2019apartat 11.4 del present article. L\u2019intermediari financer subscriur\u00e0 i aportar\u00e0 a l\u2019IVF juntament amb la sol\u00b7licitud l\u2019informe d\u2019elegibilitat del projecte que inclour\u00e0 un resum de les caracter\u00edstiques del projecte, la verificaci\u00f3 del compliment dels requisits exigits i una valoraci\u00f3 de la viabilitat d\u2019aquest.<\/p><\/div><p>*<em>Consultar les bases completes en la convocat\u00f2ria<\/em><\/p>\t\t\t\t                            <\/div>\n\t\t        \n                    <div id=\"presentaci-tab\" class=\"clearfix eael-tab-content-item inactive\" data-title-link=\"presentaci-tab\">\n\t\t\t\t        \t\t\t\t\t        <div class=\"grve-element grve-text\"><p>Per a tramitar una sol\u00b7licitud de la L\u00ednia IVF Pr\u00e9stec Participatiu en coinversi\u00f3, haur\u00e0 d\u2019acudir a algun dels intermediaris financers acreditats per l\u2019IVF, els quals estaran publicats en la p\u00e0gina web <a href=\"http:\/\/www.ivf.gva.es\/es\/feder\/intermediarios-financieros\" target=\"_blank\" rel=\"noopener\">http:\/\/www.ivf.gva.es\/es\/feder\/intermediarios-financieros<\/a>.<\/p><p>Correspon a l\u2019intermediari financer la identificaci\u00f3 de les oportunitats d\u2019inversi\u00f3 i l\u2019an\u00e0lisi del compliment dels requisits d\u2019elegibilitat de les inversions i els destinataris finals.<\/p><p>L\u2019intermediari financer aportar\u00e0 a l\u2019IVF la sol\u00b7licitud de finan\u00e7ament emplenat i signat per l\u2019empresa sol\u00b7licitant, al costat de la documentaci\u00f3 requerida per a la seua an\u00e0lisi. Tant el model de sol\u00b7licitud com els formularis a emplenar per l\u2019empresa sol\u00b7licitant es troben en l\u2019apartat de Desc\u00e0rregues.<\/p><p>Rebuda la documentaci\u00f3 a trav\u00e9s de l\u2019intermediari financer, l\u2019IVF procedir\u00e0 a la seua tramitaci\u00f3.<\/p><\/div><p>*<em>Consultar les bases completes en la convocat\u00f2ria<\/em><\/p>\t\t\t\t                            <\/div>\n\t\t        \n                    <div id=\"sectors-exclosos-tab\" class=\"clearfix eael-tab-content-item inactive\" data-title-link=\"sectors-exclosos-tab\">\n\t\t\t\t        \t\t\t\t\t        <div class=\"grve-element grve-list grve-list-check \"><ul class=\"pesta\u00f1as-linea\"><li>Activitats econ\u00f2miques il\u00b7legals: tota producci\u00f3, comer\u00e7 o una altra activitat que siga il\u00b7legal conformement a les disposicions legals o reglament\u00e0ries de la jurisdicci\u00f3 nacional per a aqueixa mena de producci\u00f3, comer\u00e7 o activitat.<\/li><li>Productes del tabac i begudes alcoh\u00f2liques destil\u00b7lades. La producci\u00f3 i el comer\u00e7 de productes del tabac i begudes alcoh\u00f2liques destil\u00b7lades i productes relacionats.<\/li><li>Producci\u00f3 i comer\u00e7 d\u2019armes i municions: el finan\u00e7ament de la producci\u00f3 i el comer\u00e7 d\u2019armes i municions de qualsevol tipus. Aquesta restricci\u00f3 no s\u2019aplicar\u00e0 en la mesura en qu\u00e8 aquestes activitats formen part de pol\u00edtiques expl\u00edcites de la Uni\u00f3 Europea o siguen access\u00f2ries a elles.<\/li><li>Casinos i empreses equivalents.<\/li><li>Restriccions del sector de les TU. Investigaci\u00f3, desenvolupament o aplicacions t\u00e8cniques relacionades amb programes o solucions de dades electr\u00f2niques que i) tinguen espec\u00edficament per objecte: a) donar suport a qualsevol activitat inclosa en els sectors restringits esmentats en les lletres a) a d) anteriors; b) jocs d\u2019atzar en internet i casinos en l\u00ednia, o c) pornografia, o que *ii) tinguen com a objectiu permetre a) l\u2019entrada il\u00b7legal en xarxes de dades electr\u00f2niques, o b) la desc\u00e0rrega il\u00b7legal de dades electr\u00f2niques.<\/li><li>Restriccions del sector de ci\u00e8ncies de la vida. Quan es done suport al finan\u00e7ament de la investigaci\u00f3, el desenvolupament o les aplicacions t\u00e8cniques relacionades amb: i) la clonaci\u00f3 humana amb finalitats terap\u00e8utics o d\u2019investigaci\u00f3, o ii) els organismes modificats gen\u00e8ticament (OMG).<\/li><li>Empreses d\u2019intermediaci\u00f3 financera, segurs i serveis banc\u00e0ries, excepte les *FINTECH i *INSURTECH.<\/li><li>Empreses d\u2019intermediaci\u00f3 amb criptomonedes.<\/li><li>Desmantellament o la construcci\u00f3 de centrals nuclears.<\/li><li>Inversi\u00f3 per a aconseguir la reducci\u00f3 de les emissions de gasos d\u2019efecte d\u2019hivernacle procedents d\u2019activitats enumerades en l\u2019annex 1 de la Directiva 2003\/87\/CE.<\/li><li>Inversi\u00f3 en infraestructures aeroportu\u00e0ries, llevat que estiguen relacionades amb la protecci\u00f3 del medi ambient o vagen acompanyades de les inversions necess\u00e0ries per a mitigar o reduir el seu impacte negatiu en el medi ambient.<\/li><li>Sector de la pesca i l\u2019aq\u00fcicultura regulats pel Reglament (CE) n\u00ba1379\/2013 del Parlament Europeu i del Consell, d\u201911 de desembre de 2013.<\/li><li>La producci\u00f3 prim\u00e0ria de productes agr\u00edcoles.<\/li><li>Sector de la transformaci\u00f3 i comercialitzaci\u00f3 de productes agr\u00edcoles, en els casos seg\u00fcents:<br \/><ul class=\"pesta\u00f1as-linea\"><li>quan l\u2019import de l\u2019ajuda es determine en funci\u00f3 del preu o de la quantitat d\u2019aquests productes adquirits a productors primaris o comercialitzats per les empreses interessats, o<\/li><li>quan l\u2019ajuda depenga del fet que es repercutisca totalment o parcialment sobre els productors primaris.<\/li><\/ul><\/li><li>Activitats relacionades amb l\u2019exportaci\u00f3 a tercers pa\u00efsos o Estats membres, \u00e9s a dir, les ajudes directament vinculades a les quantitats exportades, a l\u2019establiment i l\u2019explotaci\u00f3 d\u2019una xarxa de distribuci\u00f3 o a altres despeses corrents vinculades a l\u2019activitat exportadora.<\/li><\/ul><\/div><p>*<em>Consultar les bases completes en la convocat\u00f2ria<\/em><\/p>\t\t\t\t                            <\/div>\n\t\t                    <\/div>\n        <\/div>\n\t\t<\/div>\n\t\t\t\t<\/div>\n\t\t\t\t\t<\/div>\n\t\t<\/div>\n\t\t\t\t\t\t\t<\/div>\n\t\t<\/section>\n\t\t\t\t\t\t\t<\/div>\n\t\t","protected":false},"excerpt":{"rendered":"<p>L\u00ednia Pr\u00e9stecs Participatius IVF en coinversi\u00f3 Impulsem el creixement d&#8217;empreses de recent creaci\u00f3, fomentant la inversi\u00f3 d&#8217;inversors privats en projectes innovadors per a la Comunitat&hellip;<\/p>\n","protected":false},"author":1,"featured_media":0,"parent":986,"menu_order":0,"comment_status":"closed","ping_status":"closed","template":"","meta":{"footnotes":""},"yoast_head":"<!-- This site is optimized with the Yoast SEO plugin v18.0 - https:\/\/yoast.com\/wordpress\/plugins\/seo\/ -->\n<title>L\u00ednia Pr\u00e9stecs Participatius IVF en coinversi\u00f3 - IVF<\/title>\n<meta name=\"robots\" content=\"noindex, follow, max-snippet:-1, max-image-preview:large, max-video-preview:-1\" \/>\n<meta property=\"og:locale\" content=\"en_US\" \/>\n<meta property=\"og:type\" content=\"article\" \/>\n<meta property=\"og:title\" content=\"L\u00ednia Pr\u00e9stecs Participatius IVF en coinversi\u00f3 - IVF\" \/>\n<meta property=\"og:description\" content=\"L\u00ednia Pr\u00e9stecs Participatius IVF en coinversi\u00f3 Impulsem el creixement d&#8217;empreses de recent creaci\u00f3, fomentant la inversi\u00f3 d&#8217;inversors privats en projectes innovadors per a la Comunitat&hellip;\" \/>\n<meta property=\"og:url\" content=\"https:\/\/prestamosivf.premm.es\/va\/prestecs\/linia-prestecs-participatius-ivf-en-coinversio\" \/>\n<meta property=\"og:site_name\" content=\"IVF\" \/>\n<meta property=\"article:modified_time\" content=\"2023-07-19T09:31:48+00:00\" \/>\n<meta name=\"twitter:card\" content=\"summary_large_image\" \/>\n<meta name=\"twitter:label1\" content=\"Est. reading time\" \/>\n\t<meta name=\"twitter:data1\" content=\"10 minutes\" \/>\n<script type=\"application\/ld+json\" class=\"yoast-schema-graph\">{\"@context\":\"https:\/\/schema.org\",\"@graph\":[{\"@type\":\"WebSite\",\"@id\":\"https:\/\/prestamosivf.premm.es\/va#website\",\"url\":\"https:\/\/prestamosivf.premm.es\/va\",\"name\":\"IVF\",\"description\":\"IVF, Nuestro \u00fanico inter\u00e9s eres t\u00fa\",\"potentialAction\":[{\"@type\":\"SearchAction\",\"target\":{\"@type\":\"EntryPoint\",\"urlTemplate\":\"https:\/\/prestamosivf.premm.es\/va?s={search_term_string}\"},\"query-input\":\"required name=search_term_string\"}],\"inLanguage\":\"va-ES\"},{\"@type\":\"WebPage\",\"@id\":\"https:\/\/prestamosivf.premm.es\/va\/prestecs\/linia-prestecs-participatius-ivf-en-coinversio#webpage\",\"url\":\"https:\/\/prestamosivf.premm.es\/va\/prestecs\/linia-prestecs-participatius-ivf-en-coinversio\",\"name\":\"L\u00ednia Pr\u00e9stecs Participatius IVF en coinversi\u00f3 - IVF\",\"isPartOf\":{\"@id\":\"https:\/\/prestamosivf.premm.es\/va#website\"},\"datePublished\":\"2023-05-03T14:09:12+00:00\",\"dateModified\":\"2023-07-19T09:31:48+00:00\",\"breadcrumb\":{\"@id\":\"https:\/\/prestamosivf.premm.es\/va\/prestecs\/linia-prestecs-participatius-ivf-en-coinversio#breadcrumb\"},\"inLanguage\":\"va-ES\",\"potentialAction\":[{\"@type\":\"ReadAction\",\"target\":[\"https:\/\/prestamosivf.premm.es\/va\/prestecs\/linia-prestecs-participatius-ivf-en-coinversio\"]}]},{\"@type\":\"BreadcrumbList\",\"@id\":\"https:\/\/prestamosivf.premm.es\/va\/prestecs\/linia-prestecs-participatius-ivf-en-coinversio#breadcrumb\",\"itemListElement\":[{\"@type\":\"ListItem\",\"position\":1,\"name\":\"Portada\",\"item\":\"https:\/\/prestamosivf.premm.es\/va\"},{\"@type\":\"ListItem\",\"position\":2,\"name\":\"Pr\u00e9stecs\",\"item\":\"https:\/\/prestamosivf.premm.es\/va\/prestamos\"},{\"@type\":\"ListItem\",\"position\":3,\"name\":\"L\u00ednia Pr\u00e9stecs Participatius IVF en coinversi\u00f3\"}]}]}<\/script>\n<!-- \/ Yoast SEO plugin. -->","yoast_head_json":{"title":"L\u00ednia Pr\u00e9stecs Participatius IVF en coinversi\u00f3 - IVF","robots":{"index":"noindex","follow":"follow","max-snippet":"max-snippet:-1","max-image-preview":"max-image-preview:large","max-video-preview":"max-video-preview:-1"},"og_locale":"en_US","og_type":"article","og_title":"L\u00ednia Pr\u00e9stecs Participatius IVF en coinversi\u00f3 - IVF","og_description":"L\u00ednia Pr\u00e9stecs Participatius IVF en coinversi\u00f3 Impulsem el creixement d&#8217;empreses de recent creaci\u00f3, fomentant la inversi\u00f3 d&#8217;inversors privats en projectes innovadors per a la Comunitat&hellip;","og_url":"https:\/\/prestamosivf.premm.es\/va\/prestecs\/linia-prestecs-participatius-ivf-en-coinversio","og_site_name":"IVF","article_modified_time":"2023-07-19T09:31:48+00:00","twitter_card":"summary_large_image","twitter_misc":{"Est. reading time":"10 minutes"},"schema":{"@context":"https:\/\/schema.org","@graph":[{"@type":"WebSite","@id":"https:\/\/prestamosivf.premm.es\/va#website","url":"https:\/\/prestamosivf.premm.es\/va","name":"IVF","description":"IVF, Nuestro \u00fanico inter\u00e9s eres t\u00fa","potentialAction":[{"@type":"SearchAction","target":{"@type":"EntryPoint","urlTemplate":"https:\/\/prestamosivf.premm.es\/va?s={search_term_string}"},"query-input":"required name=search_term_string"}],"inLanguage":"va-ES"},{"@type":"WebPage","@id":"https:\/\/prestamosivf.premm.es\/va\/prestecs\/linia-prestecs-participatius-ivf-en-coinversio#webpage","url":"https:\/\/prestamosivf.premm.es\/va\/prestecs\/linia-prestecs-participatius-ivf-en-coinversio","name":"L\u00ednia Pr\u00e9stecs Participatius IVF en coinversi\u00f3 - IVF","isPartOf":{"@id":"https:\/\/prestamosivf.premm.es\/va#website"},"datePublished":"2023-05-03T14:09:12+00:00","dateModified":"2023-07-19T09:31:48+00:00","breadcrumb":{"@id":"https:\/\/prestamosivf.premm.es\/va\/prestecs\/linia-prestecs-participatius-ivf-en-coinversio#breadcrumb"},"inLanguage":"va-ES","potentialAction":[{"@type":"ReadAction","target":["https:\/\/prestamosivf.premm.es\/va\/prestecs\/linia-prestecs-participatius-ivf-en-coinversio"]}]},{"@type":"BreadcrumbList","@id":"https:\/\/prestamosivf.premm.es\/va\/prestecs\/linia-prestecs-participatius-ivf-en-coinversio#breadcrumb","itemListElement":[{"@type":"ListItem","position":1,"name":"Portada","item":"https:\/\/prestamosivf.premm.es\/va"},{"@type":"ListItem","position":2,"name":"Pr\u00e9stecs","item":"https:\/\/prestamosivf.premm.es\/va\/prestamos"},{"@type":"ListItem","position":3,"name":"L\u00ednia Pr\u00e9stecs Participatius IVF en coinversi\u00f3"}]}]}},"_links":{"self":[{"href":"https:\/\/prestamosivf.premm.es\/va\/wp-json\/wp\/v2\/pages\/1155"}],"collection":[{"href":"https:\/\/prestamosivf.premm.es\/va\/wp-json\/wp\/v2\/pages"}],"about":[{"href":"https:\/\/prestamosivf.premm.es\/va\/wp-json\/wp\/v2\/types\/page"}],"author":[{"embeddable":true,"href":"https:\/\/prestamosivf.premm.es\/va\/wp-json\/wp\/v2\/users\/1"}],"replies":[{"embeddable":true,"href":"https:\/\/prestamosivf.premm.es\/va\/wp-json\/wp\/v2\/comments?post=1155"}],"version-history":[{"count":28,"href":"https:\/\/prestamosivf.premm.es\/va\/wp-json\/wp\/v2\/pages\/1155\/revisions"}],"predecessor-version":[{"id":2498,"href":"https:\/\/prestamosivf.premm.es\/va\/wp-json\/wp\/v2\/pages\/1155\/revisions\/2498"}],"up":[{"embeddable":true,"href":"https:\/\/prestamosivf.premm.es\/va\/wp-json\/wp\/v2\/pages\/986"}],"wp:attachment":[{"href":"https:\/\/prestamosivf.premm.es\/va\/wp-json\/wp\/v2\/media?parent=1155"}],"curies":[{"name":"wp","href":"https:\/\/api.w.org\/{rel}","templated":true}]}}