{"id":1137,"date":"2023-04-27T11:59:01","date_gmt":"2023-04-27T11:59:01","guid":{"rendered":"https:\/\/prestamos.premm.es\/?page_id=1137"},"modified":"2023-07-19T09:29:19","modified_gmt":"2023-07-19T09:29:19","slug":"linia-bonificada-ivf-inverteix-gran-empresa-industrial","status":"publish","type":"page","link":"https:\/\/prestamosivf.premm.es\/va\/prestecs\/linia-bonificada-ivf-inverteix-gran-empresa-industrial","title":{"rendered":"L\u00ednia bonificada IVF Inverteix Gran Empresa Industrial"},"content":{"rendered":"\t\t<div data-elementor-type=\"wp-page\" data-elementor-id=\"1137\" class=\"elementor elementor-1137\">\n\t\t\t\t\t\t\t\t\t<section class=\"elementor-section elementor-top-section elementor-element elementor-element-3321343d elementor-section-height-min-height elementor-section-stretched cabecera-top elementor-section-boxed elementor-section-height-default elementor-section-items-middle\" data-id=\"3321343d\" data-element_type=\"section\" data-settings=\"{&quot;stretch_section&quot;:&quot;section-stretched&quot;,&quot;background_background&quot;:&quot;classic&quot;}\">\n\t\t\t\t\t\t\t<div class=\"elementor-background-overlay\"><\/div>\n\t\t\t\t\t\t\t<div class=\"elementor-container elementor-column-gap-default\">\n\t\t\t\t\t<div class=\"elementor-column elementor-col-50 elementor-top-column elementor-element elementor-element-4ea1eb14\" data-id=\"4ea1eb14\" data-element_type=\"column\">\n\t\t\t<div class=\"elementor-widget-wrap elementor-element-populated\">\n\t\t\t\t\t\t\t\t<div class=\"elementor-element elementor-element-5e55105b hola elementor-widget elementor-widget-heading\" data-id=\"5e55105b\" data-element_type=\"widget\" data-widget_type=\"heading.default\">\n\t\t\t\t<div class=\"elementor-widget-container\">\n\t\t\t<style>\/*! elementor - v3.14.0 - 26-06-2023 *\/\n.elementor-heading-title{padding:0;margin:0;line-height:1}.elementor-widget-heading .elementor-heading-title[class*=elementor-size-]>a{color:inherit;font-size:inherit;line-height:inherit}.elementor-widget-heading .elementor-heading-title.elementor-size-small{font-size:15px}.elementor-widget-heading .elementor-heading-title.elementor-size-medium{font-size:19px}.elementor-widget-heading .elementor-heading-title.elementor-size-large{font-size:29px}.elementor-widget-heading .elementor-heading-title.elementor-size-xl{font-size:39px}.elementor-widget-heading .elementor-heading-title.elementor-size-xxl{font-size:59px}<\/style><h1 class=\"elementor-heading-title elementor-size-default\">L\u00ednia bonificada IVF Inverteix Gran Empresa Industrial<\/h1>\t\t<\/div>\n\t\t\t\t<\/div>\n\t\t\t\t<div class=\"elementor-element elementor-element-4f67172 elementor-widget elementor-widget-heading\" data-id=\"4f67172\" data-element_type=\"widget\" data-widget_type=\"heading.default\">\n\t\t\t\t<div class=\"elementor-widget-container\">\n\t\t\t<h4 class=\"elementor-heading-title elementor-size-default\">Condicions especials per a empreses gasointensives com les del sector cer\u00e0mic<\/h4>\t\t<\/div>\n\t\t\t\t<\/div>\n\t\t\t\t<section class=\"elementor-section elementor-inner-section elementor-element elementor-element-f2a48e8 elementor-section-boxed elementor-section-height-default elementor-section-height-default\" data-id=\"f2a48e8\" data-element_type=\"section\">\n\t\t\t\t\t\t<div class=\"elementor-container elementor-column-gap-default\">\n\t\t\t\t\t<div class=\"elementor-column elementor-col-50 elementor-inner-column elementor-element elementor-element-89b030a\" data-id=\"89b030a\" data-element_type=\"column\">\n\t\t\t<div class=\"elementor-widget-wrap elementor-element-populated\">\n\t\t\t\t\t\t\t\t<div class=\"elementor-element elementor-element-581f0af elementor-widget__width-initial elementor-widget elementor-widget-button\" data-id=\"581f0af\" data-element_type=\"widget\" data-widget_type=\"button.default\">\n\t\t\t\t<div class=\"elementor-widget-container\">\n\t\t\t\t\t<div class=\"elementor-button-wrapper\">\n\t\t\t<a class=\"elementor-button elementor-button-link elementor-size-sm\" href=\"\/wp-content\/uploads\/2023\/06\/docs_IVF_Inverteix_GranEmpresa_Industrial03.zip\" target=\"_blank\">\n\t\t\t\t\t\t<span class=\"elementor-button-content-wrapper\">\n\t\t\t\t\t\t<span class=\"elementor-button-text\">BASES CONVOCATORIA<\/span>\n\t\t<\/span>\n\t\t\t\t\t<\/a>\n\t\t<\/div>\n\t\t\t\t<\/div>\n\t\t\t\t<\/div>\n\t\t\t\t\t<\/div>\n\t\t<\/div>\n\t\t\t\t<div class=\"elementor-column elementor-col-50 elementor-inner-column elementor-element elementor-element-e42858b\" data-id=\"e42858b\" data-element_type=\"column\">\n\t\t\t<div class=\"elementor-widget-wrap elementor-element-populated\">\n\t\t\t\t\t\t\t\t<div class=\"elementor-element elementor-element-f0805fc elementor-widget__width-initial elementor-widget elementor-widget-button\" data-id=\"f0805fc\" data-element_type=\"widget\" data-widget_type=\"button.default\">\n\t\t\t\t<div class=\"elementor-widget-container\">\n\t\t\t\t\t<div class=\"elementor-button-wrapper\">\n\t\t\t<a class=\"elementor-button elementor-button-link elementor-size-sm\" href=\"https:\/\/sede.ivf.es\/carpeta-del-ciudadano\/transact\/856431aa-ac91-4679-8f93-27476130448a\" target=\"_blank\">\n\t\t\t\t\t\t<span class=\"elementor-button-content-wrapper\">\n\t\t\t\t\t\t<span class=\"elementor-button-text\">SOL\u00b7LICITAR<\/span>\n\t\t<\/span>\n\t\t\t\t\t<\/a>\n\t\t<\/div>\n\t\t\t\t<\/div>\n\t\t\t\t<\/div>\n\t\t\t\t\t<\/div>\n\t\t<\/div>\n\t\t\t\t\t\t\t<\/div>\n\t\t<\/section>\n\t\t\t\t\t<\/div>\n\t\t<\/div>\n\t\t\t\t<div class=\"elementor-column elementor-col-50 elementor-top-column elementor-element elementor-element-1bba9a3\" data-id=\"1bba9a3\" data-element_type=\"column\">\n\t\t\t<div class=\"elementor-widget-wrap elementor-element-populated\">\n\t\t\t\t\t\t\t\t<section class=\"elementor-section elementor-inner-section elementor-element elementor-element-4d9b0ef elementor-section-boxed elementor-section-height-default elementor-section-height-default\" data-id=\"4d9b0ef\" data-element_type=\"section\">\n\t\t\t\t\t\t<div class=\"elementor-container elementor-column-gap-default\">\n\t\t\t\t\t<div class=\"elementor-column elementor-col-100 elementor-inner-column elementor-element elementor-element-16b03da\" data-id=\"16b03da\" data-element_type=\"column\">\n\t\t\t<div class=\"elementor-widget-wrap\">\n\t\t\t\t\t\t\t\t\t<\/div>\n\t\t<\/div>\n\t\t\t\t\t\t\t<\/div>\n\t\t<\/section>\n\t\t\t\t\t<\/div>\n\t\t<\/div>\n\t\t\t\t\t\t\t<\/div>\n\t\t<\/section>\n\t\t\t\t<section class=\"elementor-section elementor-top-section elementor-element elementor-element-0c4a25a elementor-section-stretched elementor-section-boxed elementor-section-height-default elementor-section-height-default\" data-id=\"0c4a25a\" data-element_type=\"section\" data-settings=\"{&quot;stretch_section&quot;:&quot;section-stretched&quot;}\">\n\t\t\t\t\t\t<div class=\"elementor-container elementor-column-gap-default\">\n\t\t\t\t\t<div class=\"elementor-column elementor-col-100 elementor-top-column elementor-element elementor-element-130f6ff\" data-id=\"130f6ff\" data-element_type=\"column\">\n\t\t\t<div class=\"elementor-widget-wrap elementor-element-populated\">\n\t\t\t\t\t\t\t\t<div class=\"elementor-element elementor-element-d64932c elementor-widget elementor-widget-eael-adv-tabs\" data-id=\"d64932c\" data-element_type=\"widget\" data-widget_type=\"eael-adv-tabs.default\">\n\t\t\t\t<div class=\"elementor-widget-container\">\n\t\t\t        <div id=\"eael-advance-tabs-d64932c\" class=\"eael-advance-tabs eael-tabs-horizontal eael-tab-auto-active \" data-tabid=\"d64932c\">\n            <div class=\"eael-tabs-nav\">\n                <ul class=\"\">\n                                            <li id=\"beneficiaris\" class=\"active-default eael-tab-item-trigger\" aria-selected=\"true\" data-tab=\"1\" role=\"tab\" tabindex=\"0\" aria-controls=\"beneficiaris-tab\" aria-expanded=\"false\">\n                            \n                            \n                            \n                                                            <span class=\"eael-tab-title  title-after-icon\">Beneficiaris<\/span>                                                    <\/li>\n                                            <li id=\"condicions\" class=\"inactive eael-tab-item-trigger\" aria-selected=\"false\" data-tab=\"2\" role=\"tab\" tabindex=\"-1\" aria-controls=\"condicions-tab\" aria-expanded=\"false\">\n                            \n                            \n                            \n                                                            <span class=\"eael-tab-title  title-after-icon\">Condicions<\/span>                                                    <\/li>\n                                            <li id=\"requisits\" class=\"inactive eael-tab-item-trigger\" aria-selected=\"false\" data-tab=\"3\" role=\"tab\" tabindex=\"-1\" aria-controls=\"requisits-tab\" aria-expanded=\"false\">\n                            \n                            \n                            \n                                                            <span class=\"eael-tab-title  title-after-icon\">Requisits<\/span>                                                    <\/li>\n                                            <li id=\"despeses-finanables-elegibles\" class=\"inactive eael-tab-item-trigger\" aria-selected=\"false\" data-tab=\"4\" role=\"tab\" tabindex=\"-1\" aria-controls=\"despeses-finanables-elegibles-tab\" aria-expanded=\"false\">\n                            \n                            \n                            \n                                                            <span class=\"eael-tab-title  title-after-icon\">Despeses finan\u00e7ables elegibles<\/span>                                                    <\/li>\n                                    <\/ul>\n            <\/div>\n            \n            <div class=\"eael-tabs-content\">\n\t\t        \n                    <div id=\"beneficiaris-tab\" class=\"clearfix eael-tab-content-item active-default\" data-title-link=\"beneficiaris-tab\">\n\t\t\t\t        \t\t\t\t\t        <ul class=\"pesta\u00f1as-linea\">\n \t<li>Grans empreses industrials amb seu, establiment o sucursal de producci\u00f3 o de desenvolupament d\u2019activitat es trobe radicat en la Comunitat Valencianai que duguen a terme operacions d\u2019inversi\u00f3 o requerisquen circulant per a la seua activitat, tenint en compte que:<br>\n<span style=\"color: #e21735; font-weight: bold;\">\u2013<\/span> De manera especial, es contempla la concessi\u00f3 de pr\u00e9stecs a grans empreses amb elevat consum energ\u00e8tic, com s\u00f3n les que operen en sectors amb codis 2030, 2059, 2320, 2331, 2349 o 2399 de la Classificaci\u00f3 Nacional d\u2019Activitats Econ\u00f2miques.<br>\n<span style=\"color: #e21735; font-weight: bold;\">\u2013<\/span> Per a grans empreses que no es troben en aquesta situaci\u00f3 i operen en sectors industrials amb CNAEs del 10 al 33, s\u2019ofereix finan\u00e7ament per a operacions d\u2019inversi\u00f3.<\/li>\n<\/ul>\n<div style=\"text-align: center;\"><img decoding=\"async\" style=\"width: 80%;\" src=\"\/wp-content\/uploads\/2023\/04\/logo01_es.jpg\" \/><\/div>\n*Consulteu les bases completes en la convocat\u00f2ria.\t\t\t\t                            <\/div>\n\t\t        \n                    <div id=\"condicions-tab\" class=\"clearfix eael-tab-content-item inactive\" data-title-link=\"condicions-tab\">\n\t\t\t\t        \t\t\t\t\t        <ul class=\"pesta\u00f1as-linea\">\n \t<li>Fins a 5 milions d\u2019euros per a operacions d\u2019inversi\u00f3 dutes a terme per empreses de qualsevol sector dels contemplats entre els *CNAEs 10 i 33. Es permetran operacions de circulant de fins a 10 milions per a empreses de producci\u00f3 de fregides i esmalts o fabricaci\u00f3 de paviment i revestiment cer\u00e0mic, i a empreses d\u2019elevat consum energ\u00e8tic.<\/li>\n \t<li>Terminis de 5 a 10 anys i amb fins a 2 anys de manca per a operacions d\u2019inversi\u00f3, i de 2 a 4 anys per a operacions de circulant, podent l\u2019IVF plantejar operacions \u2018bullet\u2019 en aquesta modalitat, amb reembossament del 100% del principal en l\u2019\u00faltima quota del pr\u00e9stec.<\/li>\n \t<li>Comissi\u00f3 d\u2019obertura de 10.000 \u20ac per a operacions de fins a 2 milions (12.500 \u20ac si la sol\u00b7licitant est\u00e0 integrada en grup empresarial); i de 15.000 \u20ac per a operacions d\u2019import superior a 2 milions (20.000 \u20ac per a empreses integrades en grups empresarials).<\/li>\n \t<li>Tipus d\u2019inter\u00e9s fix durant tota la vida del pr\u00e9stec i equivalent al 3,03%.<\/li>\n \t<li>Tram no reembossable (*TNR) del pr\u00e9stec per import equivalent al 10% del valor nominal de l\u2019operaci\u00f3 en operacions d\u2019inversi\u00f3 i al 5% en operacions de finan\u00e7ament del capital circulant.<\/li>\n<\/ul>\n* Consultar les bases completes en la convocat\u00f2ria.\t\t\t\t                            <\/div>\n\t\t        \n                    <div id=\"requisits-tab\" class=\"clearfix eael-tab-content-item inactive\" data-title-link=\"requisits-tab\">\n\t\t\t\t        \t\t\t\t\t        <div class=\"grve-element grve-text\">\n\nEls beneficiaris han de complir els seg\u00fcents requisits, entre altres *:\n\n\n\n<\/div>\n<div class=\"grve-element grve-list grve-list-check \">\n<ul class=\"pesta\u00f1as-linea\">\n \t<li>Operar en el grup C \u201cInd\u00fastria Manufacturera\u201d (codis 10 a 33) de la Classificaci\u00f3 Nacional d\u2019Activitats Econ\u00f2miques (CNAE-2009).<\/li>\n \t<li>Tindre almenys un establiment, sucursal de producci\u00f3, o sucursal de desenvolupament d\u2019activitat en la Comunitat Valenciana.<\/li>\n \t<li>Ser Gran Empresa.<\/li>\n \t<li>Estar al corrent de compliment de les obligacions tribut\u00e0ries davant l\u2019Estat, la Generalitat i la Seguretat Social.<\/li>\n<\/ul>\n* Consultar les bases completes en la convocat\u00f2ria.\n\n<\/div>\t\t\t\t                            <\/div>\n\t\t        \n                    <div id=\"despeses-finanables-elegibles-tab\" class=\"clearfix eael-tab-content-item inactive\" data-title-link=\"despeses-finanables-elegibles-tab\">\n\t\t\t\t        \t\t\t\t\t        <div class=\"grve-element grve-text\">\n\nEn operacions d\u2019inversi\u00f3, seran despeses finan\u00e7ables:\n\n<\/div>\n<div class=\"grve-element grve-list grve-list-check \">\n<ul class=\"pesta\u00f1as-linea\">\n \t<li>Adquisici\u00f3 i condicionament de terrenys per a la seua utilitzaci\u00f3 en la producci\u00f3 dels b\u00e9ns i serveis que constitueixen l\u2019activitat principal de l\u2019empresa.<\/li>\n \t<li>Adquisici\u00f3 i construcci\u00f3 de naus industrials, i instal\u00b7lacions t\u00e8cniques per al desenvolupament de l\u2019activitat principal de l\u2019empresa.\n<\/li>\n \t<li>Construcci\u00f3 d\u2019instal\u00b7lacions d\u2019energia renovable, tant si el seu dest\u00ed \u00e9s l\u2019autoconsum com l\u2019abocament a xarxa, sempre que els projectes no superen una pot\u00e8ncia de 30 MWp.<\/li>\n \t<li>Adquisici\u00f3 d\u2019equipament vinculat a les tecnologies de la informaci\u00f3 i la comunicaci\u00f3.\n<\/li>\n \t<li>Maquin\u00e0ria, eines, motles o utillatge.\n<\/li>\n \t<li>Despeses de consultoria i qualificaci\u00f3 credit\u00edcia externa incorreguts per a sol\u00b7licitar el finan\u00e7ament.\n<\/li>\n \t<li>Actius intangibles, com les despeses de recerca i desenvolupament, la propietat industrial, els drets de trasp\u00e0s o les aplicacions inform\u00e0tiques.<\/li>\n \t<li>Adquisici\u00f3 de participacions empresarials a fi d\u2019ampliar la capacitat productiva de l\u2019empresa, millorar les condicions d\u2019acc\u00e9s al finan\u00e7ament, o assegurar el subministrament d\u2019inputs clau per al proc\u00e9s productiu de l\u2019empresa.\n<\/li>\n<\/ul>\n<\/div>\n<div class=\"grve-element grve-text\">\n\nEn operacions de circulant, es consideren despeses finan\u00e7ables tot increment del fons de maniobra de l\u2019empresa, definit com la difer\u00e8ncia entre l\u2019actiu i el passiu corrent del balan\u00e7. No obstant aix\u00f2, no es consideraran despeses finan\u00e7ables elegibles els increments del fons de maniobra atribu\u00efbles a l\u2019augment de cr\u00e8dits no comercials a curt termini i les inversions financeres temporals, aix\u00ed com els atribu\u00efbles a la disminuci\u00f3 de passius no comercials amb empreses del grup. Es consideraran finan\u00e7ables en virtut d\u2019aquest concepte les p\u00e8rdues d\u2019explotaci\u00f3, tal com es defineixen en l\u2019article 12.3 de la Convocat\u00f2ria (EBITDA negatiu del per\u00edode); aix\u00ed com, l\u2019import dels passius a llarg termini reclassificats com a deute a curt termini.\n\n\n* Consultar les bases completes en la convocat\u00f2ria.\n\n<\/div>\t\t\t\t                            <\/div>\n\t\t                    <\/div>\n        <\/div>\n\t\t<\/div>\n\t\t\t\t<\/div>\n\t\t\t\t\t<\/div>\n\t\t<\/div>\n\t\t\t\t\t\t\t<\/div>\n\t\t<\/section>\n\t\t\t\t\t\t\t<\/div>\n\t\t","protected":false},"excerpt":{"rendered":"<p>L\u00ednia bonificada IVF Inverteix Gran Empresa Industrial Condicions especials per a empreses gasointensives com les del sector cer\u00e0mic BASES CONVOCATORIA SOL\u00b7LICITAR Beneficiaris Condicions Requisits Despeses&hellip;<\/p>\n","protected":false},"author":1,"featured_media":0,"parent":986,"menu_order":0,"comment_status":"closed","ping_status":"closed","template":"","meta":{"footnotes":""},"yoast_head":"<!-- This site is optimized with the Yoast SEO plugin v18.0 - https:\/\/yoast.com\/wordpress\/plugins\/seo\/ -->\n<title>L\u00ednia bonificada IVF Inverteix Gran Empresa Industrial - IVF<\/title>\n<meta name=\"robots\" content=\"noindex, follow, max-snippet:-1, max-image-preview:large, max-video-preview:-1\" \/>\n<meta property=\"og:locale\" content=\"en_US\" \/>\n<meta property=\"og:type\" content=\"article\" \/>\n<meta property=\"og:title\" content=\"L\u00ednia bonificada IVF Inverteix Gran Empresa Industrial - IVF\" \/>\n<meta property=\"og:description\" content=\"L\u00ednia bonificada IVF Inverteix Gran Empresa Industrial Condicions especials per a empreses gasointensives com les del sector cer\u00e0mic BASES CONVOCATORIA SOL\u00b7LICITAR Beneficiaris Condicions Requisits Despeses&hellip;\" \/>\n<meta property=\"og:url\" content=\"https:\/\/prestamosivf.premm.es\/va\/prestecs\/linia-bonificada-ivf-inverteix-gran-empresa-industrial\" \/>\n<meta property=\"og:site_name\" content=\"IVF\" \/>\n<meta property=\"article:modified_time\" content=\"2023-07-19T09:29:19+00:00\" \/>\n<meta property=\"og:image\" content=\"https:\/\/prestamosivf.premm.es\/wp-content\/uploads\/2023\/04\/logo01_es.jpg\" \/>\n<meta name=\"twitter:card\" content=\"summary_large_image\" \/>\n<meta name=\"twitter:label1\" content=\"Est. reading time\" \/>\n\t<meta name=\"twitter:data1\" content=\"4 minutes\" \/>\n<script type=\"application\/ld+json\" class=\"yoast-schema-graph\">{\"@context\":\"https:\/\/schema.org\",\"@graph\":[{\"@type\":\"WebSite\",\"@id\":\"https:\/\/prestamosivf.premm.es\/va#website\",\"url\":\"https:\/\/prestamosivf.premm.es\/va\",\"name\":\"IVF\",\"description\":\"IVF, Nuestro \u00fanico inter\u00e9s eres t\u00fa\",\"potentialAction\":[{\"@type\":\"SearchAction\",\"target\":{\"@type\":\"EntryPoint\",\"urlTemplate\":\"https:\/\/prestamosivf.premm.es\/va?s={search_term_string}\"},\"query-input\":\"required name=search_term_string\"}],\"inLanguage\":\"va-ES\"},{\"@type\":\"ImageObject\",\"@id\":\"https:\/\/prestamosivf.premm.es\/va\/prestecs\/linia-bonificada-ivf-inverteix-gran-empresa-industrial#primaryimage\",\"inLanguage\":\"va-ES\",\"url\":\"\/wp-content\/uploads\/2023\/04\/logo01_es.jpg\",\"contentUrl\":\"\/wp-content\/uploads\/2023\/04\/logo01_es.jpg\"},{\"@type\":\"WebPage\",\"@id\":\"https:\/\/prestamosivf.premm.es\/va\/prestecs\/linia-bonificada-ivf-inverteix-gran-empresa-industrial#webpage\",\"url\":\"https:\/\/prestamosivf.premm.es\/va\/prestecs\/linia-bonificada-ivf-inverteix-gran-empresa-industrial\",\"name\":\"L\u00ednia bonificada IVF Inverteix Gran Empresa Industrial - IVF\",\"isPartOf\":{\"@id\":\"https:\/\/prestamosivf.premm.es\/va#website\"},\"primaryImageOfPage\":{\"@id\":\"https:\/\/prestamosivf.premm.es\/va\/prestecs\/linia-bonificada-ivf-inverteix-gran-empresa-industrial#primaryimage\"},\"datePublished\":\"2023-04-27T11:59:01+00:00\",\"dateModified\":\"2023-07-19T09:29:19+00:00\",\"breadcrumb\":{\"@id\":\"https:\/\/prestamosivf.premm.es\/va\/prestecs\/linia-bonificada-ivf-inverteix-gran-empresa-industrial#breadcrumb\"},\"inLanguage\":\"va-ES\",\"potentialAction\":[{\"@type\":\"ReadAction\",\"target\":[\"https:\/\/prestamosivf.premm.es\/va\/prestecs\/linia-bonificada-ivf-inverteix-gran-empresa-industrial\"]}]},{\"@type\":\"BreadcrumbList\",\"@id\":\"https:\/\/prestamosivf.premm.es\/va\/prestecs\/linia-bonificada-ivf-inverteix-gran-empresa-industrial#breadcrumb\",\"itemListElement\":[{\"@type\":\"ListItem\",\"position\":1,\"name\":\"Portada\",\"item\":\"https:\/\/prestamosivf.premm.es\/va\"},{\"@type\":\"ListItem\",\"position\":2,\"name\":\"Pr\u00e9stecs\",\"item\":\"https:\/\/prestamosivf.premm.es\/va\/prestamos\"},{\"@type\":\"ListItem\",\"position\":3,\"name\":\"L\u00ednia bonificada IVF Inverteix Gran Empresa Industrial\"}]}]}<\/script>\n<!-- \/ Yoast SEO plugin. -->","yoast_head_json":{"title":"L\u00ednia bonificada IVF Inverteix Gran Empresa Industrial - IVF","robots":{"index":"noindex","follow":"follow","max-snippet":"max-snippet:-1","max-image-preview":"max-image-preview:large","max-video-preview":"max-video-preview:-1"},"og_locale":"en_US","og_type":"article","og_title":"L\u00ednia bonificada IVF Inverteix Gran Empresa Industrial - IVF","og_description":"L\u00ednia bonificada IVF Inverteix Gran Empresa Industrial Condicions especials per a empreses gasointensives com les del sector cer\u00e0mic BASES CONVOCATORIA SOL\u00b7LICITAR Beneficiaris Condicions Requisits Despeses&hellip;","og_url":"https:\/\/prestamosivf.premm.es\/va\/prestecs\/linia-bonificada-ivf-inverteix-gran-empresa-industrial","og_site_name":"IVF","article_modified_time":"2023-07-19T09:29:19+00:00","og_image":[{"url":"https:\/\/prestamosivf.premm.es\/wp-content\/uploads\/2023\/04\/logo01_es.jpg"}],"twitter_card":"summary_large_image","twitter_misc":{"Est. reading time":"4 minutes"},"schema":{"@context":"https:\/\/schema.org","@graph":[{"@type":"WebSite","@id":"https:\/\/prestamosivf.premm.es\/va#website","url":"https:\/\/prestamosivf.premm.es\/va","name":"IVF","description":"IVF, Nuestro \u00fanico inter\u00e9s eres t\u00fa","potentialAction":[{"@type":"SearchAction","target":{"@type":"EntryPoint","urlTemplate":"https:\/\/prestamosivf.premm.es\/va?s={search_term_string}"},"query-input":"required name=search_term_string"}],"inLanguage":"va-ES"},{"@type":"ImageObject","@id":"https:\/\/prestamosivf.premm.es\/va\/prestecs\/linia-bonificada-ivf-inverteix-gran-empresa-industrial#primaryimage","inLanguage":"va-ES","url":"\/wp-content\/uploads\/2023\/04\/logo01_es.jpg","contentUrl":"\/wp-content\/uploads\/2023\/04\/logo01_es.jpg"},{"@type":"WebPage","@id":"https:\/\/prestamosivf.premm.es\/va\/prestecs\/linia-bonificada-ivf-inverteix-gran-empresa-industrial#webpage","url":"https:\/\/prestamosivf.premm.es\/va\/prestecs\/linia-bonificada-ivf-inverteix-gran-empresa-industrial","name":"L\u00ednia bonificada IVF Inverteix Gran Empresa Industrial - IVF","isPartOf":{"@id":"https:\/\/prestamosivf.premm.es\/va#website"},"primaryImageOfPage":{"@id":"https:\/\/prestamosivf.premm.es\/va\/prestecs\/linia-bonificada-ivf-inverteix-gran-empresa-industrial#primaryimage"},"datePublished":"2023-04-27T11:59:01+00:00","dateModified":"2023-07-19T09:29:19+00:00","breadcrumb":{"@id":"https:\/\/prestamosivf.premm.es\/va\/prestecs\/linia-bonificada-ivf-inverteix-gran-empresa-industrial#breadcrumb"},"inLanguage":"va-ES","potentialAction":[{"@type":"ReadAction","target":["https:\/\/prestamosivf.premm.es\/va\/prestecs\/linia-bonificada-ivf-inverteix-gran-empresa-industrial"]}]},{"@type":"BreadcrumbList","@id":"https:\/\/prestamosivf.premm.es\/va\/prestecs\/linia-bonificada-ivf-inverteix-gran-empresa-industrial#breadcrumb","itemListElement":[{"@type":"ListItem","position":1,"name":"Portada","item":"https:\/\/prestamosivf.premm.es\/va"},{"@type":"ListItem","position":2,"name":"Pr\u00e9stecs","item":"https:\/\/prestamosivf.premm.es\/va\/prestamos"},{"@type":"ListItem","position":3,"name":"L\u00ednia bonificada IVF Inverteix Gran Empresa Industrial"}]}]}},"_links":{"self":[{"href":"https:\/\/prestamosivf.premm.es\/va\/wp-json\/wp\/v2\/pages\/1137"}],"collection":[{"href":"https:\/\/prestamosivf.premm.es\/va\/wp-json\/wp\/v2\/pages"}],"about":[{"href":"https:\/\/prestamosivf.premm.es\/va\/wp-json\/wp\/v2\/types\/page"}],"author":[{"embeddable":true,"href":"https:\/\/prestamosivf.premm.es\/va\/wp-json\/wp\/v2\/users\/1"}],"replies":[{"embeddable":true,"href":"https:\/\/prestamosivf.premm.es\/va\/wp-json\/wp\/v2\/comments?post=1137"}],"version-history":[{"count":44,"href":"https:\/\/prestamosivf.premm.es\/va\/wp-json\/wp\/v2\/pages\/1137\/revisions"}],"predecessor-version":[{"id":2488,"href":"https:\/\/prestamosivf.premm.es\/va\/wp-json\/wp\/v2\/pages\/1137\/revisions\/2488"}],"up":[{"embeddable":true,"href":"https:\/\/prestamosivf.premm.es\/va\/wp-json\/wp\/v2\/pages\/986"}],"wp:attachment":[{"href":"https:\/\/prestamosivf.premm.es\/va\/wp-json\/wp\/v2\/media?parent=1137"}],"curies":[{"name":"wp","href":"https:\/\/api.w.org\/{rel}","templated":true}]}}