{"id":1055,"date":"2023-04-20T13:34:28","date_gmt":"2023-04-20T13:34:28","guid":{"rendered":"https:\/\/prestamos.premm.es\/?page_id=1055"},"modified":"2023-07-19T09:28:02","modified_gmt":"2023-07-19T09:28:02","slug":"linia-financament-reactiva-feder","status":"publish","type":"page","link":"https:\/\/prestamosivf.premm.es\/va\/prestecs\/linia-financament-reactiva-feder","title":{"rendered":"L\u00ednia Finan\u00e7ament REACTIVA FEDER"},"content":{"rendered":"\t\t<div data-elementor-type=\"wp-page\" data-elementor-id=\"1055\" class=\"elementor elementor-1055\">\n\t\t\t\t\t\t\t\t\t<section class=\"elementor-section elementor-top-section elementor-element elementor-element-3321343d elementor-section-height-min-height elementor-section-stretched cabecera-top elementor-section-boxed elementor-section-height-default elementor-section-items-middle\" data-id=\"3321343d\" data-element_type=\"section\" data-settings=\"{&quot;stretch_section&quot;:&quot;section-stretched&quot;,&quot;background_background&quot;:&quot;classic&quot;}\">\n\t\t\t\t\t\t\t<div class=\"elementor-background-overlay\"><\/div>\n\t\t\t\t\t\t\t<div class=\"elementor-container elementor-column-gap-default\">\n\t\t\t\t\t<div class=\"elementor-column elementor-col-50 elementor-top-column elementor-element elementor-element-4ea1eb14\" data-id=\"4ea1eb14\" data-element_type=\"column\">\n\t\t\t<div class=\"elementor-widget-wrap elementor-element-populated\">\n\t\t\t\t\t\t\t\t<div class=\"elementor-element elementor-element-5e55105b hola elementor-widget elementor-widget-heading\" data-id=\"5e55105b\" data-element_type=\"widget\" data-widget_type=\"heading.default\">\n\t\t\t\t<div class=\"elementor-widget-container\">\n\t\t\t<style>\/*! elementor - v3.14.0 - 26-06-2023 *\/\n.elementor-heading-title{padding:0;margin:0;line-height:1}.elementor-widget-heading .elementor-heading-title[class*=elementor-size-]>a{color:inherit;font-size:inherit;line-height:inherit}.elementor-widget-heading .elementor-heading-title.elementor-size-small{font-size:15px}.elementor-widget-heading .elementor-heading-title.elementor-size-medium{font-size:19px}.elementor-widget-heading .elementor-heading-title.elementor-size-large{font-size:29px}.elementor-widget-heading .elementor-heading-title.elementor-size-xl{font-size:39px}.elementor-widget-heading .elementor-heading-title.elementor-size-xxl{font-size:59px}<\/style><h1 class=\"elementor-heading-title elementor-size-default\">L\u00ednia Finan\u00e7ament REACTIVA FEDER<\/h1>\t\t<\/div>\n\t\t\t\t<\/div>\n\t\t\t\t<div class=\"elementor-element elementor-element-4f67172 elementor-widget__width-initial elementor-widget elementor-widget-heading\" data-id=\"4f67172\" data-element_type=\"widget\" data-widget_type=\"heading.default\">\n\t\t\t\t<div class=\"elementor-widget-container\">\n\t\t\t<h4 class=\"elementor-heading-title elementor-size-default\">Pr\u00e9stecs bonificats per a tots els sectors d\u2019activitat, a inter\u00e9s fix i fins a un 30% no reembossable\n\n<\/h4>\t\t<\/div>\n\t\t\t\t<\/div>\n\t\t\t\t<section class=\"elementor-section elementor-inner-section elementor-element elementor-element-f2a48e8 elementor-section-boxed elementor-section-height-default elementor-section-height-default\" data-id=\"f2a48e8\" data-element_type=\"section\">\n\t\t\t\t\t\t<div class=\"elementor-container elementor-column-gap-default\">\n\t\t\t\t\t<div class=\"elementor-column elementor-col-50 elementor-inner-column elementor-element elementor-element-89b030a\" data-id=\"89b030a\" data-element_type=\"column\">\n\t\t\t<div class=\"elementor-widget-wrap elementor-element-populated\">\n\t\t\t\t\t\t\t\t<div class=\"elementor-element elementor-element-581f0af elementor-widget__width-initial elementor-widget elementor-widget-button\" data-id=\"581f0af\" data-element_type=\"widget\" data-widget_type=\"button.default\">\n\t\t\t\t<div class=\"elementor-widget-container\">\n\t\t\t\t\t<div class=\"elementor-button-wrapper\">\n\t\t\t<a class=\"elementor-button elementor-button-link elementor-size-sm\" href=\"\/wp-content\/uploads\/2023\/06\/Texto-consolidado-Reactiva-FEDER-Junio23-VLC.pdf\" target=\"_blank\">\n\t\t\t\t\t\t<span class=\"elementor-button-content-wrapper\">\n\t\t\t\t\t\t<span class=\"elementor-button-text\">BASES CONVOCAT\u00d2RIA<\/span>\n\t\t<\/span>\n\t\t\t\t\t<\/a>\n\t\t<\/div>\n\t\t\t\t<\/div>\n\t\t\t\t<\/div>\n\t\t\t\t\t<\/div>\n\t\t<\/div>\n\t\t\t\t<div class=\"elementor-column elementor-col-50 elementor-inner-column elementor-element elementor-element-bcf0fca\" data-id=\"bcf0fca\" data-element_type=\"column\">\n\t\t\t<div class=\"elementor-widget-wrap elementor-element-populated\">\n\t\t\t\t\t\t\t\t<div class=\"elementor-element elementor-element-8cd44b6 elementor-widget__width-initial elementor-widget elementor-widget-button\" data-id=\"8cd44b6\" data-element_type=\"widget\" data-widget_type=\"button.default\">\n\t\t\t\t<div class=\"elementor-widget-container\">\n\t\t\t\t\t<div class=\"elementor-button-wrapper\">\n\t\t\t<a class=\"elementor-button elementor-button-link elementor-size-sm\" href=\"https:\/\/sede.ivf.es\/procedures\/c02a60ba-4f9b-4c2a-bfa5-f92872a5bd76?action=online\" target=\"_blank\">\n\t\t\t\t\t\t<span class=\"elementor-button-content-wrapper\">\n\t\t\t\t\t\t<span class=\"elementor-button-text\">SOL\u00b7LICITAR<\/span>\n\t\t<\/span>\n\t\t\t\t\t<\/a>\n\t\t<\/div>\n\t\t\t\t<\/div>\n\t\t\t\t<\/div>\n\t\t\t\t\t<\/div>\n\t\t<\/div>\n\t\t\t\t\t\t\t<\/div>\n\t\t<\/section>\n\t\t\t\t\t<\/div>\n\t\t<\/div>\n\t\t\t\t<div class=\"elementor-column elementor-col-50 elementor-top-column elementor-element elementor-element-9cfe32c\" data-id=\"9cfe32c\" data-element_type=\"column\">\n\t\t\t<div class=\"elementor-widget-wrap elementor-element-populated\">\n\t\t\t\t\t\t\t\t<section class=\"elementor-section elementor-inner-section elementor-element elementor-element-7dd0359 elementor-section-boxed elementor-section-height-default elementor-section-height-default\" data-id=\"7dd0359\" data-element_type=\"section\">\n\t\t\t\t\t\t<div class=\"elementor-container elementor-column-gap-default\">\n\t\t\t\t\t<div class=\"elementor-column elementor-col-100 elementor-inner-column elementor-element elementor-element-82f0cc5\" data-id=\"82f0cc5\" data-element_type=\"column\">\n\t\t\t<div class=\"elementor-widget-wrap\">\n\t\t\t\t\t\t\t\t\t<\/div>\n\t\t<\/div>\n\t\t\t\t\t\t\t<\/div>\n\t\t<\/section>\n\t\t\t\t\t<\/div>\n\t\t<\/div>\n\t\t\t\t\t\t\t<\/div>\n\t\t<\/section>\n\t\t\t\t<section class=\"elementor-section elementor-top-section elementor-element elementor-element-0c4a25a elementor-section-stretched elementor-section-boxed elementor-section-height-default elementor-section-height-default\" data-id=\"0c4a25a\" data-element_type=\"section\" data-settings=\"{&quot;stretch_section&quot;:&quot;section-stretched&quot;}\">\n\t\t\t\t\t\t<div class=\"elementor-container elementor-column-gap-default\">\n\t\t\t\t\t<div class=\"elementor-column elementor-col-100 elementor-top-column elementor-element elementor-element-130f6ff\" data-id=\"130f6ff\" data-element_type=\"column\">\n\t\t\t<div class=\"elementor-widget-wrap elementor-element-populated\">\n\t\t\t\t\t\t\t\t<div class=\"elementor-element elementor-element-d64932c elementor-widget elementor-widget-eael-adv-tabs\" data-id=\"d64932c\" data-element_type=\"widget\" data-widget_type=\"eael-adv-tabs.default\">\n\t\t\t\t<div class=\"elementor-widget-container\">\n\t\t\t        <div id=\"eael-advance-tabs-d64932c\" class=\"eael-advance-tabs eael-tabs-horizontal eael-tab-auto-active \" data-tabid=\"d64932c\">\n            <div class=\"eael-tabs-nav\">\n                <ul class=\"\">\n                                            <li id=\"beneficiaris\" class=\"active-default eael-tab-item-trigger\" aria-selected=\"true\" data-tab=\"1\" role=\"tab\" tabindex=\"0\" aria-controls=\"beneficiaris-tab\" aria-expanded=\"false\">\n                            \n                            \n                            \n                                                            <span class=\"eael-tab-title  title-after-icon\">Beneficiaris<\/span>                                                    <\/li>\n                                            <li id=\"condicions\" class=\"inactive eael-tab-item-trigger\" aria-selected=\"false\" data-tab=\"2\" role=\"tab\" tabindex=\"-1\" aria-controls=\"condicions-tab\" aria-expanded=\"false\">\n                            \n                            \n                            \n                                                            <span class=\"eael-tab-title  title-after-icon\">Condicions<\/span>                                                    <\/li>\n                                            <li id=\"requisits\" class=\"inactive eael-tab-item-trigger\" aria-selected=\"false\" data-tab=\"3\" role=\"tab\" tabindex=\"-1\" aria-controls=\"requisits-tab\" aria-expanded=\"false\">\n                            \n                            \n                            \n                                                            <span class=\"eael-tab-title  title-after-icon\">Requisits<\/span>                                                    <\/li>\n                                            <li id=\"despeses-finanables-elegibles\" class=\"inactive eael-tab-item-trigger\" aria-selected=\"false\" data-tab=\"4\" role=\"tab\" tabindex=\"-1\" aria-controls=\"despeses-finanables-elegibles-tab\" aria-expanded=\"false\">\n                            \n                            \n                            \n                                                            <span class=\"eael-tab-title  title-after-icon\">Despeses finan\u00e7ables elegibles<\/span>                                                    <\/li>\n                                    <\/ul>\n            <\/div>\n            \n            <div class=\"eael-tabs-content\">\n\t\t        \n                    <div id=\"beneficiaris-tab\" class=\"clearfix eael-tab-content-item active-default\" data-title-link=\"beneficiaris-tab\">\n\t\t\t\t        \t\t\t\t\t        <ul class=\"pesta\u00f1as-linea\">\n \t<li>Petites i mitjanes empreses que tinguen, almenys, un establiment, sucursal de producci\u00f3, o sucursal de desenvolupament d\u2019activitat radicat en la Comunitat Valenciana.<\/li>\n \t<li>Finalitat dels projectes:<br><span style=\"color: #e21735; font-weight: bold;\">\u2013<\/span> Ampliaci\u00f3 i renovaci\u00f3 de les instal\u00b7lacions, maquin\u00e0ria i equips.\n<br>\n<span style=\"color: #e21735; font-weight: bold;\">\u2013<\/span> Adquisici\u00f3 de participacions empresarials.\n<br>\n<span style=\"color: #e21735; font-weight: bold;\">\u2013<\/span> Adquisici\u00f3 o elaboraci\u00f3 pr\u00f2pia d\u2019actius intangibles.\n<br>\n<span style=\"color: #e21735; font-weight: bold;\">\u2013<\/span> Sosteniment del capital circulant de l\u2019empresa, incloent la contractaci\u00f3 de m\u00e0 d\u2019obra, l\u2019adquisici\u00f3 de b\u00e9ns i serveis lligats al cicle de l\u2019explotaci\u00f3, el finan\u00e7ament de clients, la inversi\u00f3 en exist\u00e8ncies i tresoreria operativa de l\u2019empresa, aix\u00ed com la cancel\u00b7laci\u00f3 del deute a curt termini de naturalesa comercial i financera.<\/li>\n<\/ul>\n<div style=\"text-align: center;\"><img decoding=\"async\" style=\"width: 80%;\" src=\"\/wp-content\/uploads\/2023\/04\/logo01_es.jpg\" \/><\/div>\n* Consultar les bases completes en la convocat\u00f2ria.\t\t\t\t                            <\/div>\n\t\t        \n                    <div id=\"condicions-tab\" class=\"clearfix eael-tab-content-item inactive\" data-title-link=\"condicions-tab\">\n\t\t\t\t        \t\t\t\t\t        <ul class=\"pesta\u00f1as-linea\">\n \t<li>Imports: el valor nominal del pr\u00e9stec se situar\u00e0 entre 20.000 i 5.000.000 euros, tenint en compte que:\n<span style=\"color: #e21735; font-weight: bold;\">\u2013<\/span> En operacions per a inversi\u00f3: el valor del pr\u00e9stec no podr\u00e0 superar el 80% de la inversi\u00f3 realitzada i s\u2019estableixen els seg\u00fcents l\u00edmits m\u00e0xims: 100.000 euros si el sol\u00b7licitant \u00e9s un aut\u00f2nom i 500.000 si \u00e9s una microempresa, una comunitat de b\u00e9ns o una societat civil.<span style=\"color: #e21735; font-weight: bold;\">\u2013<\/span> En operacions per a circulant s\u2019estableixen els seg\u00fcents l\u00edmits: 50.000 euros si el sol\u00b7licitant \u00e9s un treballador aut\u00f2nom i 250.000 euros si \u00e9s una microempresa, una comunitat de b\u00e9ns o una societat civil, i 1.000.000 si \u00e9s una pime.<\/li>\n \t<li>En operacions d\u2019inversi\u00f3, terminis de 4 a 10 anys (amb una manca de fins a 2 anys) i en operacions de circulant, el termini d\u2019amortitzaci\u00f3 ser\u00e0 de entre un m\u00ednim de dos i un m\u00e0xim de quatre anys, podent l\u2019empresa concentrar la devoluci\u00f3 del 100% del valor nominal de l\u2019operaci\u00f3 en la data de venciment de l\u2019operaci\u00f3.<\/li>\n \t<li>Tipus d\u2019inter\u00e9s: 1,5% fix per a operacions sol\u00b7licitades abans del 31 de desembre de 2022 i 2,03% fix per a operacions sol\u00b7licitades amb posterioritat a aqueixa data. En tipus d\u2019inter\u00e9s ser\u00e0 del 0% per a operacions d\u2019empreses amb seu social en qualsevol dels municipis que integren l\u2019Agenda Valenciana Antidespoblament; en les quals s\u2019acullen al programa ASTREA de la Conselleria d\u2019Habitatge i Arquitectura Bioclim\u00e0tica; i en aquelles operacions d\u2019empreses o aut\u00f2noms amb seu social o establiment d\u2019activitat en algun dels municipis afectats pels incendis forestals esdevinguts en la Comunitat Valenciana a l\u2019agost de 2022.<\/li>\n \t<li>Comissi\u00f3 d\u2019obertura de fins a l\u20191% del valor nominal del pr\u00e9stec.<\/li>\n \t<li>Bonificaci\u00f3 de fins al 30% de l\u2019import de l\u2019operaci\u00f3.<\/li>\n<\/ul>\n* Consultar les bases completes en la convocat\u00f2ria.\t\t\t\t                            <\/div>\n\t\t        \n                    <div id=\"requisits-tab\" class=\"clearfix eael-tab-content-item inactive\" data-title-link=\"requisits-tab\">\n\t\t\t\t        \t\t\t\t\t        <div class=\"grve-element grve-text\">\n\nEls beneficiaris han de complir els seg\u00fcents requisits, entre altres*:\n\n\n<\/div>\n<div class=\"grve-element grve-list grve-list-check \">\n<ul class=\"pesta\u00f1as-linea\">\n \t<li>Tindre, almenys, un establiment, sucursal de producci\u00f3, o sucursal de desenvolupament d\u2019activitat radicat en la Comunitat Valenciana.\n<\/li>\n \t<li>Ser una petita o mitjana empresa amb una antiguitat m\u00ednima de dos anys i que tinga com a m\u00ednim un empleat en la data de sol\u00b7licitud, o un treballador aut\u00f2nom donat d\u2019alta en el R\u00e8gim Especial de Treballadors Aut\u00f2nom (RETA) almenys des de l\u2019exercici 2020.\n<\/li>\n \t<li>Estar al corrent de compliment de les obligacions tribut\u00e0ries davant l\u2019Estat, la Generalitat i la Seguretat Social.\n<\/li>\n<\/ul>\n*Consultar les bases completes en la convocat\u00f2ria.\n\n<\/div>\t\t\t\t                            <\/div>\n\t\t        \n                    <div id=\"despeses-finanables-elegibles-tab\" class=\"clearfix eael-tab-content-item inactive\" data-title-link=\"despeses-finanables-elegibles-tab\">\n\t\t\t\t        \t\t\t\t\t        <div class=\"grve-element grve-text\"><p>Inversions en actius fixos:<\/p><\/div><div class=\"grve-element grve-list grve-list-check \"><ul class=\"pesta\u00f1as-linea\"><li>Adquisici\u00f3 i construcci\u00f3 de naus industrials, i instal\u00b7lacions t\u00e8cniques per al desenvolupament de l\u2019activitat principal de l\u2019empresa, incloent l\u2019adquisici\u00f3 i condicionament de terrenys sempre que el seu valor de taxaci\u00f3 no supere el 20% del cost total estimat per al projecte d\u2019inversi\u00f3.<\/li><li>Construcci\u00f3 d\u2019instal\u00b7lacions d\u2019energia renovable, tant si el seu dest\u00ed \u00e9s l\u2019autoconsum com l\u2019abocament a xarxa, sempre que els projectes no superen una pot\u00e8ncia de 30 MWp.<\/li><li>Adquisici\u00f3 d\u2019equipament vinculat a les tecnologies de la informaci\u00f3 i la comunicaci\u00f3.<\/li><li>Maquin\u00e0ria, eines, motles o utillatge.<\/li><li>Mobiliari.<\/li><li>Vehicles industrials i elements de transport afectes a l\u2019explotaci\u00f3, fins a un m\u00e0xim de 35.000 euros, amb l\u2019excepci\u00f3 d\u2019aquells sol\u00b7licitants l\u2019objecte social dels quals consistisca en l\u2019arrendament d\u2019aquests elements patrimonials. Referent a aix\u00f2, l\u2019adquisici\u00f3 de vehicles de transport de mercaderies per carretera no es considerar\u00e0 en cap cas com a despesa elegible a l\u2019efecte d\u2019aquesta Convocat\u00f2ria.<\/li><li>Actius intangibles, com les despeses de recerca i desenvolupament, la propietat industrial, els drets de trasp\u00e0s o les aplicacions inform\u00e0tiques.<\/li><li>Adquisici\u00f3 de participacions empresarials a fi d\u2019ampliar la capacitat productiva de l\u2019empresa, millorar les condicions d\u2019acc\u00e9s al finan\u00e7ament, o assegurar el subministrament d\u2019inputs clau per al proc\u00e9s productiu de l\u2019empresa.<\/li><\/ul><\/div><div class=\"grve-element grve-text\"><p>Es considerar\u00e0 despesa elegible en capital circulant tot increment del fons de maniobra de l\u2019empresa, definit com la difer\u00e8ncia entre l\u2019actiu i el passiu corrent del balan\u00e7. No obstant aix\u00f2, no es consideraran despeses elegibles els increments del fons de maniobra atribu\u00efbles a l\u2019augment de cr\u00e8dits no comercials a curt termini, les inversions financeres temporals i la tresoreria no operativa, aix\u00ed com els atribu\u00efbles a la disminuci\u00f3 de passius no comercials amb empreses del grup.<\/p><p>A m\u00e9s de la inversi\u00f3 en actius fixos i capital circulant, es consideraran elegibles les despeses de consultoria incorreguts per a sol\u00b7licitar el finan\u00e7ament en el marc de la Convocat\u00f2ria.<\/p><p>* Consultar les bases completes en la convocat\u00f2ria<\/p><\/div>\t\t\t\t                            <\/div>\n\t\t                    <\/div>\n        <\/div>\n\t\t<\/div>\n\t\t\t\t<\/div>\n\t\t\t\t\t<\/div>\n\t\t<\/div>\n\t\t\t\t\t\t\t<\/div>\n\t\t<\/section>\n\t\t\t\t\t\t\t<\/div>\n\t\t","protected":false},"excerpt":{"rendered":"<p>L\u00ednia Finan\u00e7ament REACTIVA FEDER Pr\u00e9stecs bonificats per a tots els sectors d\u2019activitat, a inter\u00e9s fix i fins a un 30% no reembossable BASES CONVOCAT\u00d2RIA SOL\u00b7LICITAR&hellip;<\/p>\n","protected":false},"author":1,"featured_media":0,"parent":986,"menu_order":0,"comment_status":"closed","ping_status":"closed","template":"","meta":{"footnotes":""},"yoast_head":"<!-- This site is optimized with the Yoast SEO plugin v18.0 - https:\/\/yoast.com\/wordpress\/plugins\/seo\/ -->\n<title>L\u00ednia Finan\u00e7ament REACTIVA FEDER - IVF<\/title>\n<meta name=\"robots\" content=\"noindex, follow, max-snippet:-1, max-image-preview:large, max-video-preview:-1\" \/>\n<meta property=\"og:locale\" content=\"en_US\" \/>\n<meta property=\"og:type\" content=\"article\" \/>\n<meta property=\"og:title\" content=\"L\u00ednia Finan\u00e7ament REACTIVA FEDER - IVF\" \/>\n<meta property=\"og:description\" content=\"L\u00ednia Finan\u00e7ament REACTIVA FEDER Pr\u00e9stecs bonificats per a tots els sectors d\u2019activitat, a inter\u00e9s fix i fins a un 30% no reembossable BASES CONVOCAT\u00d2RIA SOL\u00b7LICITAR&hellip;\" \/>\n<meta property=\"og:url\" content=\"https:\/\/prestamosivf.premm.es\/va\/prestecs\/linia-financament-reactiva-feder\" \/>\n<meta property=\"og:site_name\" content=\"IVF\" \/>\n<meta property=\"article:modified_time\" content=\"2023-07-19T09:28:02+00:00\" \/>\n<meta property=\"og:image\" content=\"https:\/\/prestamosivf.premm.es\/wp-content\/uploads\/2023\/04\/logo01_es.jpg\" \/>\n<meta name=\"twitter:card\" content=\"summary_large_image\" \/>\n<meta name=\"twitter:label1\" content=\"Est. reading time\" \/>\n\t<meta name=\"twitter:data1\" content=\"4 minutes\" \/>\n<script type=\"application\/ld+json\" class=\"yoast-schema-graph\">{\"@context\":\"https:\/\/schema.org\",\"@graph\":[{\"@type\":\"WebSite\",\"@id\":\"https:\/\/prestamosivf.premm.es\/va#website\",\"url\":\"https:\/\/prestamosivf.premm.es\/va\",\"name\":\"IVF\",\"description\":\"IVF, Nuestro \u00fanico inter\u00e9s eres t\u00fa\",\"potentialAction\":[{\"@type\":\"SearchAction\",\"target\":{\"@type\":\"EntryPoint\",\"urlTemplate\":\"https:\/\/prestamosivf.premm.es\/va?s={search_term_string}\"},\"query-input\":\"required name=search_term_string\"}],\"inLanguage\":\"va-ES\"},{\"@type\":\"ImageObject\",\"@id\":\"https:\/\/prestamosivf.premm.es\/va\/prestecs\/linia-financament-reactiva-feder#primaryimage\",\"inLanguage\":\"va-ES\",\"url\":\"\/wp-content\/uploads\/2023\/04\/logo01_es.jpg\",\"contentUrl\":\"\/wp-content\/uploads\/2023\/04\/logo01_es.jpg\"},{\"@type\":\"WebPage\",\"@id\":\"https:\/\/prestamosivf.premm.es\/va\/prestecs\/linia-financament-reactiva-feder#webpage\",\"url\":\"https:\/\/prestamosivf.premm.es\/va\/prestecs\/linia-financament-reactiva-feder\",\"name\":\"L\u00ednia Finan\u00e7ament REACTIVA FEDER - IVF\",\"isPartOf\":{\"@id\":\"https:\/\/prestamosivf.premm.es\/va#website\"},\"primaryImageOfPage\":{\"@id\":\"https:\/\/prestamosivf.premm.es\/va\/prestecs\/linia-financament-reactiva-feder#primaryimage\"},\"datePublished\":\"2023-04-20T13:34:28+00:00\",\"dateModified\":\"2023-07-19T09:28:02+00:00\",\"breadcrumb\":{\"@id\":\"https:\/\/prestamosivf.premm.es\/va\/prestecs\/linia-financament-reactiva-feder#breadcrumb\"},\"inLanguage\":\"va-ES\",\"potentialAction\":[{\"@type\":\"ReadAction\",\"target\":[\"https:\/\/prestamosivf.premm.es\/va\/prestecs\/linia-financament-reactiva-feder\"]}]},{\"@type\":\"BreadcrumbList\",\"@id\":\"https:\/\/prestamosivf.premm.es\/va\/prestecs\/linia-financament-reactiva-feder#breadcrumb\",\"itemListElement\":[{\"@type\":\"ListItem\",\"position\":1,\"name\":\"Portada\",\"item\":\"https:\/\/prestamosivf.premm.es\/va\"},{\"@type\":\"ListItem\",\"position\":2,\"name\":\"Pr\u00e9stecs\",\"item\":\"https:\/\/prestamosivf.premm.es\/va\/prestamos\"},{\"@type\":\"ListItem\",\"position\":3,\"name\":\"L\u00ednia Finan\u00e7ament REACTIVA FEDER\"}]}]}<\/script>\n<!-- \/ Yoast SEO plugin. -->","yoast_head_json":{"title":"L\u00ednia Finan\u00e7ament REACTIVA FEDER - IVF","robots":{"index":"noindex","follow":"follow","max-snippet":"max-snippet:-1","max-image-preview":"max-image-preview:large","max-video-preview":"max-video-preview:-1"},"og_locale":"en_US","og_type":"article","og_title":"L\u00ednia Finan\u00e7ament REACTIVA FEDER - IVF","og_description":"L\u00ednia Finan\u00e7ament REACTIVA FEDER Pr\u00e9stecs bonificats per a tots els sectors d\u2019activitat, a inter\u00e9s fix i fins a un 30% no reembossable BASES CONVOCAT\u00d2RIA SOL\u00b7LICITAR&hellip;","og_url":"https:\/\/prestamosivf.premm.es\/va\/prestecs\/linia-financament-reactiva-feder","og_site_name":"IVF","article_modified_time":"2023-07-19T09:28:02+00:00","og_image":[{"url":"https:\/\/prestamosivf.premm.es\/wp-content\/uploads\/2023\/04\/logo01_es.jpg"}],"twitter_card":"summary_large_image","twitter_misc":{"Est. reading time":"4 minutes"},"schema":{"@context":"https:\/\/schema.org","@graph":[{"@type":"WebSite","@id":"https:\/\/prestamosivf.premm.es\/va#website","url":"https:\/\/prestamosivf.premm.es\/va","name":"IVF","description":"IVF, Nuestro \u00fanico inter\u00e9s eres t\u00fa","potentialAction":[{"@type":"SearchAction","target":{"@type":"EntryPoint","urlTemplate":"https:\/\/prestamosivf.premm.es\/va?s={search_term_string}"},"query-input":"required name=search_term_string"}],"inLanguage":"va-ES"},{"@type":"ImageObject","@id":"https:\/\/prestamosivf.premm.es\/va\/prestecs\/linia-financament-reactiva-feder#primaryimage","inLanguage":"va-ES","url":"\/wp-content\/uploads\/2023\/04\/logo01_es.jpg","contentUrl":"\/wp-content\/uploads\/2023\/04\/logo01_es.jpg"},{"@type":"WebPage","@id":"https:\/\/prestamosivf.premm.es\/va\/prestecs\/linia-financament-reactiva-feder#webpage","url":"https:\/\/prestamosivf.premm.es\/va\/prestecs\/linia-financament-reactiva-feder","name":"L\u00ednia Finan\u00e7ament REACTIVA FEDER - IVF","isPartOf":{"@id":"https:\/\/prestamosivf.premm.es\/va#website"},"primaryImageOfPage":{"@id":"https:\/\/prestamosivf.premm.es\/va\/prestecs\/linia-financament-reactiva-feder#primaryimage"},"datePublished":"2023-04-20T13:34:28+00:00","dateModified":"2023-07-19T09:28:02+00:00","breadcrumb":{"@id":"https:\/\/prestamosivf.premm.es\/va\/prestecs\/linia-financament-reactiva-feder#breadcrumb"},"inLanguage":"va-ES","potentialAction":[{"@type":"ReadAction","target":["https:\/\/prestamosivf.premm.es\/va\/prestecs\/linia-financament-reactiva-feder"]}]},{"@type":"BreadcrumbList","@id":"https:\/\/prestamosivf.premm.es\/va\/prestecs\/linia-financament-reactiva-feder#breadcrumb","itemListElement":[{"@type":"ListItem","position":1,"name":"Portada","item":"https:\/\/prestamosivf.premm.es\/va"},{"@type":"ListItem","position":2,"name":"Pr\u00e9stecs","item":"https:\/\/prestamosivf.premm.es\/va\/prestamos"},{"@type":"ListItem","position":3,"name":"L\u00ednia Finan\u00e7ament REACTIVA FEDER"}]}]}},"_links":{"self":[{"href":"https:\/\/prestamosivf.premm.es\/va\/wp-json\/wp\/v2\/pages\/1055"}],"collection":[{"href":"https:\/\/prestamosivf.premm.es\/va\/wp-json\/wp\/v2\/pages"}],"about":[{"href":"https:\/\/prestamosivf.premm.es\/va\/wp-json\/wp\/v2\/types\/page"}],"author":[{"embeddable":true,"href":"https:\/\/prestamosivf.premm.es\/va\/wp-json\/wp\/v2\/users\/1"}],"replies":[{"embeddable":true,"href":"https:\/\/prestamosivf.premm.es\/va\/wp-json\/wp\/v2\/comments?post=1055"}],"version-history":[{"count":55,"href":"https:\/\/prestamosivf.premm.es\/va\/wp-json\/wp\/v2\/pages\/1055\/revisions"}],"predecessor-version":[{"id":2482,"href":"https:\/\/prestamosivf.premm.es\/va\/wp-json\/wp\/v2\/pages\/1055\/revisions\/2482"}],"up":[{"embeddable":true,"href":"https:\/\/prestamosivf.premm.es\/va\/wp-json\/wp\/v2\/pages\/986"}],"wp:attachment":[{"href":"https:\/\/prestamosivf.premm.es\/va\/wp-json\/wp\/v2\/media?parent=1055"}],"curies":[{"name":"wp","href":"https:\/\/api.w.org\/{rel}","templated":true}]}}