{"id":1030,"date":"2023-05-08T06:34:29","date_gmt":"2023-05-08T06:34:29","guid":{"rendered":"https:\/\/prestamos.premm.es\/?page_id=1030"},"modified":"2023-07-19T08:47:44","modified_gmt":"2023-07-19T08:47:44","slug":"capital-risc-emprenedoria","status":"publish","type":"page","link":"https:\/\/prestamosivf.premm.es\/va\/capital-risc\/capital-risc-emprenedoria","title":{"rendered":"Capital Risc Emprenedoria"},"content":{"rendered":"\t\t<div data-elementor-type=\"wp-page\" data-elementor-id=\"1030\" class=\"elementor elementor-1030\">\n\t\t\t\t\t\t\t\t\t<section class=\"elementor-section elementor-top-section elementor-element elementor-element-7f186f71 elementor-section-height-min-height elementor-section-stretched cabecera-top elementor-section-content-middle elementor-section-boxed elementor-section-height-default elementor-section-items-middle\" data-id=\"7f186f71\" data-element_type=\"section\" data-settings=\"{&quot;stretch_section&quot;:&quot;section-stretched&quot;,&quot;background_background&quot;:&quot;classic&quot;}\">\n\t\t\t\t\t\t\t<div class=\"elementor-background-overlay\"><\/div>\n\t\t\t\t\t\t\t<div class=\"elementor-container elementor-column-gap-default\">\n\t\t\t\t\t<div class=\"elementor-column elementor-col-100 elementor-top-column elementor-element elementor-element-7a5ce5e3\" data-id=\"7a5ce5e3\" data-element_type=\"column\">\n\t\t\t<div class=\"elementor-widget-wrap elementor-element-populated\">\n\t\t\t\t\t\t\t\t<div class=\"elementor-element elementor-element-429ca58a hola elementor-widget elementor-widget-heading\" data-id=\"429ca58a\" data-element_type=\"widget\" data-widget_type=\"heading.default\">\n\t\t\t\t<div class=\"elementor-widget-container\">\n\t\t\t<style>\/*! elementor - v3.14.0 - 26-06-2023 *\/\n.elementor-heading-title{padding:0;margin:0;line-height:1}.elementor-widget-heading .elementor-heading-title[class*=elementor-size-]>a{color:inherit;font-size:inherit;line-height:inherit}.elementor-widget-heading .elementor-heading-title.elementor-size-small{font-size:15px}.elementor-widget-heading .elementor-heading-title.elementor-size-medium{font-size:19px}.elementor-widget-heading .elementor-heading-title.elementor-size-large{font-size:29px}.elementor-widget-heading .elementor-heading-title.elementor-size-xl{font-size:39px}.elementor-widget-heading .elementor-heading-title.elementor-size-xxl{font-size:59px}<\/style><h1 class=\"elementor-heading-title elementor-size-default\">Capital Risc Emprenedoria<\/h1>\t\t<\/div>\n\t\t\t\t<\/div>\n\t\t\t\t\t<\/div>\n\t\t<\/div>\n\t\t\t\t\t\t\t<\/div>\n\t\t<\/section>\n\t\t\t\t<section class=\"elementor-section elementor-top-section elementor-element elementor-element-fb00580 elementor-section-stretched elementor-section-content-middle elementor-section-boxed elementor-section-height-default elementor-section-height-default\" data-id=\"fb00580\" data-element_type=\"section\" data-settings=\"{&quot;stretch_section&quot;:&quot;section-stretched&quot;}\">\n\t\t\t\t\t\t<div class=\"elementor-container elementor-column-gap-default\">\n\t\t\t\t\t<div class=\"elementor-column elementor-col-33 elementor-top-column elementor-element elementor-element-e64bd3e\" data-id=\"e64bd3e\" data-element_type=\"column\">\n\t\t\t<div class=\"elementor-widget-wrap elementor-element-populated\">\n\t\t\t\t\t\t\t\t<div class=\"elementor-element elementor-element-70fe1a8 elementor-widget elementor-widget-image\" data-id=\"70fe1a8\" data-element_type=\"widget\" data-widget_type=\"image.default\">\n\t\t\t\t<div class=\"elementor-widget-container\">\n\t\t\t<style>\/*! elementor - v3.14.0 - 26-06-2023 *\/\n.elementor-widget-image{text-align:center}.elementor-widget-image a{display:inline-block}.elementor-widget-image a img[src$=\".svg\"]{width:48px}.elementor-widget-image img{vertical-align:middle;display:inline-block}<\/style>\t\t\t\t\t\t\t\t\t\t\t\t<img loading=\"lazy\" decoding=\"async\" width=\"294\" height=\"300\" src=\"https:\/\/prestamosivf.premm.es\/wp-content\/uploads\/2023\/05\/FEDER-vertical-castellano-294x300.png\" class=\"attachment-medium size-medium wp-image-822\" alt=\"\" srcset=\"https:\/\/prestamosivf.premm.es\/wp-content\/uploads\/2023\/05\/FEDER-vertical-castellano-294x300.png 294w, https:\/\/prestamosivf.premm.es\/wp-content\/uploads\/2023\/05\/FEDER-vertical-castellano-1004x1024.png 1004w, https:\/\/prestamosivf.premm.es\/wp-content\/uploads\/2023\/05\/FEDER-vertical-castellano-768x783.png 768w, https:\/\/prestamosivf.premm.es\/wp-content\/uploads\/2023\/05\/FEDER-vertical-castellano.png 1500w\" sizes=\"(max-width: 294px) 100vw, 294px\" \/>\t\t\t\t\t\t\t\t\t\t\t\t\t\t\t<\/div>\n\t\t\t\t<\/div>\n\t\t\t\t\t<\/div>\n\t\t<\/div>\n\t\t\t\t<div class=\"elementor-column elementor-col-66 elementor-top-column elementor-element elementor-element-ab9b917\" data-id=\"ab9b917\" data-element_type=\"column\">\n\t\t\t<div class=\"elementor-widget-wrap elementor-element-populated\">\n\t\t\t\t\t\t\t\t<div class=\"elementor-element elementor-element-83f45af elementor-widget elementor-widget-text-editor\" data-id=\"83f45af\" data-element_type=\"widget\" data-widget_type=\"text-editor.default\">\n\t\t\t\t<div class=\"elementor-widget-container\">\n\t\t\t<style>\/*! elementor - v3.14.0 - 26-06-2023 *\/\n.elementor-widget-text-editor.elementor-drop-cap-view-stacked .elementor-drop-cap{background-color:#69727d;color:#fff}.elementor-widget-text-editor.elementor-drop-cap-view-framed .elementor-drop-cap{color:#69727d;border:3px solid;background-color:transparent}.elementor-widget-text-editor:not(.elementor-drop-cap-view-default) .elementor-drop-cap{margin-top:8px}.elementor-widget-text-editor:not(.elementor-drop-cap-view-default) .elementor-drop-cap-letter{width:1em;height:1em}.elementor-widget-text-editor .elementor-drop-cap{float:left;text-align:center;line-height:1;font-size:50px}.elementor-widget-text-editor .elementor-drop-cap-letter{display:inline-block}<\/style>\t\t\t\t<div class=\"grve-element grve-text\"><p>L\u2019IVF, com a gestor del Fons de Fons FEDER en virtut de l\u2019Acord de Finan\u00e7ament signat amb la GVA, s\u2019ha comprom\u00e9s a destinar 29.919.000 a la participaci\u00f3 en instruments de capital risc que invertisquen en empreses de la Comunitat Valenciana que aborden projectes empresarials tant en fases inicials com en processos de creixement, internacionalitzaci\u00f3 i diversificaci\u00f3 de mercats.<\/p><p>Les entitats de capital risc adjudicat\u00e0ries dels recursos s\u00f3n les seg\u00fcents:<\/p><\/div>\t\t\t\t\t\t<\/div>\n\t\t\t\t<\/div>\n\t\t\t\t\t<\/div>\n\t\t<\/div>\n\t\t\t\t\t\t\t<\/div>\n\t\t<\/section>\n\t\t\t\t<section class=\"elementor-section elementor-top-section elementor-element elementor-element-ee82482 elementor-section-stretched elementor-section-boxed elementor-section-height-default elementor-section-height-default\" data-id=\"ee82482\" data-element_type=\"section\" data-settings=\"{&quot;stretch_section&quot;:&quot;section-stretched&quot;}\">\n\t\t\t\t\t\t<div class=\"elementor-container elementor-column-gap-wider\">\n\t\t\t\t\t<div class=\"elementor-column elementor-col-50 elementor-top-column elementor-element elementor-element-a9bcc6c elementor-invisible\" data-id=\"a9bcc6c\" data-element_type=\"column\" data-settings=\"{&quot;background_background&quot;:&quot;classic&quot;,&quot;animation&quot;:&quot;fadeInLeft&quot;}\">\n\t\t\t<div class=\"elementor-widget-wrap elementor-element-populated\">\n\t\t\t\t\t\t\t\t<div class=\"elementor-element elementor-element-d2c1bc3 elementor-widget elementor-widget-heading\" data-id=\"d2c1bc3\" data-element_type=\"widget\" data-widget_type=\"heading.default\">\n\t\t\t\t<div class=\"elementor-widget-container\">\n\t\t\t<h2 class=\"elementor-heading-title elementor-size-default\">Sabadell Asabys Health Innovation Investments, SCR, SA<\/h2>\t\t<\/div>\n\t\t\t\t<\/div>\n\t\t\t\t<div class=\"elementor-element elementor-element-80f3726 elementor-widget elementor-widget-text-editor\" data-id=\"80f3726\" data-element_type=\"widget\" data-widget_type=\"text-editor.default\">\n\t\t\t\t<div class=\"elementor-widget-container\">\n\t\t\t\t\t\t\t<p class=\"grve-element grve-align-left grve-title-no-line\"><strong>Objetiu inversi\u00f3<br \/><\/strong><\/p><div class=\"grve-element grve-text\"><p>Inversions en empreses del sector de la salut, en particular, empreses de biotecnologia, tecnologia m\u00e8dica i serveis innovadors en salut, incloent els serveis de salut digital.<\/p><p><a href=\"https:\/\/asabys.com\/\" target=\"_blank\" rel=\"noopener\"><img loading=\"lazy\" decoding=\"async\" class=\"aligncenter wp-image-1944 size-full\" src=\"https:\/\/prestamosivf.premm.es\/wp-content\/uploads\/2023\/07\/Logo-Asabys.png\" alt=\"\" width=\"287\" height=\"79\" \/><\/a><\/p><\/div>\t\t\t\t\t\t<\/div>\n\t\t\t\t<\/div>\n\t\t\t\t\t<\/div>\n\t\t<\/div>\n\t\t\t\t<div class=\"elementor-column elementor-col-50 elementor-top-column elementor-element elementor-element-bc05946 elementor-invisible\" data-id=\"bc05946\" data-element_type=\"column\" data-settings=\"{&quot;background_background&quot;:&quot;classic&quot;,&quot;animation&quot;:&quot;fadeInRight&quot;}\">\n\t\t\t<div class=\"elementor-widget-wrap elementor-element-populated\">\n\t\t\t\t\t\t\t\t<div class=\"elementor-element elementor-element-7167f8d elementor-widget elementor-widget-heading\" data-id=\"7167f8d\" data-element_type=\"widget\" data-widget_type=\"heading.default\">\n\t\t\t\t<div class=\"elementor-widget-container\">\n\t\t\t<h2 class=\"elementor-heading-title elementor-size-default\">THE LAB VENTURES FUND I, FCR<\/h2>\t\t<\/div>\n\t\t\t\t<\/div>\n\t\t\t\t<div class=\"elementor-element elementor-element-18d58de elementor-widget elementor-widget-text-editor\" data-id=\"18d58de\" data-element_type=\"widget\" data-widget_type=\"text-editor.default\">\n\t\t\t\t<div class=\"elementor-widget-container\">\n\t\t\t\t\t\t\t<p class=\"grve-element grve-align-left grve-title-no-line\"><strong>Objetiu inversi\u00f3<br \/><\/strong><\/p><div class=\"grve-element grve-text\"><p>Startups basades en internet i aplicacions m\u00f2bils, preferentment en els sectors legal, serveis i\/o salut, que operen en tecnologies diverses com el big data, blockchain, intel\u00b7lig\u00e8ncia artificial, SaaS o drones, entre altres.<\/p><p><a href=\"https:\/\/www.thelabventures.com\/\" target=\"_blank\" rel=\"noopener\"><img loading=\"lazy\" decoding=\"async\" class=\"aligncenter wp-image-1942\" src=\"https:\/\/prestamosivf.premm.es\/wp-content\/uploads\/2023\/07\/Logo-The-Lab-300x186.png\" alt=\"\" width=\"194\" height=\"120\" srcset=\"https:\/\/prestamosivf.premm.es\/wp-content\/uploads\/2023\/07\/Logo-The-Lab-300x186.png 300w, https:\/\/prestamosivf.premm.es\/wp-content\/uploads\/2023\/07\/Logo-The-Lab.png 500w\" sizes=\"(max-width: 194px) 100vw, 194px\" \/><\/a><\/p><p>Sociedad Gestora: Sabang Investments, SGEIC, SA<\/p><\/div>\t\t\t\t\t\t<\/div>\n\t\t\t\t<\/div>\n\t\t\t\t\t<\/div>\n\t\t<\/div>\n\t\t\t\t\t\t\t<\/div>\n\t\t<\/section>\n\t\t\t\t<section class=\"elementor-section elementor-top-section elementor-element elementor-element-13f8ccc elementor-section-stretched elementor-section-boxed elementor-section-height-default elementor-section-height-default\" data-id=\"13f8ccc\" data-element_type=\"section\" data-settings=\"{&quot;stretch_section&quot;:&quot;section-stretched&quot;}\">\n\t\t\t\t\t\t<div class=\"elementor-container elementor-column-gap-wider\">\n\t\t\t\t\t<div class=\"elementor-column elementor-col-50 elementor-top-column elementor-element elementor-element-b498f84 elementor-invisible\" data-id=\"b498f84\" data-element_type=\"column\" data-settings=\"{&quot;background_background&quot;:&quot;classic&quot;,&quot;animation&quot;:&quot;fadeInLeft&quot;}\">\n\t\t\t<div class=\"elementor-widget-wrap elementor-element-populated\">\n\t\t\t\t\t\t\t\t<div class=\"elementor-element elementor-element-6e92559 elementor-widget elementor-widget-heading\" data-id=\"6e92559\" data-element_type=\"widget\" data-widget_type=\"heading.default\">\n\t\t\t\t<div class=\"elementor-widget-container\">\n\t\t\t<h2 class=\"elementor-heading-title elementor-size-default\">COLUMBUS LIFE SCIENCE FUND II, F.C.R.<\/h2>\t\t<\/div>\n\t\t\t\t<\/div>\n\t\t\t\t<div class=\"elementor-element elementor-element-fa44d43 elementor-widget elementor-widget-text-editor\" data-id=\"fa44d43\" data-element_type=\"widget\" data-widget_type=\"text-editor.default\">\n\t\t\t\t<div class=\"elementor-widget-container\">\n\t\t\t\t\t\t\t<p class=\"grve-element grve-align-left grve-title-no-line\"><strong>Objetiu inversi\u00f3<br \/><\/strong><\/p><div class=\"grve-element grve-text\"><p>Crear una cartera d\u2019inversi\u00f3 en primeres etapes (Capital Llavor, S\u00e8ries A \/ B) en el sector de les ci\u00e8ncies de la vida, en particular en el sector de la biotecnologia i la salut<\/p><p><a href=\"http:\/\/columbusvp.com\/es\/\" target=\"_blank\" rel=\"noopener\"><img loading=\"lazy\" decoding=\"async\" class=\"aligncenter wp-image-1941\" src=\"https:\/\/prestamosivf.premm.es\/wp-content\/uploads\/2023\/07\/Logo-Columbus-300x117.png\" alt=\"\" width=\"307\" height=\"120\" srcset=\"https:\/\/prestamosivf.premm.es\/wp-content\/uploads\/2023\/07\/Logo-Columbus-300x117.png 300w, https:\/\/prestamosivf.premm.es\/wp-content\/uploads\/2023\/07\/Logo-Columbus.png 617w\" sizes=\"(max-width: 307px) 100vw, 307px\" \/><\/a><\/p><p>Sociedad Gestora: Columbus Venture Partners, SGEIC, SA<\/p><\/div>\t\t\t\t\t\t<\/div>\n\t\t\t\t<\/div>\n\t\t\t\t\t<\/div>\n\t\t<\/div>\n\t\t\t\t<div class=\"elementor-column elementor-col-50 elementor-top-column elementor-element elementor-element-fd7db25 elementor-invisible\" data-id=\"fd7db25\" data-element_type=\"column\" data-settings=\"{&quot;background_background&quot;:&quot;classic&quot;,&quot;animation&quot;:&quot;fadeInRight&quot;}\">\n\t\t\t<div class=\"elementor-widget-wrap elementor-element-populated\">\n\t\t\t\t\t\t\t\t<div class=\"elementor-element elementor-element-a3c25b4 elementor-widget elementor-widget-heading\" data-id=\"a3c25b4\" data-element_type=\"widget\" data-widget_type=\"heading.default\">\n\t\t\t\t<div class=\"elementor-widget-container\">\n\t\t\t<h2 class=\"elementor-heading-title elementor-size-default\">DRAPER B1 III FCR PYME<\/h2>\t\t<\/div>\n\t\t\t\t<\/div>\n\t\t\t\t<div class=\"elementor-element elementor-element-c38f793 elementor-widget elementor-widget-text-editor\" data-id=\"c38f793\" data-element_type=\"widget\" data-widget_type=\"text-editor.default\">\n\t\t\t\t<div class=\"elementor-widget-container\">\n\t\t\t\t\t\t\t<p class=\"grve-element grve-align-left grve-title-no-line\"><strong>Objetiu inversi\u00f3<br \/><\/strong><\/p><div class=\"grve-element grve-text\"><p>Empreses de base tecnol\u00f2gica que operen en qualsevol sector empresarial, amb projectes novedosos, viables, amb perspectives de creixement i revaloritzaci\u00f3.<\/p><p><img loading=\"lazy\" decoding=\"async\" class=\"aligncenter wp-image-1939\" src=\"https:\/\/prestamosivf.premm.es\/wp-content\/uploads\/2023\/07\/Logo-Draper-150x150.png\" alt=\"\" width=\"130\" height=\"120\" srcset=\"https:\/\/prestamosivf.premm.es\/wp-content\/uploads\/2023\/07\/Logo-Draper-300x277.png 300w, https:\/\/prestamosivf.premm.es\/wp-content\/uploads\/2023\/07\/Logo-Draper-768x709.png 768w, https:\/\/prestamosivf.premm.es\/wp-content\/uploads\/2023\/07\/Logo-Draper.png 1024w\" sizes=\"(max-width: 130px) 100vw, 130px\" \/><\/p><p>Sociedad Gestora: Bbooster Ventures, SGEIC, SA<\/p><\/div>\t\t\t\t\t\t<\/div>\n\t\t\t\t<\/div>\n\t\t\t\t\t<\/div>\n\t\t<\/div>\n\t\t\t\t\t\t\t<\/div>\n\t\t<\/section>\n\t\t\t\t<section class=\"elementor-section elementor-top-section elementor-element elementor-element-00c882c elementor-section-stretched elementor-section-boxed elementor-section-height-default elementor-section-height-default\" data-id=\"00c882c\" data-element_type=\"section\" data-settings=\"{&quot;stretch_section&quot;:&quot;section-stretched&quot;}\">\n\t\t\t\t\t\t<div class=\"elementor-container elementor-column-gap-wider\">\n\t\t\t\t\t<div class=\"elementor-column elementor-col-50 elementor-top-column elementor-element elementor-element-f321dc6 elementor-invisible\" data-id=\"f321dc6\" data-element_type=\"column\" data-settings=\"{&quot;background_background&quot;:&quot;classic&quot;,&quot;animation&quot;:&quot;fadeInLeft&quot;}\">\n\t\t\t<div class=\"elementor-widget-wrap elementor-element-populated\">\n\t\t\t\t\t\t\t\t<div class=\"elementor-element elementor-element-e5b2ce9 elementor-widget elementor-widget-heading\" data-id=\"e5b2ce9\" data-element_type=\"widget\" data-widget_type=\"heading.default\">\n\t\t\t\t<div class=\"elementor-widget-container\">\n\t\t\t<h2 class=\"elementor-heading-title elementor-size-default\">K Fund II, F.C.R.E.<\/h2>\t\t<\/div>\n\t\t\t\t<\/div>\n\t\t\t\t<div class=\"elementor-element elementor-element-66a1e6a elementor-widget elementor-widget-text-editor\" data-id=\"66a1e6a\" data-element_type=\"widget\" data-widget_type=\"text-editor.default\">\n\t\t\t\t<div class=\"elementor-widget-container\">\n\t\t\t\t\t\t\t<p class=\"grve-element grve-align-left grve-title-no-line\"><strong>Objetiu inversi\u00f3<br \/><\/strong><\/p><div class=\"grve-element grve-text\"><p>Empreses de base tecnol\u00f2gica i internet, operant en sectors com fintech, publicitat \/ m\u00e0rqueting, publishing, logistics, healthcare, education, aix\u00ed com tot el relacionat amb seguretat, machine learning i big data.<\/p><p><a href=\"https:\/\/www.kanoarventures.com\/\" target=\"_blank\" rel=\"noopener\"><img loading=\"lazy\" decoding=\"async\" class=\"aligncenter wp-image-1926\" src=\"https:\/\/prestamosivf.premm.es\/wp-content\/uploads\/2023\/07\/KANOARVENTURES.png\" alt=\"\" width=\"407\" height=\"120\" srcset=\"https:\/\/prestamosivf.premm.es\/wp-content\/uploads\/2023\/07\/KANOARVENTURES.png 624w, https:\/\/prestamosivf.premm.es\/wp-content\/uploads\/2023\/07\/KANOARVENTURES-300x88.png 300w\" sizes=\"(max-width: 407px) 100vw, 407px\" \/><\/a><\/p><p>Sociedad Gestora: Kanoar Ventures, SGEIC, SA<\/p><\/div>\t\t\t\t\t\t<\/div>\n\t\t\t\t<\/div>\n\t\t\t\t\t<\/div>\n\t\t<\/div>\n\t\t\t\t<div class=\"elementor-column elementor-col-50 elementor-top-column elementor-element elementor-element-de0bd1f elementor-invisible\" data-id=\"de0bd1f\" data-element_type=\"column\" data-settings=\"{&quot;background_background&quot;:&quot;classic&quot;,&quot;animation&quot;:&quot;fadeInRight&quot;}\">\n\t\t\t<div class=\"elementor-widget-wrap elementor-element-populated\">\n\t\t\t\t\t\t\t\t<div class=\"elementor-element elementor-element-dda0443 elementor-widget elementor-widget-heading\" data-id=\"dda0443\" data-element_type=\"widget\" data-widget_type=\"heading.default\">\n\t\t\t\t<div class=\"elementor-widget-container\">\n\t\t\t<h2 class=\"elementor-heading-title elementor-size-default\">INVIVO VENTURES, F.C.R.<\/h2>\t\t<\/div>\n\t\t\t\t<\/div>\n\t\t\t\t<div class=\"elementor-element elementor-element-20f75a6 elementor-widget elementor-widget-text-editor\" data-id=\"20f75a6\" data-element_type=\"widget\" data-widget_type=\"text-editor.default\">\n\t\t\t\t<div class=\"elementor-widget-container\">\n\t\t\t\t\t\t\t<p class=\"grve-element grve-align-left grve-title-no-line\"><strong>Objetiu inversi\u00f3<br \/><\/strong><\/p><div class=\"grve-element grve-text\"><p>Pimes del sector de la salut, especialment biotecnologia, que tenen una clara ambici\u00f3 de transferir la seua tecnologia des dels centres de recerca, hospitals i universitats espanyoles al mercat mundial.<\/p><p><a href=\"https:\/\/invivo.capital\/es\/\" target=\"_blank\" rel=\"noopener\"><img loading=\"lazy\" decoding=\"async\" class=\"aligncenter wp-image-1936\" src=\"https:\/\/prestamosivf.premm.es\/wp-content\/uploads\/2023\/07\/Logo-Invivo-Capital-150x150.png\" alt=\"\" width=\"120\" height=\"120\" srcset=\"https:\/\/prestamosivf.premm.es\/wp-content\/uploads\/2023\/07\/Logo-Invivo-Capital-150x150.png 150w, https:\/\/prestamosivf.premm.es\/wp-content\/uploads\/2023\/07\/Logo-Invivo-Capital.png 192w\" sizes=\"(max-width: 120px) 100vw, 120px\" \/><\/a><\/p><p>Sociedad Gestora: In Vivo Ventures, SGEIC, SA<\/p><\/div>\t\t\t\t\t\t<\/div>\n\t\t\t\t<\/div>\n\t\t\t\t\t<\/div>\n\t\t<\/div>\n\t\t\t\t\t\t\t<\/div>\n\t\t<\/section>\n\t\t\t\t<section class=\"elementor-section elementor-top-section elementor-element elementor-element-55d6cc0 elementor-section-stretched elementor-section-boxed elementor-section-height-default elementor-section-height-default\" data-id=\"55d6cc0\" data-element_type=\"section\" data-settings=\"{&quot;stretch_section&quot;:&quot;section-stretched&quot;}\">\n\t\t\t\t\t\t<div class=\"elementor-container elementor-column-gap-wider\">\n\t\t\t\t\t<div class=\"elementor-column elementor-col-50 elementor-top-column elementor-element elementor-element-b4dc04e elementor-invisible\" data-id=\"b4dc04e\" data-element_type=\"column\" data-settings=\"{&quot;background_background&quot;:&quot;classic&quot;,&quot;animation&quot;:&quot;fadeInLeft&quot;}\">\n\t\t\t<div class=\"elementor-widget-wrap elementor-element-populated\">\n\t\t\t\t\t\t\t\t<div class=\"elementor-element elementor-element-3e11b5b elementor-widget elementor-widget-heading\" data-id=\"3e11b5b\" data-element_type=\"widget\" data-widget_type=\"heading.default\">\n\t\t\t\t<div class=\"elementor-widget-container\">\n\t\t\t<h2 class=\"elementor-heading-title elementor-size-default\">THINK BIGGER FUND I, FCRE<\/h2>\t\t<\/div>\n\t\t\t\t<\/div>\n\t\t\t\t<div class=\"elementor-element elementor-element-38a0636 elementor-widget elementor-widget-text-editor\" data-id=\"38a0636\" data-element_type=\"widget\" data-widget_type=\"text-editor.default\">\n\t\t\t\t<div class=\"elementor-widget-container\">\n\t\t\t\t\t\t\t<p class=\"grve-element grve-align-left grve-title-no-line\"><strong>Objetiu inversi\u00f3<br \/><\/strong><\/p><div class=\"grve-element grve-text\"><p>Startups amb projectes empresarials d\u2019alt potencial de creixement o expansi\u00f3 basades o fundades en tecnologies de la informaci\u00f3 i comunicaci\u00f3 (TIC).<\/p><p><a href=\"https:\/\/demium.com\/es\/demium-capital\/\" target=\"_blank\" rel=\"noopener\"><img loading=\"lazy\" decoding=\"async\" class=\"aligncenter wp-image-1934 size-medium\" src=\"https:\/\/prestamosivf.premm.es\/wp-content\/uploads\/2023\/07\/Logo-Demium-300x54.png\" alt=\"\" width=\"300\" height=\"54\" srcset=\"https:\/\/prestamosivf.premm.es\/wp-content\/uploads\/2023\/07\/Logo-Demium-300x54.png 300w, https:\/\/prestamosivf.premm.es\/wp-content\/uploads\/2023\/07\/Logo-Demium.png 331w\" sizes=\"(max-width: 300px) 100vw, 300px\" \/><\/a><\/p><p>Sociedad Gestora: Demium Capital, SGEIC, SA<\/p><\/div>\t\t\t\t\t\t<\/div>\n\t\t\t\t<\/div>\n\t\t\t\t\t<\/div>\n\t\t<\/div>\n\t\t\t\t<div class=\"elementor-column elementor-col-50 elementor-top-column elementor-element elementor-element-253ea04 elementor-invisible\" data-id=\"253ea04\" data-element_type=\"column\" data-settings=\"{&quot;background_background&quot;:&quot;classic&quot;,&quot;animation&quot;:&quot;fadeInRight&quot;}\">\n\t\t\t<div class=\"elementor-widget-wrap elementor-element-populated\">\n\t\t\t\t\t\t\t\t<div class=\"elementor-element elementor-element-1b07820 elementor-widget elementor-widget-heading\" data-id=\"1b07820\" data-element_type=\"widget\" data-widget_type=\"heading.default\">\n\t\t\t\t<div class=\"elementor-widget-container\">\n\t\t\t<h2 class=\"elementor-heading-title elementor-size-default\">CONEXO VENTURES, F.C.R.<\/h2>\t\t<\/div>\n\t\t\t\t<\/div>\n\t\t\t\t<div class=\"elementor-element elementor-element-a943a32 elementor-widget elementor-widget-text-editor\" data-id=\"a943a32\" data-element_type=\"widget\" data-widget_type=\"text-editor.default\">\n\t\t\t\t<div class=\"elementor-widget-container\">\n\t\t\t\t\t\t\t<p class=\"grve-element grve-align-left grve-title-no-line\"><strong>Objetiu inversi\u00f3<br \/><\/strong><\/p><div class=\"grve-element grve-text\"><p>Empreses del sector tecnol\u00f2gic, en etapes primerenques amb vendes d\u2019al voltant de 1M\u20ac anuals que tinguen com a objecte principal la innovaci\u00f3 mitjan\u00e7ant el desenvolupament de programari.<\/p><p><a href=\"http:\/\/www.gedcapital.com\/\" target=\"_blank\" rel=\"noopener\"><img loading=\"lazy\" decoding=\"async\" class=\"aligncenter wp-image-1932 size-full\" src=\"https:\/\/prestamosivf.premm.es\/wp-content\/uploads\/2023\/07\/Logo-GED.png\" alt=\"\" width=\"120\" height=\"72\" \/><\/a><\/p><p>Sociedad Gestora: GED Capital Development, SGEIC, SAU<\/p><\/div>\t\t\t\t\t\t<\/div>\n\t\t\t\t<\/div>\n\t\t\t\t\t<\/div>\n\t\t<\/div>\n\t\t\t\t\t\t\t<\/div>\n\t\t<\/section>\n\t\t\t\t<section class=\"elementor-section elementor-top-section elementor-element elementor-element-40add33 elementor-section-stretched elementor-section-boxed elementor-section-height-default elementor-section-height-default\" data-id=\"40add33\" data-element_type=\"section\" data-settings=\"{&quot;stretch_section&quot;:&quot;section-stretched&quot;}\">\n\t\t\t\t\t\t<div class=\"elementor-container elementor-column-gap-default\">\n\t\t\t\t\t<div class=\"elementor-column elementor-col-100 elementor-top-column elementor-element elementor-element-20ab73c\" data-id=\"20ab73c\" data-element_type=\"column\">\n\t\t\t<div class=\"elementor-widget-wrap elementor-element-populated\">\n\t\t\t\t\t\t\t\t<div class=\"elementor-element elementor-element-804cbd5 elementor-widget elementor-widget-text-editor\" data-id=\"804cbd5\" data-element_type=\"widget\" data-widget_type=\"text-editor.default\">\n\t\t\t\t<div class=\"elementor-widget-container\">\n\t\t\t\t\t\t\t<p>M\u00e9s informaci\u00f3 en\u00a0<a href=\"http:\/\/www.ivf.gva.es\/es\/feder\/convocatoria-de-ayudas\" target=\"_blank\" rel=\"noopener\">http:\/\/www.ivf.gva.es\/es\/feder\/convocatoria-de-ayudas<\/a><\/p>\t\t\t\t\t\t<\/div>\n\t\t\t\t<\/div>\n\t\t\t\t\t<\/div>\n\t\t<\/div>\n\t\t\t\t\t\t\t<\/div>\n\t\t<\/section>\n\t\t\t\t\t\t\t<\/div>\n\t\t","protected":false},"excerpt":{"rendered":"<p>Capital Risc Emprenedoria L\u2019IVF, com a gestor del Fons de Fons FEDER en virtut de l\u2019Acord de Finan\u00e7ament signat amb la GVA, s\u2019ha comprom\u00e9s a&hellip;<\/p>\n","protected":false},"author":1,"featured_media":0,"parent":915,"menu_order":0,"comment_status":"closed","ping_status":"closed","template":"","meta":{"footnotes":""},"yoast_head":"<!-- This site is optimized with the Yoast SEO plugin v18.0 - https:\/\/yoast.com\/wordpress\/plugins\/seo\/ -->\n<title>Capital Risc Emprenedoria - IVF<\/title>\n<meta name=\"robots\" content=\"noindex, follow, max-snippet:-1, max-image-preview:large, max-video-preview:-1\" \/>\n<meta property=\"og:locale\" content=\"en_US\" \/>\n<meta property=\"og:type\" content=\"article\" \/>\n<meta property=\"og:title\" content=\"Capital Risc Emprenedoria - IVF\" \/>\n<meta property=\"og:description\" content=\"Capital Risc Emprenedoria L\u2019IVF, com a gestor del Fons de Fons FEDER en virtut de l\u2019Acord de Finan\u00e7ament signat amb la GVA, s\u2019ha comprom\u00e9s a&hellip;\" \/>\n<meta property=\"og:url\" content=\"https:\/\/prestamosivf.premm.es\/va\/capital-risc\/capital-risc-emprenedoria\" \/>\n<meta property=\"og:site_name\" content=\"IVF\" \/>\n<meta property=\"article:modified_time\" content=\"2023-07-19T08:47:44+00:00\" \/>\n<meta property=\"og:image\" content=\"https:\/\/prestamosivf.premm.es\/wp-content\/uploads\/2023\/05\/FEDER-vertical-castellano-294x300.png\" \/>\n<meta name=\"twitter:card\" content=\"summary_large_image\" \/>\n<meta name=\"twitter:label1\" content=\"Est. reading time\" \/>\n\t<meta name=\"twitter:data1\" content=\"3 minutes\" \/>\n<script type=\"application\/ld+json\" class=\"yoast-schema-graph\">{\"@context\":\"https:\/\/schema.org\",\"@graph\":[{\"@type\":\"WebSite\",\"@id\":\"https:\/\/prestamosivf.premm.es\/va#website\",\"url\":\"https:\/\/prestamosivf.premm.es\/va\",\"name\":\"IVF\",\"description\":\"IVF, Nuestro \u00fanico inter\u00e9s eres t\u00fa\",\"potentialAction\":[{\"@type\":\"SearchAction\",\"target\":{\"@type\":\"EntryPoint\",\"urlTemplate\":\"https:\/\/prestamosivf.premm.es\/va?s={search_term_string}\"},\"query-input\":\"required name=search_term_string\"}],\"inLanguage\":\"va-ES\"},{\"@type\":\"ImageObject\",\"@id\":\"https:\/\/prestamosivf.premm.es\/va\/capital-risc\/capital-risc-emprenedoria#primaryimage\",\"inLanguage\":\"va-ES\",\"url\":\"https:\/\/prestamosivf.premm.es\/wp-content\/uploads\/2023\/05\/FEDER-vertical-castellano.png\",\"contentUrl\":\"https:\/\/prestamosivf.premm.es\/wp-content\/uploads\/2023\/05\/FEDER-vertical-castellano.png\",\"width\":1500,\"height\":1530},{\"@type\":\"WebPage\",\"@id\":\"https:\/\/prestamosivf.premm.es\/va\/capital-risc\/capital-risc-emprenedoria#webpage\",\"url\":\"https:\/\/prestamosivf.premm.es\/va\/capital-risc\/capital-risc-emprenedoria\",\"name\":\"Capital Risc Emprenedoria - IVF\",\"isPartOf\":{\"@id\":\"https:\/\/prestamosivf.premm.es\/va#website\"},\"primaryImageOfPage\":{\"@id\":\"https:\/\/prestamosivf.premm.es\/va\/capital-risc\/capital-risc-emprenedoria#primaryimage\"},\"datePublished\":\"2023-05-08T06:34:29+00:00\",\"dateModified\":\"2023-07-19T08:47:44+00:00\",\"breadcrumb\":{\"@id\":\"https:\/\/prestamosivf.premm.es\/va\/capital-risc\/capital-risc-emprenedoria#breadcrumb\"},\"inLanguage\":\"va-ES\",\"potentialAction\":[{\"@type\":\"ReadAction\",\"target\":[\"https:\/\/prestamosivf.premm.es\/va\/capital-risc\/capital-risc-emprenedoria\"]}]},{\"@type\":\"BreadcrumbList\",\"@id\":\"https:\/\/prestamosivf.premm.es\/va\/capital-risc\/capital-risc-emprenedoria#breadcrumb\",\"itemListElement\":[{\"@type\":\"ListItem\",\"position\":1,\"name\":\"Portada\",\"item\":\"https:\/\/prestamosivf.premm.es\/va\"},{\"@type\":\"ListItem\",\"position\":2,\"name\":\"Capital risc\",\"item\":\"https:\/\/prestamosivf.premm.es\/va\/capital-riesgo\"},{\"@type\":\"ListItem\",\"position\":3,\"name\":\"Capital Risc Emprenedoria\"}]}]}<\/script>\n<!-- \/ Yoast SEO plugin. -->","yoast_head_json":{"title":"Capital Risc Emprenedoria - IVF","robots":{"index":"noindex","follow":"follow","max-snippet":"max-snippet:-1","max-image-preview":"max-image-preview:large","max-video-preview":"max-video-preview:-1"},"og_locale":"en_US","og_type":"article","og_title":"Capital Risc Emprenedoria - IVF","og_description":"Capital Risc Emprenedoria L\u2019IVF, com a gestor del Fons de Fons FEDER en virtut de l\u2019Acord de Finan\u00e7ament signat amb la GVA, s\u2019ha comprom\u00e9s a&hellip;","og_url":"https:\/\/prestamosivf.premm.es\/va\/capital-risc\/capital-risc-emprenedoria","og_site_name":"IVF","article_modified_time":"2023-07-19T08:47:44+00:00","og_image":[{"url":"https:\/\/prestamosivf.premm.es\/wp-content\/uploads\/2023\/05\/FEDER-vertical-castellano-294x300.png"}],"twitter_card":"summary_large_image","twitter_misc":{"Est. reading time":"3 minutes"},"schema":{"@context":"https:\/\/schema.org","@graph":[{"@type":"WebSite","@id":"https:\/\/prestamosivf.premm.es\/va#website","url":"https:\/\/prestamosivf.premm.es\/va","name":"IVF","description":"IVF, Nuestro \u00fanico inter\u00e9s eres t\u00fa","potentialAction":[{"@type":"SearchAction","target":{"@type":"EntryPoint","urlTemplate":"https:\/\/prestamosivf.premm.es\/va?s={search_term_string}"},"query-input":"required name=search_term_string"}],"inLanguage":"va-ES"},{"@type":"ImageObject","@id":"https:\/\/prestamosivf.premm.es\/va\/capital-risc\/capital-risc-emprenedoria#primaryimage","inLanguage":"va-ES","url":"https:\/\/prestamosivf.premm.es\/wp-content\/uploads\/2023\/05\/FEDER-vertical-castellano.png","contentUrl":"https:\/\/prestamosivf.premm.es\/wp-content\/uploads\/2023\/05\/FEDER-vertical-castellano.png","width":1500,"height":1530},{"@type":"WebPage","@id":"https:\/\/prestamosivf.premm.es\/va\/capital-risc\/capital-risc-emprenedoria#webpage","url":"https:\/\/prestamosivf.premm.es\/va\/capital-risc\/capital-risc-emprenedoria","name":"Capital Risc Emprenedoria - IVF","isPartOf":{"@id":"https:\/\/prestamosivf.premm.es\/va#website"},"primaryImageOfPage":{"@id":"https:\/\/prestamosivf.premm.es\/va\/capital-risc\/capital-risc-emprenedoria#primaryimage"},"datePublished":"2023-05-08T06:34:29+00:00","dateModified":"2023-07-19T08:47:44+00:00","breadcrumb":{"@id":"https:\/\/prestamosivf.premm.es\/va\/capital-risc\/capital-risc-emprenedoria#breadcrumb"},"inLanguage":"va-ES","potentialAction":[{"@type":"ReadAction","target":["https:\/\/prestamosivf.premm.es\/va\/capital-risc\/capital-risc-emprenedoria"]}]},{"@type":"BreadcrumbList","@id":"https:\/\/prestamosivf.premm.es\/va\/capital-risc\/capital-risc-emprenedoria#breadcrumb","itemListElement":[{"@type":"ListItem","position":1,"name":"Portada","item":"https:\/\/prestamosivf.premm.es\/va"},{"@type":"ListItem","position":2,"name":"Capital risc","item":"https:\/\/prestamosivf.premm.es\/va\/capital-riesgo"},{"@type":"ListItem","position":3,"name":"Capital Risc Emprenedoria"}]}]}},"_links":{"self":[{"href":"https:\/\/prestamosivf.premm.es\/va\/wp-json\/wp\/v2\/pages\/1030"}],"collection":[{"href":"https:\/\/prestamosivf.premm.es\/va\/wp-json\/wp\/v2\/pages"}],"about":[{"href":"https:\/\/prestamosivf.premm.es\/va\/wp-json\/wp\/v2\/types\/page"}],"author":[{"embeddable":true,"href":"https:\/\/prestamosivf.premm.es\/va\/wp-json\/wp\/v2\/users\/1"}],"replies":[{"embeddable":true,"href":"https:\/\/prestamosivf.premm.es\/va\/wp-json\/wp\/v2\/comments?post=1030"}],"version-history":[{"count":84,"href":"https:\/\/prestamosivf.premm.es\/va\/wp-json\/wp\/v2\/pages\/1030\/revisions"}],"predecessor-version":[{"id":2403,"href":"https:\/\/prestamosivf.premm.es\/va\/wp-json\/wp\/v2\/pages\/1030\/revisions\/2403"}],"up":[{"embeddable":true,"href":"https:\/\/prestamosivf.premm.es\/va\/wp-json\/wp\/v2\/pages\/915"}],"wp:attachment":[{"href":"https:\/\/prestamosivf.premm.es\/va\/wp-json\/wp\/v2\/media?parent=1030"}],"curies":[{"name":"wp","href":"https:\/\/api.w.org\/{rel}","templated":true}]}}